{"id":783,"date":"2019-09-22T22:47:01","date_gmt":"2019-09-22T20:47:01","guid":{"rendered":"https:\/\/eu-hammelburg.de\/?page_id=783"},"modified":"2019-09-22T22:47:01","modified_gmt":"2019-09-22T20:47:01","slug":"artikel","status":"publish","type":"page","link":"https:\/\/eu-bayern.de\/kvhammelburg\/artikel\/","title":{"rendered":"Artikel"},"content":{"rendered":"<div class=\"fusion-fullwidth fullwidth-box fusion-builder-row-1 nonhundred-percent-fullwidth non-hundred-percent-height-scrolling\" style=\"background-color: rgba(255,255,255,0);background-position: center center;background-repeat: no-repeat;padding-top:0px;padding-right:0px;padding-bottom:0px;padding-left:0px;margin-bottom: 0px;margin-top: 0px;border-width: 0px 0px 0px 0px;border-color:#eae9e9;border-style:solid;\" ><div class=\"fusion-builder-row fusion-row\"><div class=\"fusion-layout-column fusion_builder_column fusion-builder-column-0 fusion_builder_column_1_1 1_1 fusion-one-full fusion-column-first fusion-column-last\" style=\"margin-top:0px;margin-bottom:20px;\"><div class=\"fusion-column-wrapper fusion-flex-column-wrapper-legacy\" style=\"background-position:left top;background-repeat:no-repeat;-webkit-background-size:cover;-moz-background-size:cover;-o-background-size:cover;background-size:cover;padding: 0px 0px 0px 0px;\"><div class=\"fusion-blog-shortcode fusion-blog-shortcode-1 fusion-blog-archive fusion-blog-layout-medium fusion-blog-pagination\"><div class=\"fusion-posts-container fusion-posts-container-pagination\" data-pages=\"15\"><article id=\"blog-1-post-2278\" class=\"fusion-post-medium post-2278 post type-post status-publish format-standard has-post-thumbnail hentry category-allgemein\">\n\t<style type=\"text\/css\">\n\t\t\n\t\t\n\t\t\n\t\t\n\t\t\t<\/style>\n\n\n\t\t\t<div class=\"fusion-flexslider flexslider fusion-flexslider-loading fusion-post-slideshow\" style=\"\">\n\t\t<ul class=\"slides\">\n\t\t\t\n\t\t\t\t\t\t\t\t\t\t\t\t\t\t<li><div  class=\"fusion-image-wrapper fusion-image-size-fixed\" aria-haspopup=\"true\">\n\t\t\t\t\t\t\t<a href=\"https:\/\/eu-bayern.de\/kvhammelburg\/demokratiefest-ein-fest-fuer-die-ganze-familie-am-9-mai-in-hammelburg\/\" aria-label=\"DemokratieFEST \u2013 Ein Fest f\u00fcr die ganze Familie am 9. Mai in Hammelburg\">\n\t\t\t\t\t\t\t<img width=\"595\" height=\"487\" src=\"https:\/\/eu-bayern.de\/kvhammelburg\/wp-content\/uploads\/sites\/10\/2026\/04\/DemokratieFEST_quer.jpg\" class=\"attachment-blog-medium size-blog-medium wp-post-image\" alt=\"\" \/>\t\t\t<\/a>\n\t\t\t\t\t\t\t<\/div>\n<\/li>\n\t\t\t\n\t\t\t\n\t\t\t\t\t\t\t\t<\/ul>\n\t<\/div>\n\t<div class=\"fusion-post-content post-content\"><h2 class=\"blog-shortcode-post-title entry-title\"><a href=\"https:\/\/eu-bayern.de\/kvhammelburg\/demokratiefest-ein-fest-fuer-die-ganze-familie-am-9-mai-in-hammelburg\/\">DemokratieFEST \u2013 Ein Fest f\u00fcr die ganze Familie am 9. Mai in Hammelburg<\/a><\/h2><div class=\"fusion-post-content-container\"><p>Am 9. Mai 2026 l\u00e4dt der Aktionskreis \u201eGemeinsam stark f\u00fcr Demokratie\u201c alle B\u00fcrgerinnen und B\u00fcrger zum DemokratieFest auf den Viehmarkt Hammelburg ein. Unter dem Motto \u201eEin Familienfest f\u00fcr ALLE\u201c wird von 10 bis 15 Uhr ein vielf\u00e4ltiges Programm f\u00fcr Kinder, Jugendliche und Familien geboten.<\/p><\/div><\/div><div class=\"fusion-clearfix\"><\/div><div class=\"fusion-meta-info\"><div class=\"fusion-alignleft\"><span class=\"updated\" style=\"display:none;\">2026-04-14T15:32:34+02:00<\/span><span>14. April, 2026<\/span><span class=\"fusion-inline-sep\">|<\/span><a href=\"https:\/\/eu-bayern.de\/kvhammelburg\/c\/allgemein\/\" rel=\"category tag\">Allgemein<\/a><span class=\"fusion-inline-sep\">|<\/span><\/div><\/div><\/article>\n<article id=\"blog-1-post-2286\" class=\"fusion-post-medium post-2286 post type-post status-publish format-standard has-post-thumbnail hentry category-allgemein\">\n\t<style type=\"text\/css\">\n\t\t\n\t\t\n\t\t\n\t\t\n\t\t\t<\/style>\n\n\n\t\t\t<div class=\"fusion-flexslider flexslider fusion-flexslider-loading fusion-post-slideshow\" style=\"\">\n\t\t<ul class=\"slides\">\n\t\t\t\n\t\t\t\t\t\t\t\t\t\t\t\t\t\t<li><div  class=\"fusion-image-wrapper fusion-image-size-fixed\" aria-haspopup=\"true\">\n\t\t\t\t\t\t\t<a href=\"https:\/\/eu-bayern.de\/kvhammelburg\/freiheit-ist-ein-kostbares-gut\/\" aria-label=\"Freiheit ist ein kostbares Gut\">\n\t\t\t\t\t\t\t<img width=\"800\" height=\"685\" src=\"https:\/\/eu-bayern.de\/kvhammelburg\/wp-content\/uploads\/sites\/10\/2026\/04\/IMG_7012.jpeg\" class=\"attachment-blog-medium size-blog-medium wp-post-image\" alt=\"\" \/>\t\t\t<\/a>\n\t\t\t\t\t\t\t<\/div>\n<\/li>\n\t\t\t\n\t\t\t\n\t\t\t\t\t\t\t\t<\/ul>\n\t<\/div>\n\t<div class=\"fusion-post-content post-content\"><h2 class=\"blog-shortcode-post-title entry-title\"><a href=\"https:\/\/eu-bayern.de\/kvhammelburg\/freiheit-ist-ein-kostbares-gut\/\">Freiheit ist ein kostbares Gut<\/a><\/h2><div class=\"fusion-post-content-container\"><p>Birgit Heid war als politische Gefangene in verschiedenen Gef\u00e4ngnissen der DDR inhaftiert. Bei einer gemeinsamen Veranstaltung der Europa Union, der VHS und des Aktionskreises Demokratie erz\u00e4hlte sie von ihren gescheiterten Fluchtversuchen, den Zust\u00e4nden in den DDR-Gef\u00e4ngnissen, den Verh\u00f6ren, den Bespitzelungen durch die STASI und hinterlie\u00df mit ihrer Lebensgeschichte bei den 105 Zuh\u00f6rern tiefe Betroffenheit.<\/p><\/div><\/div><div class=\"fusion-clearfix\"><\/div><div class=\"fusion-meta-info\"><div class=\"fusion-alignleft\"><span class=\"updated\" style=\"display:none;\">2026-04-16T20:11:39+02:00<\/span><span>13. April, 2026<\/span><span class=\"fusion-inline-sep\">|<\/span><a href=\"https:\/\/eu-bayern.de\/kvhammelburg\/c\/allgemein\/\" rel=\"category tag\">Allgemein<\/a><span class=\"fusion-inline-sep\">|<\/span><\/div><\/div><\/article>\n<article id=\"blog-1-post-2270\" class=\"fusion-post-medium post-2270 post type-post status-publish format-standard has-post-thumbnail hentry category-allgemein\">\n\t<style type=\"text\/css\">\n\t\t\n\t\t\n\t\t\n\t\t\n\t\t\t<\/style>\n\n\n\t\t\t<div class=\"fusion-flexslider flexslider fusion-flexslider-loading fusion-post-slideshow\" style=\"\">\n\t\t<ul class=\"slides\">\n\t\t\t\n\t\t\t\t\t\t\t\t\t\t\t\t\t\t<li><div  class=\"fusion-image-wrapper fusion-image-size-fixed\" aria-haspopup=\"true\">\n\t\t\t\t\t\t\t<a href=\"https:\/\/eu-bayern.de\/bv-unterfranken\/kundgebung-am-eu-mittelpunkt-am-europatag-09-mai\/\" aria-label=\"Kundgebung am EU-Mittelpunkt am Europatag 09. Mai\">\n\t\t\t\t\t\t\t<img width=\"800\" height=\"267\" src=\"https:\/\/eu-bayern.de\/kvhammelburg\/wp-content\/uploads\/sites\/10\/2026\/04\/csm_Gadheim_Mittelpunkt_Mast_Blumen_SLE_c6d5dfedf9.jpg\" class=\"attachment-blog-medium size-blog-medium wp-post-image\" alt=\"\" \/>\t\t\t<\/a>\n\t\t\t\t\t\t\t<\/div>\n<\/li>\n\t\t\t\n\t\t\t\n\t\t\t\t\t\t\t\t<\/ul>\n\t<\/div>\n\t<div class=\"fusion-post-content post-content\"><h2 class=\"blog-shortcode-post-title entry-title\"><a href=\"https:\/\/eu-bayern.de\/bv-unterfranken\/kundgebung-am-eu-mittelpunkt-am-europatag-09-mai\/\">Kundgebung am EU-Mittelpunkt am Europatag 09. Mai<\/a><\/h2><span class=\"pbroadcast\">Quelle: <a href=\"https:\/\/eu-bayern.de\/bv-unterfranken\/kundgebung-am-eu-mittelpunkt-am-europatag-09-mai\/\" title=\"Bezirksverband Unterfranken\" target=\"_blank\">Bezirksverband Unterfranken<\/a><\/span><div class=\"fusion-post-content-container\"><p>Seit Februar 2020 liegt der Mittelpunkt der Europ\u00e4ischen Union auf einem Acker in der Gemeinde Gadheim. Der Bezirksverband der Europa Union veranstaltet dort am 9. Mai 2026 gemeinsam mit dem Verein f\u00fcr internationale Begegnungen aus Ochsenfurt ein \"Europapicknick - f\u00fcr ein vereintes und demokratisches Europa\". <\/p><\/div><\/div><div class=\"fusion-clearfix\"><\/div><div class=\"fusion-meta-info\"><div class=\"fusion-alignleft\"><span class=\"updated\" style=\"display:none;\">2026-04-06T22:31:52+02:00<\/span><span>6. April, 2026<\/span><span class=\"fusion-inline-sep\">|<\/span><a href=\"https:\/\/eu-bayern.de\/kvhammelburg\/c\/allgemein\/\" rel=\"category tag\">Allgemein<\/a><span class=\"fusion-inline-sep\">|<\/span><\/div><\/div><\/article>\n<article id=\"blog-1-post-2258\" class=\"fusion-post-medium post-2258 post type-post status-publish format-standard has-post-thumbnail hentry category-allgemein\">\n\t<style type=\"text\/css\">\n\t\t\n\t\t\n\t\t\n\t\t\n\t\t\t<\/style>\n\n\n\t\t\t<div class=\"fusion-flexslider flexslider fusion-flexslider-loading fusion-post-slideshow\" style=\"\">\n\t\t<ul class=\"slides\">\n\t\t\t\n\t\t\t\t\t\t\t\t\t\t\t\t\t\t<li><div  class=\"fusion-image-wrapper fusion-image-size-fixed\" aria-haspopup=\"true\">\n\t\t\t\t\t\t\t<a href=\"https:\/\/eu-bayern.de\/kvhammelburg\/leben-in-freiheit-und-unfreiheit\/\" aria-label=\"Leben in Freiheit und Unfreiheit\">\n\t\t\t\t\t\t\t<img width=\"800\" height=\"564\" src=\"https:\/\/eu-bayern.de\/kvhammelburg\/wp-content\/uploads\/sites\/10\/2026\/02\/IMG_6615.jpeg\" class=\"attachment-blog-medium size-blog-medium wp-post-image\" alt=\"\" \/>\t\t\t<\/a>\n\t\t\t\t\t\t\t<\/div>\n<\/li>\n\t\t\t\n\t\t\t\n\t\t\t\t\t\t\t\t<\/ul>\n\t<\/div>\n\t<div class=\"fusion-post-content post-content\"><h2 class=\"blog-shortcode-post-title entry-title\"><a href=\"https:\/\/eu-bayern.de\/kvhammelburg\/leben-in-freiheit-und-unfreiheit\/\">Leben in Freiheit und Unfreiheit<\/a><\/h2><div class=\"fusion-post-content-container\"><p>Tim F., ein junger Mann aus dem S\u00fcdosten Russlands, wurde als Oppositioneller in Russland verfolgt, fl\u00fcchtete \u00fcber das transkaukasische Gebirge nach Georgien und lebt seit 2022 mit einem humanit\u00e4ren Visum in Deutschland. Bei einem von Dr. Reinhard Schaupp moderierten Podiumsgespr\u00e4ch erz\u00e4hlte er vor 70 Zuh\u00f6rerinnen seine bewegte Lebensgeschichte.<\/p><\/div><\/div><div class=\"fusion-clearfix\"><\/div><div class=\"fusion-meta-info\"><div class=\"fusion-alignleft\"><span class=\"updated\" style=\"display:none;\">2026-02-26T20:00:09+01:00<\/span><span>26. Februar, 2026<\/span><span class=\"fusion-inline-sep\">|<\/span><a href=\"https:\/\/eu-bayern.de\/kvhammelburg\/c\/allgemein\/\" rel=\"category tag\">Allgemein<\/a><span class=\"fusion-inline-sep\">|<\/span><\/div><\/div><\/article>\n<article id=\"blog-1-post-2255\" class=\"fusion-post-medium post-2255 post type-post status-publish format-standard has-post-thumbnail hentry category-allgemein\">\n\t<style type=\"text\/css\">\n\t\t\n\t\t\n\t\t\n\t\t\n\t\t\t<\/style>\n\n\n\t\t\t<div class=\"fusion-flexslider flexslider fusion-flexslider-loading fusion-post-slideshow\" style=\"\">\n\t\t<ul class=\"slides\">\n\t\t\t\n\t\t\t\t\t\t\t\t\t\t\t\t\t\t<li><div  class=\"fusion-image-wrapper fusion-image-size-fixed\" aria-haspopup=\"true\">\n\t\t\t\t\t\t\t<a href=\"https:\/\/eu-bayern.de\/bv-unterfranken\/studienfahrt-der-europa-union-unterfranken-nach-potsdam\/\" aria-label=\"STUDIENFAHRT der Europa Union Unterfranken nach POTSDAM\">\n\t\t\t\t\t\t\t<img width=\"800\" height=\"533\" src=\"https:\/\/eu-bayern.de\/kvhammelburg\/wp-content\/uploads\/sites\/10\/2026\/02\/Hollaendisches_Viertel_Mittelstrasse_Potsdam-WIKIMEDIA.jpg\" class=\"attachment-blog-medium size-blog-medium wp-post-image\" alt=\"\" \/>\t\t\t<\/a>\n\t\t\t\t\t\t\t<\/div>\n<\/li>\n\t\t\t\n\t\t\t\n\t\t\t\t\t\t\t\t<\/ul>\n\t<\/div>\n\t<div class=\"fusion-post-content post-content\"><h2 class=\"blog-shortcode-post-title entry-title\"><a href=\"https:\/\/eu-bayern.de\/bv-unterfranken\/studienfahrt-der-europa-union-unterfranken-nach-potsdam\/\">STUDIENFAHRT der Europa Union Unterfranken nach POTSDAM<\/a><\/h2><span class=\"pbroadcast\">Quelle: <a href=\"https:\/\/eu-bayern.de\/bv-unterfranken\/studienfahrt-der-europa-union-unterfranken-nach-potsdam\/\" title=\"Bezirksverband Unterfranken\" target=\"_blank\">Bezirksverband Unterfranken<\/a><\/span><div class=\"fusion-post-content-container\"><p>Unter dem Motto \u201ePotsdam - Deutschland \u2013 Europa\u201c plant der Bezirksverband Unterfranken der Europa Union vom 18. Mai 2026 - 21. Mai 2026 eine Studienfahrt nach Potsdam.<\/p><\/div><\/div><div class=\"fusion-clearfix\"><\/div><div class=\"fusion-meta-info\"><div class=\"fusion-alignleft\"><span class=\"updated\" style=\"display:none;\">2026-03-20T20:28:35+01:00<\/span><span>13. Februar, 2026<\/span><span class=\"fusion-inline-sep\">|<\/span><a href=\"https:\/\/eu-bayern.de\/kvhammelburg\/c\/allgemein\/\" rel=\"category tag\">Allgemein<\/a><span class=\"fusion-inline-sep\">|<\/span><\/div><\/div><\/article>\n<article id=\"blog-1-post-2244\" class=\"fusion-post-medium post-2244 post type-post status-publish format-standard has-post-thumbnail hentry category-allgemein\">\n\t<style type=\"text\/css\">\n\t\t\n\t\t\n\t\t\n\t\t\n\t\t\t<\/style>\n\n\n\t\t\t<div class=\"fusion-flexslider flexslider fusion-flexslider-loading fusion-post-slideshow\" style=\"\">\n\t\t<ul class=\"slides\">\n\t\t\t\n\t\t\t\t\t\t\t\t\t\t\t\t\t\t<li><div  class=\"fusion-image-wrapper fusion-image-size-fixed\" aria-haspopup=\"true\">\n\t\t\t\t\t\t\t<a href=\"https:\/\/eu-bayern.de\/kvhammelburg\/die-bedeutung-der-pressefreiheit-fuer-die-demokratie\/\" aria-label=\"Die Bedeutung der Pressefreiheit f\u00fcr die Demokratie\">\n\t\t\t\t\t\t\t<img width=\"800\" height=\"600\" src=\"https:\/\/eu-bayern.de\/kvhammelburg\/wp-content\/uploads\/sites\/10\/2026\/01\/2025-0119-Foto2.jpeg\" class=\"attachment-blog-medium size-blog-medium wp-post-image\" alt=\"\" \/>\t\t\t<\/a>\n\t\t\t\t\t\t\t<\/div>\n<\/li>\n\t\t\t\n\t\t\t\n\t\t\t\t\t\t\t\t<\/ul>\n\t<\/div>\n\t<div class=\"fusion-post-content post-content\"><h2 class=\"blog-shortcode-post-title entry-title\"><a href=\"https:\/\/eu-bayern.de\/kvhammelburg\/die-bedeutung-der-pressefreiheit-fuer-die-demokratie\/\">Die Bedeutung der Pressefreiheit f\u00fcr die Demokratie<\/a><\/h2><div class=\"fusion-post-content-container\"><p>Mehr als f\u00fcnfzig Zuh\u00f6rer erlebten im B\u00fcrgerhaus Hammelburg bei einer Veranstaltung von VHS, Aktionskreis Demokratie und Europa Union eine lebendige Diskussion \u00fcber die Rolle der Medien in der Demokratie.<\/p><\/div><\/div><div class=\"fusion-clearfix\"><\/div><div class=\"fusion-meta-info\"><div class=\"fusion-alignleft\"><span class=\"updated\" style=\"display:none;\">2026-02-09T13:11:31+01:00<\/span><span>22. Januar, 2026<\/span><span class=\"fusion-inline-sep\">|<\/span><a href=\"https:\/\/eu-bayern.de\/kvhammelburg\/c\/allgemein\/\" rel=\"category tag\">Allgemein<\/a><span class=\"fusion-inline-sep\">|<\/span><\/div><\/div><\/article>\n<article id=\"blog-1-post-2232\" class=\"fusion-post-medium post-2232 post type-post status-publish format-standard has-post-thumbnail hentry category-allgemein\">\n\t<style type=\"text\/css\">\n\t\t\n\t\t\n\t\t\n\t\t\n\t\t\t<\/style>\n\n\n\t\t\t<div class=\"fusion-flexslider flexslider fusion-flexslider-loading fusion-post-slideshow\" style=\"\">\n\t\t<ul class=\"slides\">\n\t\t\t\n\t\t\t\t\t\t\t\t\t\t\t\t\t\t<li><div  class=\"fusion-image-wrapper fusion-image-size-fixed\" aria-haspopup=\"true\">\n\t\t\t\t\t\t\t<a href=\"https:\/\/eu-bayern.de\/kvhammelburg\/workshop-fit-gegen-desinformation\/\" aria-label=\"Workshop \u201eFit gegen Desinformation\u201c\">\n\t\t\t\t\t\t\t<img width=\"800\" height=\"597\" src=\"https:\/\/eu-bayern.de\/kvhammelburg\/wp-content\/uploads\/sites\/10\/2026\/01\/2025-1218-Workshop.jpeg\" class=\"attachment-blog-medium size-blog-medium wp-post-image\" alt=\"\" \/>\t\t\t<\/a>\n\t\t\t\t\t\t\t<\/div>\n<\/li>\n\t\t\t\n\t\t\t\n\t\t\t\t\t\t\t\t<\/ul>\n\t<\/div>\n\t<div class=\"fusion-post-content post-content\"><h2 class=\"blog-shortcode-post-title entry-title\"><a href=\"https:\/\/eu-bayern.de\/kvhammelburg\/workshop-fit-gegen-desinformation\/\">Workshop \u201eFit gegen Desinformation\u201c<\/a><\/h2><div class=\"fusion-post-content-container\"><p>Falschinformationen in den sozialen Medien erschweren Diskussionsprozesse, gef\u00e4hrden das Vertrauen in die gesellschaftlichen Einrichtungen und destabilisieren die Demokratie, so Dr. Reinhard Schaupp in seinem Eingangsstatement zum Workshop \u201eFit gegen Desinformation\u201c, einer Kooperationsveranstaltung von VHS, Aktionsb\u00fcndnis \u201eGemeinsam stark f\u00fcr Demokratie\u201c und der Europa Union.<\/p><\/div><\/div><div class=\"fusion-clearfix\"><\/div><div class=\"fusion-meta-info\"><div class=\"fusion-alignleft\"><span class=\"updated\" style=\"display:none;\">2026-01-07T23:19:53+01:00<\/span><span>7. Januar, 2026<\/span><span class=\"fusion-inline-sep\">|<\/span><a href=\"https:\/\/eu-bayern.de\/kvhammelburg\/c\/allgemein\/\" rel=\"category tag\">Allgemein<\/a><span class=\"fusion-inline-sep\">|<\/span><\/div><\/div><\/article>\n<article id=\"blog-1-post-2221\" class=\"fusion-post-medium post-2221 post type-post status-publish format-standard has-post-thumbnail hentry category-allgemein\">\n\t<style type=\"text\/css\">\n\t\t\n\t\t\n\t\t\n\t\t\n\t\t\t<\/style>\n\n\n\t\t\t<div class=\"fusion-flexslider flexslider fusion-flexslider-loading fusion-post-slideshow\" style=\"\">\n\t\t<ul class=\"slides\">\n\t\t\t\n\t\t\t\t\t\t\t\t\t\t\t\t\t\t<li><div  class=\"fusion-image-wrapper fusion-image-size-fixed\" aria-haspopup=\"true\">\n\t\t\t\t\t\t\t<a href=\"https:\/\/eu-bayern.de\/weihnachtsausgabe-2025-bayern-in-europa\/\" aria-label=\"Weihnachtsausgabe 2025 Bayern in Europa\">\n\t\t\t\t\t\t\t<img width=\"688\" height=\"436\" src=\"https:\/\/eu-bayern.de\/kvhammelburg\/wp-content\/uploads\/sites\/10\/2025\/12\/BiE-Titel-Teil.jpg\" class=\"attachment-blog-medium size-blog-medium wp-post-image\" alt=\"Bayern in Europa Weihnachtsausgabe\" \/>\t\t\t<\/a>\n\t\t\t\t\t\t\t<\/div>\n<\/li>\n\t\t\t\n\t\t\t\n\t\t\t\t\t\t\t\t<\/ul>\n\t<\/div>\n\t<div class=\"fusion-post-content post-content\"><h2 class=\"blog-shortcode-post-title entry-title\"><a href=\"https:\/\/eu-bayern.de\/weihnachtsausgabe-2025-bayern-in-europa\/\">Weihnachtsausgabe 2025 Bayern in Europa<\/a><\/h2><span class=\"pbroadcast\">Quelle: <a href=\"https:\/\/eu-bayern.de\/weihnachtsausgabe-2025-bayern-in-europa\/\" title=\"Europa-Union Bayern e.V.\" target=\"_blank\">Europa-Union Bayern e.V.<\/a><\/span><div class=\"fusion-post-content-container\"><p>Zum Jahresende erscheint die Weihnachtsausgabe der Bayern in Europa - mit R\u00fcckblick, Informationen aus den Kreis- und Bezirksverb\u00e4nden und dem neuen Projekt der \u00fcberparteilichen Europa-Union Bayern e.V.<\/p><\/div><\/div><div class=\"fusion-clearfix\"><\/div><div class=\"fusion-meta-info\"><div class=\"fusion-alignleft\"><span class=\"updated\" style=\"display:none;\">2025-12-17T20:00:02+01:00<\/span><span>17. Dezember, 2025<\/span><span class=\"fusion-inline-sep\">|<\/span><a href=\"https:\/\/eu-bayern.de\/kvhammelburg\/c\/allgemein\/\" rel=\"category tag\">Allgemein<\/a><span class=\"fusion-inline-sep\">|<\/span><\/div><\/div><\/article>\n<article id=\"blog-1-post-2210\" class=\"fusion-post-medium post-2210 post type-post status-publish format-standard has-post-thumbnail hentry category-allgemein\">\n\t<style type=\"text\/css\">\n\t\t\n\t\t\n\t\t\n\t\t\n\t\t\t<\/style>\n\n\n\t\t\t<div class=\"fusion-flexslider flexslider fusion-flexslider-loading fusion-post-slideshow\" style=\"\">\n\t\t<ul class=\"slides\">\n\t\t\t\n\t\t\t\t\t\t\t\t\t\t\t\t\t\t<li><div  class=\"fusion-image-wrapper fusion-image-size-fixed\" aria-haspopup=\"true\">\n\t\t\t\t\t\t\t<a href=\"https:\/\/eu-bayern.de\/kvhammelburg\/preisschafkopf-der-europa-union-um-den-edgar-hirt-pokal\/\" aria-label=\"Preisschafkopf der Europa Union um den Edgar-Hirt-Pokal\">\n\t\t\t\t\t\t\t<img width=\"800\" height=\"1067\" src=\"https:\/\/eu-bayern.de\/kvhammelburg\/wp-content\/uploads\/sites\/10\/2025\/11\/Sieger_2025.jpg\" class=\"attachment-blog-medium size-blog-medium wp-post-image\" alt=\"\" \/>\t\t\t<\/a>\n\t\t\t\t\t\t\t<\/div>\n<\/li>\n\t\t\t\n\t\t\t\n\t\t\t\t\t\t\t\t<\/ul>\n\t<\/div>\n\t<div class=\"fusion-post-content post-content\"><h2 class=\"blog-shortcode-post-title entry-title\"><a href=\"https:\/\/eu-bayern.de\/kvhammelburg\/preisschafkopf-der-europa-union-um-den-edgar-hirt-pokal\/\">Preisschafkopf der Europa Union um den Edgar-Hirt-Pokal<\/a><\/h2><div class=\"fusion-post-content-container\"><p>Beim traditionellen Schafkopfturnier f\u00fcr Mitglieder der Europa Union um den Edgar-Hirt-Pokal errang in diesem Jahr Hans-Joachim Kaiser mit 355 Punkten klar den Sieg.<\/p><\/div><\/div><div class=\"fusion-clearfix\"><\/div><div class=\"fusion-meta-info\"><div class=\"fusion-alignleft\"><span class=\"updated\" style=\"display:none;\">2025-11-21T13:57:25+01:00<\/span><span>21. November, 2025<\/span><span class=\"fusion-inline-sep\">|<\/span><a href=\"https:\/\/eu-bayern.de\/kvhammelburg\/c\/allgemein\/\" rel=\"category tag\">Allgemein<\/a><span class=\"fusion-inline-sep\">|<\/span><\/div><\/div><\/article>\n<article id=\"blog-1-post-2207\" class=\"fusion-post-medium post-2207 post type-post status-publish format-standard has-post-thumbnail hentry category-allgemein category-reisebericht\">\n\t<style type=\"text\/css\">\n\t\t\n\t\t\n\t\t\n\t\t\n\t\t\t<\/style>\n\n\n\t\t\t<div class=\"fusion-flexslider flexslider fusion-flexslider-loading fusion-post-slideshow\" style=\"\">\n\t\t<ul class=\"slides\">\n\t\t\t\n\t\t\t\t\t\t\t\t\t\t\t\t\t\t<li><div  class=\"fusion-image-wrapper fusion-image-size-fixed\" aria-haspopup=\"true\">\n\t\t\t\t\t\t\t<a href=\"https:\/\/eu-bayern.de\/kvhammelburg\/reisebericht-die-wiege-des-zeus-europa-union-zu-gast-auf-kreta\/\" aria-label=\"Reisebericht: \u201eDie Wiege des Zeus\u201c \u2013 Europa-Union zu Gast auf Kreta\">\n\t\t\t\t\t\t\t<img width=\"800\" height=\"450\" src=\"https:\/\/eu-bayern.de\/kvhammelburg\/wp-content\/uploads\/sites\/10\/2025\/10\/20251005_123003.jpg\" class=\"attachment-blog-medium size-blog-medium wp-post-image\" alt=\"\" \/>\t\t\t<\/a>\n\t\t\t\t\t\t\t<\/div>\n<\/li>\n\t\t\t\n\t\t\t\n\t\t\t\t\t\t\t\t<\/ul>\n\t<\/div>\n\t<div class=\"fusion-post-content post-content\"><h2 class=\"blog-shortcode-post-title entry-title\"><a href=\"https:\/\/eu-bayern.de\/kvhammelburg\/reisebericht-die-wiege-des-zeus-europa-union-zu-gast-auf-kreta\/\">Reisebericht: \u201eDie Wiege des Zeus\u201c \u2013 Europa-Union zu Gast auf Kreta<\/a><\/h2><div class=\"fusion-post-content-container\"><p>Die Europa-Union Kreisverband Hammelburg lud zu einer siebent\u00e4gigen Informations- und Kulturreise nach Kreta ein. Am Abflugtag traten 36 Teilnehmer die Busfahrt zum Flughafen nach Frankfurt\/Main an. Die Gruppe landete nach drei Stunden auf der Insel und fuhr in das h\u00fcbsche \u00d6rtchen Fodele, den Geburtsort des Malers El Greco.<\/p><\/div><\/div><div class=\"fusion-clearfix\"><\/div><div class=\"fusion-meta-info\"><div class=\"fusion-alignleft\"><span class=\"updated\" style=\"display:none;\">2025-10-26T18:24:21+01:00<\/span><span>26. Oktober, 2025<\/span><span class=\"fusion-inline-sep\">|<\/span><a href=\"https:\/\/eu-bayern.de\/kvhammelburg\/c\/allgemein\/\" rel=\"category tag\">Allgemein<\/a>, <a href=\"https:\/\/eu-bayern.de\/kvhammelburg\/c\/reisebericht\/\" rel=\"category tag\">Reisebericht<\/a><span class=\"fusion-inline-sep\">|<\/span><\/div><\/div><\/article>\n<article id=\"blog-1-post-2187\" class=\"fusion-post-medium post-2187 post type-post status-publish format-standard has-post-thumbnail hentry category-allgemein\">\n\t<style type=\"text\/css\">\n\t\t\n\t\t\n\t\t\n\t\t\n\t\t\t<\/style>\n\n\n\t\t\t<div class=\"fusion-flexslider flexslider fusion-flexslider-loading fusion-post-slideshow\" style=\"\">\n\t\t<ul class=\"slides\">\n\t\t\t\n\t\t\t\t\t\t\t\t\t\t\t\t\t\t<li><div  class=\"fusion-image-wrapper fusion-image-size-fixed\" aria-haspopup=\"true\">\n\t\t\t\t\t\t\t<a href=\"https:\/\/eu-bayern.de\/kvhammelburg\/bezirksversammlung-der-europa-union-unterfranken\/\" aria-label=\"Bezirksversammlung der Europa Union Unterfranken\">\n\t\t\t\t\t\t\t<img width=\"800\" height=\"600\" src=\"https:\/\/eu-bayern.de\/kvhammelburg\/wp-content\/uploads\/sites\/10\/2025\/10\/IMG_9311.jpeg\" class=\"attachment-blog-medium size-blog-medium wp-post-image\" alt=\"\" \/>\t\t\t<\/a>\n\t\t\t\t\t\t\t<\/div>\n<\/li>\n\t\t\t\n\t\t\t\n\t\t\t\t\t\t\t\t<\/ul>\n\t<\/div>\n\t<div class=\"fusion-post-content post-content\"><h2 class=\"blog-shortcode-post-title entry-title\"><a href=\"https:\/\/eu-bayern.de\/kvhammelburg\/bezirksversammlung-der-europa-union-unterfranken\/\">Bezirksversammlung der Europa Union Unterfranken<\/a><\/h2><div class=\"fusion-post-content-container\"><p>Die Europastadt R\u00f6ttingen war der Veranstaltungsort der Bezirksversammlung 2025. Bezirksvorsitzender Reinhard Schaupp konnte neben dem Kreisvorsitzenden Peter Metzger auch den stellvertretenden B\u00fcrgermeister Paul Mittnacht begr\u00fc\u00dfen.<\/p><\/div><\/div><div class=\"fusion-clearfix\"><\/div><div class=\"fusion-meta-info\"><div class=\"fusion-alignleft\"><span class=\"updated\" style=\"display:none;\">2025-10-19T13:15:24+02:00<\/span><span>19. Oktober, 2025<\/span><span class=\"fusion-inline-sep\">|<\/span><a href=\"https:\/\/eu-bayern.de\/kvhammelburg\/c\/allgemein\/\" rel=\"category tag\">Allgemein<\/a><span class=\"fusion-inline-sep\">|<\/span><\/div><\/div><\/article>\n<article id=\"blog-1-post-2167\" class=\"fusion-post-medium post-2167 post type-post status-publish format-standard hentry category-allgemein\">\n\t<style type=\"text\/css\">\n\t\t\n\t\t\n\t\t\n\t\t\n\t\t\t<\/style>\n\n\n<div class=\"fusion-post-content post-content\"><h2 class=\"blog-shortcode-post-title entry-title\"><a href=\"https:\/\/eu-bayern.de\/kvhammelburg\/saale-zeitung-berichtet-17-landespreise-beim-kreativwettbewerb-der-europa-union\/\">Saale Zeitung berichtet: &#8222;17 Landespreise beim Kreativwettbewerb der EU&#8220;<\/a><\/h2><div class=\"fusion-post-content-container\">\n<p>Die Saale Zeitung berichtet \u00fcber den diesj\u00e4hrigen Europ\u00e4ischen Wettbewerb.\u00a0Teilgenommen haben die Grundschule am M\u00f6nchsturm, erstmals wieder die Realschule und das Frobenius-Gymnasium. Themen waren Datenschutz, Frieden oder Nahrungsmittelsicherheit.<\/p>\n<p><strong>Zum Artikel:<\/strong> <a href=\"https:\/\/www.fraenkischertag.de\/lokales\/landkreis-bad-kissingen\/rat-wissen\/junge-leute-entdecken-und-gestalten-europa-17-landespreise-beim-kreativwettbewerb-art-462617\">https:\/\/www.fraenkischertag.de\/lokales\/landkreis-bad-kissingen\/rat-wissen\/junge-leute-entdecken-und-gestalten-europa-17-landespreise-beim-kreativwettbewerb-art-462617<\/a><\/p>\n<\/div><\/div><div class=\"fusion-clearfix\"><\/div><div class=\"fusion-meta-info\"><div class=\"fusion-alignleft\"><span class=\"updated\" style=\"display:none;\">2025-08-25T10:15:19+02:00<\/span><span>25. August, 2025<\/span><span class=\"fusion-inline-sep\">|<\/span><a href=\"https:\/\/eu-bayern.de\/kvhammelburg\/c\/allgemein\/\" rel=\"category tag\">Allgemein<\/a><span class=\"fusion-inline-sep\">|<\/span><\/div><\/div><\/article>\n<article id=\"blog-1-post-2159\" class=\"fusion-post-medium post-2159 post type-post status-publish format-standard has-post-thumbnail hentry category-allgemein\">\n\t<style type=\"text\/css\">\n\t\t\n\t\t\n\t\t\n\t\t\n\t\t\t<\/style>\n\n\n\t\t\t<div class=\"fusion-flexslider flexslider fusion-flexslider-loading fusion-post-slideshow\" style=\"\">\n\t\t<ul class=\"slides\">\n\t\t\t\n\t\t\t\t\t\t\t\t\t\t\t\t\t\t<li><div  class=\"fusion-image-wrapper fusion-image-size-fixed\" aria-haspopup=\"true\">\n\t\t\t\t\t\t\t<a href=\"https:\/\/eu-bayern.de\/kvhammelburg\/in-der-europaeischen-kulturhauptstadt\/\" aria-label=\"In der europ\u00e4ischen Kulturhauptstadt\">\n\t\t\t\t\t\t\t<img width=\"800\" height=\"543\" src=\"https:\/\/eu-bayern.de\/kvhammelburg\/wp-content\/uploads\/sites\/10\/2025\/08\/Unknown.jpeg\" class=\"attachment-blog-medium size-blog-medium wp-post-image\" alt=\"\" \/>\t\t\t<\/a>\n\t\t\t\t\t\t\t<\/div>\n<\/li>\n\t\t\t\n\t\t\t\n\t\t\t\t\t\t\t\t<\/ul>\n\t<\/div>\n\t<div class=\"fusion-post-content post-content\"><h2 class=\"blog-shortcode-post-title entry-title\"><a href=\"https:\/\/eu-bayern.de\/kvhammelburg\/in-der-europaeischen-kulturhauptstadt\/\">In der europ\u00e4ischen Kulturhauptstadt<\/a><\/h2><div class=\"fusion-post-content-container\"><p>Der Bezirksverband Unterfranken unternahm unter der Leitung von Hannelore Bauer und Dr. Reinhard Schaupp eine zweit\u00e4gigen Studienfahrt nach Chemnitz, europ\u00e4ische Kulturhauptstadt 2025. Auch die Kreisverb\u00e4nde Hammelburg und Bad Kissingen beteiligten sich an der Fahrt.<\/p><\/div><\/div><div class=\"fusion-clearfix\"><\/div><div class=\"fusion-meta-info\"><div class=\"fusion-alignleft\"><span class=\"updated\" style=\"display:none;\">2025-08-04T13:08:02+02:00<\/span><span>4. August, 2025<\/span><span class=\"fusion-inline-sep\">|<\/span><a href=\"https:\/\/eu-bayern.de\/kvhammelburg\/c\/allgemein\/\" rel=\"category tag\">Allgemein<\/a><span class=\"fusion-inline-sep\">|<\/span><\/div><\/div><\/article>\n<article id=\"blog-1-post-2156\" class=\"fusion-post-medium post-2156 post type-post status-publish format-standard has-post-thumbnail hentry category-allgemein\">\n\t<style type=\"text\/css\">\n\t\t\n\t\t\n\t\t\n\t\t\n\t\t\t<\/style>\n\n\n\t\t\t<div class=\"fusion-flexslider flexslider fusion-flexslider-loading fusion-post-slideshow\" style=\"\">\n\t\t<ul class=\"slides\">\n\t\t\t\n\t\t\t\t\t\t\t\t\t\t\t\t\t\t<li><div  class=\"fusion-image-wrapper fusion-image-size-fixed\" aria-haspopup=\"true\">\n\t\t\t\t\t\t\t<a href=\"https:\/\/eu-bayern.de\/bv-unterfranken\/buergerdialog-der-europa-union-hammelburg-sorge-um-europas-demokratische-zukunft\/\" aria-label=\"B\u00fcrgerdialog der Europa-Union Hammelburg: Sorge um Europas demokratische Zukunft\">\n\t\t\t\t\t\t\t<img width=\"800\" height=\"1084\" src=\"https:\/\/eu-bayern.de\/kvhammelburg\/wp-content\/uploads\/sites\/10\/2025\/07\/2025-0723-Bild-Referent-Dr.-Reinhard-Schaupp.jpg\" class=\"attachment-blog-medium size-blog-medium wp-post-image\" alt=\"\" \/>\t\t\t<\/a>\n\t\t\t\t\t\t\t<\/div>\n<\/li>\n\t\t\t\n\t\t\t\n\t\t\t\t\t\t\t\t<\/ul>\n\t<\/div>\n\t<div class=\"fusion-post-content post-content\"><h2 class=\"blog-shortcode-post-title entry-title\"><a href=\"https:\/\/eu-bayern.de\/bv-unterfranken\/buergerdialog-der-europa-union-hammelburg-sorge-um-europas-demokratische-zukunft\/\">B\u00fcrgerdialog der Europa-Union Hammelburg: Sorge um Europas demokratische Zukunft<\/a><\/h2><span class=\"pbroadcast\">Quelle: <a href=\"https:\/\/eu-bayern.de\/bv-unterfranken\/buergerdialog-der-europa-union-hammelburg-sorge-um-europas-demokratische-zukunft\/\" title=\"Bezirksverband Unterfranken\" target=\"_blank\">Bezirksverband Unterfranken<\/a><\/span><div class=\"fusion-post-content-container\"><p>Unter dem Titel \u201eWahnsinn in der Luft\u201c lud die Europa-Union Hammelburg am 22. Juli 2025 zu einem B\u00fcrgerdialog ins Weingut Ruppert ein. Dr. Reinhard Schaupp, Bezirksvorsitzender der Europa-Union, hielt ein Impulsreferat zur aktuellen Lage der Europ\u00e4ischen Union.<\/p><\/div><\/div><div class=\"fusion-clearfix\"><\/div><div class=\"fusion-meta-info\"><div class=\"fusion-alignleft\"><span class=\"updated\" style=\"display:none;\">2025-07-24T22:12:50+02:00<\/span><span>24. Juli, 2025<\/span><span class=\"fusion-inline-sep\">|<\/span><a href=\"https:\/\/eu-bayern.de\/kvhammelburg\/c\/allgemein\/\" rel=\"category tag\">Allgemein<\/a><span class=\"fusion-inline-sep\">|<\/span><\/div><\/div><\/article>\n<article id=\"blog-1-post-2133\" class=\"fusion-post-medium post-2133 post type-post status-publish format-standard has-post-thumbnail hentry category-allgemein\">\n\t<style type=\"text\/css\">\n\t\t\n\t\t\n\t\t\n\t\t\n\t\t\t<\/style>\n\n\n\t\t\t<div class=\"fusion-flexslider flexslider fusion-flexslider-loading fusion-post-slideshow\" style=\"\">\n\t\t<ul class=\"slides\">\n\t\t\t\n\t\t\t\t\t\t\t\t\t\t\t\t\t\t<li><div  class=\"fusion-image-wrapper fusion-image-size-fixed\" aria-haspopup=\"true\">\n\t\t\t\t\t\t\t<a href=\"https:\/\/eu-bayern.de\/kontinuitaet-und-erneuerung-bei-der-74-landesversammlung-der-europa-union-bayern-in-amberg\/\" aria-label=\"Kontinuit\u00e4t und Erneuerung bei der 74. Landesversammlung der Europa-Union Bayern in Amberg\">\n\t\t\t\t\t\t\t<img width=\"800\" height=\"360\" src=\"https:\/\/eu-bayern.de\/kvhammelburg\/wp-content\/uploads\/sites\/10\/2025\/07\/20250628_121616_8816785_6758046_9910919_5959470_8967748.jpg\" class=\"attachment-blog-medium size-blog-medium wp-post-image\" alt=\"Landesversammlung Amberg\" \/>\t\t\t<\/a>\n\t\t\t\t\t\t\t<\/div>\n<\/li>\n\t\t\t\n\t\t\t\n\t\t\t\t\t\t\t\t<\/ul>\n\t<\/div>\n\t<div class=\"fusion-post-content post-content\"><h2 class=\"blog-shortcode-post-title entry-title\"><a href=\"https:\/\/eu-bayern.de\/kontinuitaet-und-erneuerung-bei-der-74-landesversammlung-der-europa-union-bayern-in-amberg\/\">Kontinuit\u00e4t und Erneuerung bei der 74. Landesversammlung der Europa-Union Bayern in Amberg<\/a><\/h2><span class=\"pbroadcast\">Quelle: <a href=\"https:\/\/eu-bayern.de\/kontinuitaet-und-erneuerung-bei-der-74-landesversammlung-der-europa-union-bayern-in-amberg\/\" title=\"Europa-Union Bayern e.V.\" target=\"_blank\">Europa-Union Bayern e.V.<\/a><\/span><div class=\"fusion-post-content-container\"><p>Landesvorsitzender und Schatzmeister einstimmig best\u00e4tigt, Neuerungen im Gesch\u00e4ftsf\u00fchrenden Vorstand und bei den weiteren Vorst\u00e4nden. \r\nDie 74. Landesversammlung der \u00fcberparteilichen Europa-Union Bayern e.V. im Musikomm der OTH Amberg setzt in herausfordernden Zeiten dabei gleich mehrere Zeichen f\u00fcr Europa. <\/p><\/div><\/div><div class=\"fusion-clearfix\"><\/div><div class=\"fusion-meta-info\"><div class=\"fusion-alignleft\"><span class=\"updated\" style=\"display:none;\">2025-07-21T22:52:05+02:00<\/span><span>3. Juli, 2025<\/span><span class=\"fusion-inline-sep\">|<\/span><a href=\"https:\/\/eu-bayern.de\/kvhammelburg\/c\/allgemein\/\" rel=\"category tag\">Allgemein<\/a><span class=\"fusion-inline-sep\">|<\/span><\/div><\/div><\/article>\n<article id=\"blog-1-post-2123\" class=\"fusion-post-medium post-2123 post type-post status-publish format-standard hentry category-allgemein\">\n\t<style type=\"text\/css\">\n\t\t\n\t\t\n\t\t\n\t\t\n\t\t\t<\/style>\n\n\n<div class=\"fusion-post-content post-content\"><h2 class=\"blog-shortcode-post-title entry-title\"><a href=\"https:\/\/eu-bayern.de\/kvhammelburg\/so-war-die-feier-35-jahre-europa-pavillon\/\">So war die Feier: 35 Jahre Europa Pavillon<\/a><\/h2><div class=\"fusion-post-content-container\">\n<p>Am Samstag, den 10. Mai feierten rund 50 Mitglieder und Interessierte der Europa Union Hammelburg das 35. Jubil\u00e4um des Europa Pavillon. Mit einem Spaziergang vom ADAC Haus zum Pavillon und einem lockeren Beisammensein am ADAC Haus \u2013 f\u00fcr Speisen Getr\u00e4nke, Kaffee und Kuchen war bestens gesorgt.<\/p>\n<p>Einige Impressionen (Fotos: Stefanie Schneider):<\/p>\n<\/div><\/div><div class=\"fusion-clearfix\"><\/div><div class=\"fusion-meta-info\"><div class=\"fusion-alignleft\"><span class=\"updated\" style=\"display:none;\">2025-05-28T11:07:29+02:00<\/span><span>28. Mai, 2025<\/span><span class=\"fusion-inline-sep\">|<\/span><a href=\"https:\/\/eu-bayern.de\/kvhammelburg\/c\/allgemein\/\" rel=\"category tag\">Allgemein<\/a><span class=\"fusion-inline-sep\">|<\/span><\/div><\/div><\/article>\n<\/div><div class=\"pagination clearfix\"><span class=\"current\">1<\/span><a href=\"https:\/\/eu-bayern.de\/kvhammelburg\/wp-json\/wp\/v2\/pages\/783\/page\/2\/\" class=\"inactive\">2<\/a><a class=\"pagination-next\" rel=\"next\" href=\"https:\/\/eu-bayern.de\/kvhammelburg\/wp-json\/wp\/v2\/pages\/783\/page\/2\/\"><span class=\"page-text\">Vor<\/span><span class=\"page-next\"><\/span><\/a><\/div><div class=\"fusion-clearfix\"><\/div><\/div><div class=\"fusion-clearfix\"><\/div><\/div><\/div><\/div><\/div>\n","protected":false},"excerpt":{"rendered":"","protected":false},"author":2,"featured_media":0,"parent":0,"menu_order":0,"comment_status":"closed","ping_status":"closed","template":"","meta":[],"acf":[],"_links":{"self":[{"href":"https:\/\/eu-bayern.de\/kvhammelburg\/wp-json\/wp\/v2\/pages\/783"}],"collection":[{"href":"https:\/\/eu-bayern.de\/kvhammelburg\/wp-json\/wp\/v2\/pages"}],"about":[{"href":"https:\/\/eu-bayern.de\/kvhammelburg\/wp-json\/wp\/v2\/types\/page"}],"author":[{"embeddable":true,"href":"https:\/\/eu-bayern.de\/kvhammelburg\/wp-json\/wp\/v2\/users\/2"}],"replies":[{"embeddable":true,"href":"https:\/\/eu-bayern.de\/kvhammelburg\/wp-json\/wp\/v2\/comments?post=783"}],"version-history":[{"count":1,"href":"https:\/\/eu-bayern.de\/kvhammelburg\/wp-json\/wp\/v2\/pages\/783\/revisions"}],"predecessor-version":[{"id":784,"href":"https:\/\/eu-bayern.de\/kvhammelburg\/wp-json\/wp\/v2\/pages\/783\/revisions\/784"}],"wp:attachment":[{"href":"https:\/\/eu-bayern.de\/kvhammelburg\/wp-json\/wp\/v2\/media?parent=783"}],"curies":[{"name":"wp","href":"https:\/\/api.w.org\/{rel}","templated":true}]}}