{"id":16,"date":"2017-12-09T12:09:42","date_gmt":"2017-12-09T11:09:42","guid":{"rendered":"https:\/\/eu-bayern.de\/tpl1\/?page_id=16"},"modified":"2019-09-24T23:18:25","modified_gmt":"2019-09-24T21:18:25","slug":"termine","status":"publish","type":"page","link":"https:\/\/eu-bayern.de\/kvhammelburg\/termine\/","title":{"rendered":"Termine"},"content":{"rendered":"<div class=\"fusion-fullwidth fullwidth-box fusion-builder-row-1 nonhundred-percent-fullwidth non-hundred-percent-height-scrolling\" style=\"background-color: rgba(255,255,255,0);background-position: center center;background-repeat: no-repeat;padding-top:0px;padding-right:0px;padding-bottom:0px;padding-left:0px;margin-bottom: 0px;margin-top: 0px;border-width: 0px 0px 0px 0px;border-color:#eae9e9;border-style:solid;\" ><div class=\"fusion-builder-row fusion-row\"><div class=\"fusion-layout-column fusion_builder_column fusion-builder-column-0 fusion_builder_column_1_1 1_1 fusion-one-full fusion-column-first fusion-column-last\" style=\"margin-top:0px;margin-bottom:20px;\"><div class=\"fusion-column-wrapper fusion-flex-column-wrapper-legacy\" style=\"background-position:left top;background-repeat:no-repeat;-webkit-background-size:cover;-moz-background-size:cover;-o-background-size:cover;background-size:cover;padding: 0px 0px 0px 0px;\"><div class=\"fusion-text fusion-text-1\"><p class=\"tinymce_own01\">Anstehende Termine<\/p>\n<\/div><div class=\"fusion-builder-row fusion-builder-row-inner fusion-row\"><div class=\"fusion-layout-column fusion_builder_column_inner fusion-builder-nested-column-0 fusion_builder_column_inner_1_3 1_3 fusion-one-third fusion-column-first\" style=\"width:30.6666%; margin-right: 4%;margin-top:0px;margin-bottom:20px;\"><div class=\"fusion-column-wrapper fusion-flex-column-wrapper-legacy\" style=\"background-position:left top;background-repeat:no-repeat;-webkit-background-size:cover;-moz-background-size:cover;-o-background-size:cover;background-size:cover;padding: 0px 0px 0px 0px;\"><style type=\"text\/css\"><\/style><div class=\"fusion-title title fusion-title-1 fusion-title-text fusion-title-size-two txti\" style=\"margin-top:0px;margin-right:0px;margin-bottom:31px;margin-left:0px;\"><h2 class=\"title-heading-left fusion-responsive-typography-calculated\" style=\"margin:0;--fontSize:18;--minFontSize:18px;line-height:1;\">Mai 2026<\/h2><span class=\"awb-title-spacer\"><\/span><div class=\"title-sep-container\"><div class=\"title-sep sep-double sep-solid\" style=\"border-color:#e0dede;\"><\/div><\/div><\/div><div class=\"fusion-clearfix\"><\/div><\/div><\/div><div class=\"fusion-layout-column fusion_builder_column_inner fusion-builder-nested-column-1 fusion_builder_column_inner_2_3 2_3 fusion-two-third fusion-column-last\" style=\"width:65.3333%;margin-top:0px;margin-bottom:20px;\"><div class=\"fusion-column-wrapper fusion-flex-column-wrapper-legacy\" style=\"background-position:left top;background-repeat:no-repeat;-webkit-background-size:cover;-moz-background-size:cover;-o-background-size:cover;background-size:cover;padding: 0px 0px 0px 0px;\"><div class=\"box3\"><div class=\"box4\">09<\/div><style type=\"text\/css\">.fusion-accordian  #accordion-16-1 .panel-title a .fa-fusion-box{ color: #ffffff;}.fusion-accordian  #accordion-16-1 .panel-title a .fa-fusion-box:before{ font-size: 14px; width: 14px;}.fusion-accordian  #accordion-16-1 .panel-title a{font-size:13px;}.fusion-accordian  #accordion-16-1 .fa-fusion-box { background-color: #2a973e;border-color: #2a973e;}.fusion-accordian  #accordion-16-1 .panel-title a:hover, #accordion-16-1 .fusion-toggle-boxed-mode:hover .panel-title a { color: #2a973e;}.fusion-accordian  #accordion-16-1 .panel-title .active .fa-fusion-box,.fusion-accordian  #accordion-16-1 .panel-title a:hover .fa-fusion-box { background-color: #2a973e!important;border-color: #2a973e!important;}<\/style><div class=\"accordian fusion-accordian box6\"><div class=\"panel-group\" id=\"accordion-16-1\"><div class=\"fusion-panel panel-default fusion-toggle-no-divider\"><div class=\"panel-heading\"><h4 class=\"panel-title toggle\"><a aria-expanded=\"false\" aria-controls=\"240f80586ecf84469\" role=\"button\" data-toggle=\"collapse\" data-parent=\"#accordion-16-1\" data-target=\"#240f80586ecf84469\" href=\"#240f80586ecf84469\"><span class=\"fusion-toggle-icon-wrapper\" aria-hidden=\"true\"><i class=\"fa-fusion-box\" aria-hidden=\"true\"><\/i><\/span><span class=\"fusion-toggle-heading\">Festabend zum 70-j\u00e4hrigen Bestehen der Europa-Union Hammelburg<\/span><\/a><\/h4><\/div><div id=\"240f80586ecf84469\" class=\"panel-collapse collapse \"><div class=\"panel-body toggle-content fusion-clearfix\"><span class=\"fs18 c_999\">9. Mai 2026<\/span><br><span class=\"fw700\">Heinrich-K\u00f6ppler-Haus<\/span> <span>(Am Sportzentrum 4, Hammelburg, 97762)<\/span><br><span class=\"blocki mt10 txti\">Details folgen.\n<\/span><br><a class=\"blocki w100 txtr\" href=\"https:\/\/eu-bayern.de\/kvhammelburg\/terminarchiv\/festabend-zum-70-jaehrigen-bestehen-der-europa-union-hammelburg\/\">Details<\/a><\/div><\/div><\/div><\/div><\/div><\/div><div class=\"fusion-sep-clear\"><\/div><div class=\"fusion-separator fusion-full-width-sep fusion-clearfix\" style=\"float:left;margin-top:5px;margin-bottom:5px;width:100%;\"><div class=\"fusion-separator-border sep-single sep-dashed\" style=\"border-color:#ccc;border-top-width:1px;\"><\/div><\/div><div class=\"fusion-sep-clear\"><\/div><div class=\"box3\"><div class=\"box4\">09<\/div><style type=\"text\/css\">.fusion-accordian  #accordion-16-2 .panel-title a .fa-fusion-box{ color: #ffffff;}.fusion-accordian  #accordion-16-2 .panel-title a .fa-fusion-box:before{ font-size: 14px; width: 14px;}.fusion-accordian  #accordion-16-2 .panel-title a{font-size:13px;}.fusion-accordian  #accordion-16-2 .fa-fusion-box { background-color: #2a973e;border-color: #2a973e;}.fusion-accordian  #accordion-16-2 .panel-title a:hover, #accordion-16-2 .fusion-toggle-boxed-mode:hover .panel-title a { color: #2a973e;}.fusion-accordian  #accordion-16-2 .panel-title .active .fa-fusion-box,.fusion-accordian  #accordion-16-2 .panel-title a:hover .fa-fusion-box { background-color: #2a973e!important;border-color: #2a973e!important;}<\/style><div class=\"accordian fusion-accordian box6\"><div class=\"panel-group\" id=\"accordion-16-2\"><div class=\"fusion-panel panel-default fusion-toggle-no-divider\"><div class=\"panel-heading\"><h4 class=\"panel-title toggle\"><a aria-expanded=\"false\" aria-controls=\"41f1617ce4c81c960\" role=\"button\" data-toggle=\"collapse\" data-parent=\"#accordion-16-2\" data-target=\"#41f1617ce4c81c960\" href=\"#41f1617ce4c81c960\"><span class=\"fusion-toggle-icon-wrapper\" aria-hidden=\"true\"><i class=\"fa-fusion-box\" aria-hidden=\"true\"><\/i><\/span><span class=\"fusion-toggle-heading\">DemokratieFEST - Ein Fest f\u00fcr die ganze Familie in Hammelburg<\/span><\/a><\/h4><\/div><div id=\"41f1617ce4c81c960\" class=\"panel-collapse collapse \"><div class=\"panel-body toggle-content fusion-clearfix\"><span class=\"fs18 c_999\">9. Mai 2026, 10:00-15:00<\/span><br><span class=\"fw700\">Viehmarkt Hammelburg<\/span> <span>(Viehmarkt, Hammelburg, 97762)<\/span><br><span class=\"blocki mt10 txti\">Am 9. Mai 2026 l\u00e4dt der Aktionskreis \u201eGemeinsam stark f\u00fcr Demokratie\u201c alle B\u00fcrgerinnen und B\u00fcrger zum DemokratieFest auf den Viehmarkt Hammelburg ein. Unter dem Motto \u201eEin Familienfest f\u00fcr ALLE\u201c wird von 10 bis 15 Uhr ein vielf\u00e4ltiges Programm f\u00fcr Kinder, Jugendliche und Familien geboten.\nDas Fest beginnt mit einer \u00f6kumenischen Andacht und bietet anschlie\u00dfend Informationsst\u00e4nde, Workshops und Mitmachspiele rund um die Themen Demokratie und gesellschaftliches Engagement. Der Aktionskreis w\u00fcnscht sich eine zahlreiche Beteiligung \u00f6rtlicher Vereine, Schulen und Organisationen der Jugendarbeit, die das Fest mit ihren Beitr\u00e4gen bereichern.\nDer Verein f\u00fcr Wirtschaft und Stadtmarketing unterst\u00fctzt die Aktion und hat zugesagt, an diesem Tag die Gesch\u00e4fte durchgehend zu \u00f6ffnen. So l\u00e4sst sich der Besuch des Festes gut mit einem Bummel durch die Innenstadt verbinden.\nMit dem DemokratieFest m\u00f6chte der Aktionskreis ein sichtbares Zeichen f\u00fcr ein offenes und vielf\u00e4ltiges Miteinander in Hammelburg setzen. Alle Interessierten sind herzlich eingeladen, am 9. Mai vorbeizukommen und gemeinsam die demokratischen Werte zu feiern, die uns verbinden.\nDie Europa Union Hammelburg unterst\u00fctzt das DemokratieFEST sehr gerne.\n&nbsp;\n\n<\/span><br><a class=\"blocki w100 txtr\" href=\"https:\/\/eu-bayern.de\/kvhammelburg\/terminarchiv\/demokratiefest-ein-fest-fuer-die-ganze-familie\/\">Details<\/a><\/div><\/div><\/div><\/div><\/div><\/div><div class=\"fusion-sep-clear\"><\/div><div class=\"fusion-separator fusion-full-width-sep fusion-clearfix\" style=\"float:left;margin-top:5px;margin-bottom:5px;width:100%;\"><div class=\"fusion-separator-border sep-single sep-dashed\" style=\"border-color:#ccc;border-top-width:1px;\"><\/div><\/div><div class=\"fusion-sep-clear\"><\/div><div class=\"box3\"><div class=\"box4\">09<\/div><style type=\"text\/css\">.fusion-accordian  #accordion-16-3 .panel-title a .fa-fusion-box{ color: #ffffff;}.fusion-accordian  #accordion-16-3 .panel-title a .fa-fusion-box:before{ font-size: 14px; width: 14px;}.fusion-accordian  #accordion-16-3 .panel-title a{font-size:13px;}.fusion-accordian  #accordion-16-3 .fa-fusion-box { background-color: #2a973e;border-color: #2a973e;}.fusion-accordian  #accordion-16-3 .panel-title a:hover, #accordion-16-3 .fusion-toggle-boxed-mode:hover .panel-title a { color: #2a973e;}.fusion-accordian  #accordion-16-3 .panel-title .active .fa-fusion-box,.fusion-accordian  #accordion-16-3 .panel-title a:hover .fa-fusion-box { background-color: #2a973e!important;border-color: #2a973e!important;}<\/style><div class=\"accordian fusion-accordian box6\"><div class=\"panel-group\" id=\"accordion-16-3\"><div class=\"fusion-panel panel-default fusion-toggle-no-divider\"><div class=\"panel-heading\"><h4 class=\"panel-title toggle\"><a aria-expanded=\"false\" aria-controls=\"3fdcd415266f11fad\" role=\"button\" data-toggle=\"collapse\" data-parent=\"#accordion-16-3\" data-target=\"#3fdcd415266f11fad\" href=\"#3fdcd415266f11fad\"><span class=\"fusion-toggle-icon-wrapper\" aria-hidden=\"true\"><i class=\"fa-fusion-box\" aria-hidden=\"true\"><\/i><\/span><span class=\"fusion-toggle-heading\">Kundgebung am Mittelpunkt der Europ\u00e4ischen Union<\/span><\/a><\/h4><\/div><div id=\"3fdcd415266f11fad\" class=\"panel-collapse collapse \"><div class=\"panel-body toggle-content fusion-clearfix\"><span class=\"fs18 c_999\">9. Mai 2026, 13:00-15:00<\/span><br><span class=\"fw700\"><\/span> <span><\/span><br><span class=\"blocki mt10 txti\">Seit Februar 2020 liegt der Mittelpunkt der Europ\u00e4ischen Union auf einem Acker in der Gemeinde Gadheim. Der Bezirksverband der Europa Union veranstaltet dort am 9. Mai 2026 gemeinsam mit dem Verein f\u00fcr internationale Begegnungen aus Ochsenfurt ein &#8222;Europapicknick &#8211; f\u00fcr ein vereintes und demokratisches Europa&#8220;. Als Redner werden auftreten Dr. Reinhard Schaupp (Europa Union Bayern), Martin Heilig (OB W\u00fcrzburg) und Gerhard M\u00fcller (Bezirk Unterfranken). Die Veranstaltung wird musikalisch begleitet vom das Collegium Musicum Juvenale unter der Leitung von Astrid Eitschberger, Bernhard von der Goltz, und dem ukrainischen Frauenchor FAINO, mitwirken werden au\u00dferdem mehrere Schulen und Jugendzentren in W\u00fcrzburg. Die Kundgebung dauert von 13 bis 15 Uhr, die Teilnehmer werden gebeten m\u00f6glichst mit dem Fahrrad anzureisen.\n<\/span><br><a class=\"blocki w100 txtr\" href=\"https:\/\/eu-bayern.de\/kvhammelburg\/terminarchiv\/kundgebung-am-mittelpunkt-der-europaeischen-union\/\">Details<\/a><\/div><\/div><\/div><\/div><\/div><\/div><div class=\"fusion-sep-clear\"><\/div><div class=\"fusion-separator fusion-full-width-sep fusion-clearfix\" style=\"float:left;margin-top:5px;margin-bottom:5px;width:100%;\"><div class=\"fusion-separator-border sep-single sep-dashed\" style=\"border-color:#ccc;border-top-width:1px;\"><\/div><\/div><div class=\"fusion-sep-clear\"><\/div><div class=\"box3\"><div class=\"box4\">18<\/div><style type=\"text\/css\">.fusion-accordian  #accordion-16-4 .panel-title a .fa-fusion-box{ color: #ffffff;}.fusion-accordian  #accordion-16-4 .panel-title a .fa-fusion-box:before{ font-size: 14px; width: 14px;}.fusion-accordian  #accordion-16-4 .panel-title a{font-size:13px;}.fusion-accordian  #accordion-16-4 .fa-fusion-box { background-color: #2a973e;border-color: #2a973e;}.fusion-accordian  #accordion-16-4 .panel-title a:hover, #accordion-16-4 .fusion-toggle-boxed-mode:hover .panel-title a { color: #2a973e;}.fusion-accordian  #accordion-16-4 .panel-title .active .fa-fusion-box,.fusion-accordian  #accordion-16-4 .panel-title a:hover .fa-fusion-box { background-color: #2a973e!important;border-color: #2a973e!important;}<\/style><div class=\"accordian fusion-accordian box6\"><div class=\"panel-group\" id=\"accordion-16-4\"><div class=\"fusion-panel panel-default fusion-toggle-no-divider\"><div class=\"panel-heading\"><h4 class=\"panel-title toggle\"><a aria-expanded=\"false\" aria-controls=\"c308bf778309e24c1\" role=\"button\" data-toggle=\"collapse\" data-parent=\"#accordion-16-4\" data-target=\"#c308bf778309e24c1\" href=\"#c308bf778309e24c1\"><span class=\"fusion-toggle-icon-wrapper\" aria-hidden=\"true\"><i class=\"fa-fusion-box\" aria-hidden=\"true\"><\/i><\/span><span class=\"fusion-toggle-heading\">Studienfahrt nach Potsdam<\/span><\/a><\/h4><\/div><div id=\"c308bf778309e24c1\" class=\"panel-collapse collapse \"><div class=\"panel-body toggle-content fusion-clearfix\"><span class=\"fs18 c_999\">18. Mai 2026<\/span><br><span class=\"fw700\"><\/span> <span><\/span><br><span class=\"blocki mt10 txti\">\nUnter dem Motto \u201ePotsdam \u2013 Deutschland \u2013 Europa\u201c plant der Bezirksverband Unterfranken der Europa Union vom 18. &#8211; 21. Mai 2026 eine Studienfahrt nach Potsdam.\nPotsdam, die Landeshauptstadt von Brandenburg, steht f\u00fcr einen wichtigen Erinnerungsort deutscher und europ\u00e4ischer Geschichte. Die Reise unter der Leitung von Dr. Reinhard Schaupp und Georg Oel beinhaltet den Besuch wichtiger Gedenkorte wie den Wald der Erinnerung am Schwielowsee, eine Gedenkst\u00e4tte der Bundeswehr an die Opfer von Krieg und Gewalt und die wieder aufgebaute Garnisonskirche, ein Wahrzeichen f\u00fcr Frieden und Demokratie. Die historische Auseinandersetzung wird erg\u00e4nzt durch einen Besuch im Landtag Brandenburgs mit einer Diskussion zu aktuellen Themen der Europapolitik. Im Programm steht auch eine Stadtf\u00fchrung durch Potsdam und Zeit f\u00fcr individuelle Besichtigungen der ber\u00fchmten Sehensw\u00fcrdigkeiten der Stadt, wie das Museum Barberini, das Holl\u00e4ndische Viertel bzw. Schloss und Park Sanssouci. Die Studienfahrt will zeigen, dass Potsdam nicht nur Geschichte bewahrt, sondern auch zur aktiven Auseinandersetzung mit Europas Vergangenheit und Zukunft herausfordert.\nMitglieder der Europa Union und an dieser Reise interessierte B\u00fcrger und B\u00fcrgerinnen sind herzlich willkommen.\nWeitere Details zur Reise einschlie\u00dflich der Anmeldeunterlagen sind in der hier beigef\u00fcgten pdf-Datei enthalten.\nHier finden Sie die Ausschreibung und das Anmeldeformular.\n\n<\/span><br><a class=\"blocki w100 txtr\" href=\"https:\/\/eu-bayern.de\/kvhammelburg\/terminarchiv\/studienfahrt-nach-potsdam\/\">Details<\/a><\/div><\/div><\/div><\/div><\/div><\/div><div class=\"fusion-sep-clear\"><\/div><div class=\"fusion-separator fusion-full-width-sep fusion-clearfix\" style=\"float:left;margin-top:5px;margin-bottom:5px;width:100%;\"><div class=\"fusion-separator-border sep-single sep-dashed\" style=\"border-color:#ccc;border-top-width:1px;\"><\/div><\/div><div class=\"fusion-sep-clear\"><\/div><div class=\"fusion-clearfix\"><\/div><\/div><\/div><\/div><div class=\"fusion-builder-row fusion-builder-row-inner fusion-row\"><div class=\"fusion-layout-column fusion_builder_column_inner fusion-builder-nested-column-2 fusion_builder_column_inner_1_3 1_3 fusion-one-third fusion-column-first\" style=\"width:30.6666%; margin-right: 4%;margin-top:0px;margin-bottom:20px;\"><div class=\"fusion-column-wrapper fusion-flex-column-wrapper-legacy\" style=\"background-position:left top;background-repeat:no-repeat;-webkit-background-size:cover;-moz-background-size:cover;-o-background-size:cover;background-size:cover;padding: 0px 0px 0px 0px;\"><style type=\"text\/css\"><\/style><div class=\"fusion-title title fusion-title-2 fusion-title-text fusion-title-size-two txti\" style=\"margin-top:0px;margin-right:0px;margin-bottom:31px;margin-left:0px;\"><h2 class=\"title-heading-left fusion-responsive-typography-calculated\" style=\"margin:0;--fontSize:18;--minFontSize:18px;line-height:1;\">Juni 2026<\/h2><span class=\"awb-title-spacer\"><\/span><div class=\"title-sep-container\"><div class=\"title-sep sep-double sep-solid\" style=\"border-color:#e0dede;\"><\/div><\/div><\/div><div class=\"fusion-clearfix\"><\/div><\/div><\/div><div class=\"fusion-layout-column fusion_builder_column_inner fusion-builder-nested-column-3 fusion_builder_column_inner_2_3 2_3 fusion-two-third fusion-column-last\" style=\"width:65.3333%;margin-top:0px;margin-bottom:20px;\"><div class=\"fusion-column-wrapper fusion-flex-column-wrapper-legacy\" style=\"background-position:left top;background-repeat:no-repeat;-webkit-background-size:cover;-moz-background-size:cover;-o-background-size:cover;background-size:cover;padding: 0px 0px 0px 0px;\"><div class=\"box3\"><div class=\"box4\">14<\/div><style type=\"text\/css\">.fusion-accordian  #accordion-16-5 .panel-title a .fa-fusion-box{ color: #ffffff;}.fusion-accordian  #accordion-16-5 .panel-title a .fa-fusion-box:before{ font-size: 14px; width: 14px;}.fusion-accordian  #accordion-16-5 .panel-title a{font-size:13px;}.fusion-accordian  #accordion-16-5 .fa-fusion-box { background-color: #2a973e;border-color: #2a973e;}.fusion-accordian  #accordion-16-5 .panel-title a:hover, #accordion-16-5 .fusion-toggle-boxed-mode:hover .panel-title a { color: #2a973e;}.fusion-accordian  #accordion-16-5 .panel-title .active .fa-fusion-box,.fusion-accordian  #accordion-16-5 .panel-title a:hover .fa-fusion-box { background-color: #2a973e!important;border-color: #2a973e!important;}<\/style><div class=\"accordian fusion-accordian box6\"><div class=\"panel-group\" id=\"accordion-16-5\"><div class=\"fusion-panel panel-default fusion-toggle-no-divider\"><div class=\"panel-heading\"><h4 class=\"panel-title toggle\"><a aria-expanded=\"false\" aria-controls=\"2a69c3a99630d4cfc\" role=\"button\" data-toggle=\"collapse\" data-parent=\"#accordion-16-5\" data-target=\"#2a69c3a99630d4cfc\" href=\"#2a69c3a99630d4cfc\"><span class=\"fusion-toggle-icon-wrapper\" aria-hidden=\"true\"><i class=\"fa-fusion-box\" aria-hidden=\"true\"><\/i><\/span><span class=\"fusion-toggle-heading\">Jubil\u00e4umskreuzfahrt nach Norwegen<\/span><\/a><\/h4><\/div><div id=\"2a69c3a99630d4cfc\" class=\"panel-collapse collapse \"><div class=\"panel-body toggle-content fusion-clearfix\"><span class=\"fs18 c_999\">14. Juni 2026<\/span><br><span class=\"fw700\"><\/span> <span><\/span><br><span class=\"blocki mt10 txti\">Im n\u00e4chsten Jahr feiern wir\u00a070 Jahre Europa Union Kreisverband Hammelburg. Neben zahlreichen Aktivit\u00e4ten sind wieder Reisen geplant. Eine davon ist eine Jubil\u00e4umskreuzfahrt nach Norwegen mit der MSC Magnifica vom 14.-21. Juni 2026.\nSie finden hier die Ausschreibung und das Anmeldeformular.\nBeachten Sie den Anmeldetermin: 30. September 2025.\nBis dahin erhalten Sie den sehr g\u00fcnstigen Jubil\u00e4ums-Fr\u00fchbucherpreis. Es ist f\u00fcr den November eine Informationsveranstaltung geplant, f\u00fcr die auch ein Vertreter der MSC-Cruises erwartet wird.\n<\/span><br><a class=\"blocki w100 txtr\" href=\"https:\/\/eu-bayern.de\/kvhammelburg\/terminarchiv\/jubilaeumskreuzfahrt-nach-norwegen\/\">Details<\/a><\/div><\/div><\/div><\/div><\/div><\/div><div class=\"fusion-sep-clear\"><\/div><div class=\"fusion-separator fusion-full-width-sep fusion-clearfix\" style=\"float:left;margin-top:5px;margin-bottom:5px;width:100%;\"><div class=\"fusion-separator-border sep-single sep-dashed\" style=\"border-color:#ccc;border-top-width:1px;\"><\/div><\/div><div class=\"fusion-sep-clear\"><\/div><div class=\"fusion-clearfix\"><\/div><\/div><\/div><\/div><div class=\"fusion-builder-row fusion-builder-row-inner fusion-row\"><div class=\"fusion-layout-column fusion_builder_column_inner fusion-builder-nested-column-4 fusion_builder_column_inner_1_3 1_3 fusion-one-third fusion-column-first\" style=\"width:30.6666%; margin-right: 4%;margin-top:0px;margin-bottom:20px;\"><div class=\"fusion-column-wrapper fusion-flex-column-wrapper-legacy\" style=\"background-position:left top;background-repeat:no-repeat;-webkit-background-size:cover;-moz-background-size:cover;-o-background-size:cover;background-size:cover;padding: 0px 0px 0px 0px;\"><style type=\"text\/css\"><\/style><div class=\"fusion-title title fusion-title-3 fusion-title-text fusion-title-size-two txti\" style=\"margin-top:0px;margin-right:0px;margin-bottom:31px;margin-left:0px;\"><h2 class=\"title-heading-left fusion-responsive-typography-calculated\" style=\"margin:0;--fontSize:18;--minFontSize:18px;line-height:1;\">Juli 2026<\/h2><span class=\"awb-title-spacer\"><\/span><div class=\"title-sep-container\"><div class=\"title-sep sep-double sep-solid\" style=\"border-color:#e0dede;\"><\/div><\/div><\/div><div class=\"fusion-clearfix\"><\/div><\/div><\/div><div class=\"fusion-layout-column fusion_builder_column_inner fusion-builder-nested-column-5 fusion_builder_column_inner_2_3 2_3 fusion-two-third fusion-column-last\" style=\"width:65.3333%;margin-top:0px;margin-bottom:20px;\"><div class=\"fusion-column-wrapper fusion-flex-column-wrapper-legacy\" style=\"background-position:left top;background-repeat:no-repeat;-webkit-background-size:cover;-moz-background-size:cover;-o-background-size:cover;background-size:cover;padding: 0px 0px 0px 0px;\"><div class=\"box3\"><div class=\"box4\">22<\/div><style type=\"text\/css\">.fusion-accordian  #accordion-16-6 .panel-title a .fa-fusion-box{ color: #ffffff;}.fusion-accordian  #accordion-16-6 .panel-title a .fa-fusion-box:before{ font-size: 14px; width: 14px;}.fusion-accordian  #accordion-16-6 .panel-title a{font-size:13px;}.fusion-accordian  #accordion-16-6 .fa-fusion-box { background-color: #2a973e;border-color: #2a973e;}.fusion-accordian  #accordion-16-6 .panel-title a:hover, #accordion-16-6 .fusion-toggle-boxed-mode:hover .panel-title a { color: #2a973e;}.fusion-accordian  #accordion-16-6 .panel-title .active .fa-fusion-box,.fusion-accordian  #accordion-16-6 .panel-title a:hover .fa-fusion-box { background-color: #2a973e!important;border-color: #2a973e!important;}<\/style><div class=\"accordian fusion-accordian box6\"><div class=\"panel-group\" id=\"accordion-16-6\"><div class=\"fusion-panel panel-default fusion-toggle-no-divider\"><div class=\"panel-heading\"><h4 class=\"panel-title toggle\"><a aria-expanded=\"false\" aria-controls=\"cb2d375d8ed095197\" role=\"button\" data-toggle=\"collapse\" data-parent=\"#accordion-16-6\" data-target=\"#cb2d375d8ed095197\" href=\"#cb2d375d8ed095197\"><span class=\"fusion-toggle-icon-wrapper\" aria-hidden=\"true\"><i class=\"fa-fusion-box\" aria-hidden=\"true\"><\/i><\/span><span class=\"fusion-toggle-heading\">Jubil\u00e4umsausflug nach Spiegelau\/Bayerischer Wald<\/span><\/a><\/h4><\/div><div id=\"cb2d375d8ed095197\" class=\"panel-collapse collapse \"><div class=\"panel-body toggle-content fusion-clearfix\"><span class=\"fs18 c_999\">22. Juli 2026<\/span><br><span class=\"fw700\"><\/span> <span><\/span><br><span class=\"blocki mt10 txti\">70 Jahre Europa Union Kreisverband Hammelburg\nJubil\u00e4umsausflug nach Spiegelau\/Bayerischer Wald\nzum Jubil\u00e4umssonderpreis \u20ac 498.&#8211;\nvon Mittwoch, 22. Juli \u2013 Sonntag, 26. Juli 2026\nLeistungen:\n\u25aa Fahrt mit einem modernen Bus der Firma GWK-Reisen Bad-Kissingen\n\u25aa Hotelarrangement Hotel Tannenhof,4 N\u00e4chte mit Halbpension\n\u25aa Tagesausflug \u00fcber Zwiesel, Bayerisch-Eisenstein zur Talstation des Gro\u00dfen Arber (1455 m.), Fahrt mit dem Sessellift. R\u00fcckfahrt \u00fcber Bodenmais ins Hotel.\n\u25aa Tagesausflug nach Passau mit Schifffahrt auf der Donau, M\u00f6glichkeit zur Stadtbesichtigung\n\u25aa Ein Tag zur freien Verf\u00fcgung. M\u00f6glichkeit zu einer Wanderung oder der Besichtigung der Glash\u00fctte Spiegelau mit Einkaufsm\u00f6glichkeit\n\u25aa Kostenlose Nutzung des Hallenbades und die Saunen\n\u25aa Trinkgeld f\u00fcr den Busfahrer\n\u25aa Reisepreissicherungsschein\n\u25aa Einzelzimmerzuschlag: 80 \u20ac\n\u25aa Nichtmitgliederzuschlag: 40 \u20ac\nVeranstalter:\nEuropa Union KV Hammelburg\nOrganisation: Edgar Hirt (0152\/52470949, edgarhirt@web.de)\nSie finden hier die Ausschreibung und das Anmeldeformular.\n<\/span><br><a class=\"blocki w100 txtr\" href=\"https:\/\/eu-bayern.de\/kvhammelburg\/terminarchiv\/jubilaeumsausflug-nach-spiegelau-bayerischer-wald\/\">Details<\/a><\/div><\/div><\/div><\/div><\/div><\/div><div class=\"fusion-sep-clear\"><\/div><div class=\"fusion-separator fusion-full-width-sep fusion-clearfix\" style=\"float:left;margin-top:5px;margin-bottom:5px;width:100%;\"><div class=\"fusion-separator-border sep-single sep-dashed\" style=\"border-color:#ccc;border-top-width:1px;\"><\/div><\/div><div class=\"fusion-sep-clear\"><\/div><div class=\"fusion-clearfix\"><\/div><\/div><\/div><\/div><div class=\"fusion-builder-row fusion-builder-row-inner fusion-row\"><div class=\"fusion-layout-column fusion_builder_column_inner fusion-builder-nested-column-6 fusion_builder_column_inner_1_3 1_3 fusion-one-third fusion-column-first\" style=\"width:30.6666%; margin-right: 4%;margin-top:0px;margin-bottom:20px;\"><div class=\"fusion-column-wrapper fusion-flex-column-wrapper-legacy\" style=\"background-position:left top;background-repeat:no-repeat;-webkit-background-size:cover;-moz-background-size:cover;-o-background-size:cover;background-size:cover;padding: 0px 0px 0px 0px;\"><style type=\"text\/css\"><\/style><div class=\"fusion-title title fusion-title-4 fusion-title-text fusion-title-size-two txti\" style=\"margin-top:0px;margin-right:0px;margin-bottom:31px;margin-left:0px;\"><h2 class=\"title-heading-left fusion-responsive-typography-calculated\" style=\"margin:0;--fontSize:18;--minFontSize:18px;line-height:1;\">August 2026<\/h2><span class=\"awb-title-spacer\"><\/span><div class=\"title-sep-container\"><div class=\"title-sep sep-double sep-solid\" style=\"border-color:#e0dede;\"><\/div><\/div><\/div><div class=\"fusion-clearfix\"><\/div><\/div><\/div><div class=\"fusion-layout-column fusion_builder_column_inner fusion-builder-nested-column-7 fusion_builder_column_inner_2_3 2_3 fusion-two-third fusion-column-last\" style=\"width:65.3333%;margin-top:0px;margin-bottom:20px;\"><div class=\"fusion-column-wrapper fusion-flex-column-wrapper-legacy\" style=\"background-position:left top;background-repeat:no-repeat;-webkit-background-size:cover;-moz-background-size:cover;-o-background-size:cover;background-size:cover;padding: 0px 0px 0px 0px;\"><div class=\"box3\"><div class=\"box4\">16<\/div><style type=\"text\/css\">.fusion-accordian  #accordion-16-7 .panel-title a .fa-fusion-box{ color: #ffffff;}.fusion-accordian  #accordion-16-7 .panel-title a .fa-fusion-box:before{ font-size: 14px; width: 14px;}.fusion-accordian  #accordion-16-7 .panel-title a{font-size:13px;}.fusion-accordian  #accordion-16-7 .fa-fusion-box { background-color: #2a973e;border-color: #2a973e;}.fusion-accordian  #accordion-16-7 .panel-title a:hover, #accordion-16-7 .fusion-toggle-boxed-mode:hover .panel-title a { color: #2a973e;}.fusion-accordian  #accordion-16-7 .panel-title .active .fa-fusion-box,.fusion-accordian  #accordion-16-7 .panel-title a:hover .fa-fusion-box { background-color: #2a973e!important;border-color: #2a973e!important;}<\/style><div class=\"accordian fusion-accordian box6\"><div class=\"panel-group\" id=\"accordion-16-7\"><div class=\"fusion-panel panel-default fusion-toggle-no-divider\"><div class=\"panel-heading\"><h4 class=\"panel-title toggle\"><a aria-expanded=\"false\" aria-controls=\"d8fae92f3d4faaaad\" role=\"button\" data-toggle=\"collapse\" data-parent=\"#accordion-16-7\" data-target=\"#d8fae92f3d4faaaad\" href=\"#d8fae92f3d4faaaad\"><span class=\"fusion-toggle-icon-wrapper\" aria-hidden=\"true\"><i class=\"fa-fusion-box\" aria-hidden=\"true\"><\/i><\/span><span class=\"fusion-toggle-heading\">Tagesfahrt Frankenfestspiele - Operette \u201eFRAU LUNA\u201c<\/span><\/a><\/h4><\/div><div id=\"d8fae92f3d4faaaad\" class=\"panel-collapse collapse \"><div class=\"panel-body toggle-content fusion-clearfix\"><span class=\"fs18 c_999\">16. August 2026<\/span><br><span class=\"fw700\"><\/span> <span><\/span><br><span class=\"blocki mt10 txti\">Tagesfahrt \u201eFrankenfestspiele\u201c\nFreilichtheater im Burghof der Burg Brattenstein\nzur Operette in zwei Akten \u201eFRAU LUNA\u201c von Paul Lincke\nam 16. August 2026\nReiseleitung: Rita Schaupp, Hannelore Bauer, Balonier-Werner Sybille\nDie kleine Weinstadt ist seit 1953 erste \u201eEuropastadt\u201c und liegt im lieblichen Taubertal. Die Europastadt R\u00f6ttingen punktet nicht nur mit herausragendem Freilichttheater in au\u00dfergew\u00f6hnlichem Ambiente, sondern auch mit Attraktionen wie dem Sonnenuhrenweg, dem Skulpturenweg, oder dem Weinbaumuseum. Besonderes Highlight ist die in Deutschland einzigartige Tr\u00fcffel-Besichtigungsplantage.\nDas Theater liegt unter freiem Himmel vor der wundersch\u00f6nen Kulisse im Burghof der Burg Brattenstein. Dieser Spirit von R\u00f6ttingen ist \u00fcber die kommunalen Grenzen hinaus bekannt. Besonderheit bei den Festspielen ist die Bestuhlung im Burghof mit Tischen. Die Sitzpl\u00e4tze auf der \u00fcberdachten Trib\u00fcne verf\u00fcgen \u00fcber kleine Abstellfl\u00e4chen, sodass auch w\u00e4hrend der Vorstellung ein \u201eSch\u00f6ppchen\u201c zu genie\u00dfen ist.\nIn einer vom musikalischen Leiter der Frankenfestspiele \u00fcberarbeiteten \u201eR\u00f6ttinger Fassung\u201c kann man die wundersame, h\u00f6chst vergn\u00fcgliche Fahrt zum Mond neu erleben. Mit Hits wie \u201eDas ist die Berliner Luft, Luft, Luft\u201c, \u201eSchenk mir doch ein kleines bisschen Liebe\u201c oder \u201eSchl\u00f6sser, die im Monde liegen\u201c wird jeder seinen Spa\u00df an der herrlichen Geschichte haben. Der Mechaniker Fritze Steppke ist sehr interessiert an der Fliegerei und an Au\u00dferirdischem. Daher bastelt er einen Ballon f\u00fcr die gro\u00dfe Mondfahrt. Nach tats\u00e4chlich gegl\u00fcckter Reise mit seinen besten Freunden und seiner Vermieterin stellen die Reisenden fest, dass der Mond ein reiner Vergn\u00fcgungspark zu sein scheint. Bei rauschenden Festen der erstaunlichen Mondgesellschaft gibt es dort jede Menge amour\u00f6se Verstrickungen. Dann platzt der Ballon und eine ersehnte R\u00fcckreise scheint unm\u00f6glich \u2026\nGeplanter Reiseverlauf:\nSonntag 16. August 2026\n13.00 Uhr Abfahrt in Bad Kissingen, Geschwister-Scholl-Platz 1, (JUZ\/Kino)\n13:15 Uhr Abfahrt in Bad Kissingen Berliner Platz\n14.00 Uhr Abfahrt in Hammelburg, Bushaltestelle Weihertorplatz\n15.30 Uhr ca. Ankunft in R\u00f6ttingen\n15.30 \u2013 17.00 Uhr Stadtf\u00fchrung in 2 Gruppen\n17.00 \u2013 19.00 Uhr Einkehr bei der Winzerfamilie Fries (nicht includiert)\n19.00 Uhr Fu\u00dfweg zur Burg Brattenstein (10 Min.)\n19.30 Uhr Beginn der Operette \u201eFrau Luna\u201c\nca. 22.15 Uhr R\u00fcckfahrt nach Hammelburg und Bad Kissingen\nLeistungspaket:\n&#8211; Fahrt im GWK-Komfort-Reisebus\n&#8211; Stadtf\u00fchrung\n&#8211; Reservierter Sitzplatz auf der \u00fcberdachten Trib\u00fcne\n&#8211; Trinkgeld (Stadtf\u00fchrung und Fahrer)\nPreis p. P. f\u00fcr Mitglieder. \u20ac 80,00\nPreis p. P. f\u00fcr Nichtmitglieder \u20ac 85,00\nHier finden Sie die Ausschreibung sowie das Anmeldeformular.\n<\/span><br><a class=\"blocki w100 txtr\" href=\"https:\/\/eu-bayern.de\/kvhammelburg\/terminarchiv\/tagesfahrt-frankenfestspiele\/\">Details<\/a><\/div><\/div><\/div><\/div><\/div><\/div><div class=\"fusion-sep-clear\"><\/div><div class=\"fusion-separator fusion-full-width-sep fusion-clearfix\" style=\"float:left;margin-top:5px;margin-bottom:5px;width:100%;\"><div class=\"fusion-separator-border sep-single sep-dashed\" style=\"border-color:#ccc;border-top-width:1px;\"><\/div><\/div><div class=\"fusion-sep-clear\"><\/div><div class=\"fusion-clearfix\"><\/div><\/div><\/div><\/div><div class=\"fusion-alignright\"><style>.fusion-button.button-1{border-radius:0px 0px 0px 0px;}<\/style><a class=\"fusion-button button-flat fusion-button-default-size button-default button-1 fusion-button-default-span fusion-button-default-type\" target=\"_self\" href=\"https:\/\/eu-bayern.de\/kvhammelburg\/terminarchiv\"><span class=\"fusion-button-text\">TERMINARCHIV ANZEIGEN<\/span><\/a><\/div><div class=\"fusion-clearfix\"><\/div><\/div><\/div><\/div><\/div>\n","protected":false},"excerpt":{"rendered":"","protected":false},"author":1,"featured_media":0,"parent":0,"menu_order":0,"comment_status":"closed","ping_status":"closed","template":"","meta":[],"acf":[],"_links":{"self":[{"href":"https:\/\/eu-bayern.de\/kvhammelburg\/wp-json\/wp\/v2\/pages\/16"}],"collection":[{"href":"https:\/\/eu-bayern.de\/kvhammelburg\/wp-json\/wp\/v2\/pages"}],"about":[{"href":"https:\/\/eu-bayern.de\/kvhammelburg\/wp-json\/wp\/v2\/types\/page"}],"author":[{"embeddable":true,"href":"https:\/\/eu-bayern.de\/kvhammelburg\/wp-json\/wp\/v2\/users\/1"}],"replies":[{"embeddable":true,"href":"https:\/\/eu-bayern.de\/kvhammelburg\/wp-json\/wp\/v2\/comments?post=16"}],"version-history":[{"count":2,"href":"https:\/\/eu-bayern.de\/kvhammelburg\/wp-json\/wp\/v2\/pages\/16\/revisions"}],"predecessor-version":[{"id":905,"href":"https:\/\/eu-bayern.de\/kvhammelburg\/wp-json\/wp\/v2\/pages\/16\/revisions\/905"}],"wp:attachment":[{"href":"https:\/\/eu-bayern.de\/kvhammelburg\/wp-json\/wp\/v2\/media?parent=16"}],"curies":[{"name":"wp","href":"https:\/\/api.w.org\/{rel}","templated":true}]}}