{"id":97,"date":"2017-12-09T15:05:32","date_gmt":"2017-12-09T14:05:32","guid":{"rendered":"https:\/\/eu-bayern.de\/kv-bad-toelz-wolfratshausen-2\/?page_id=97"},"modified":"2019-09-28T22:59:19","modified_gmt":"2019-09-28T20:59:19","slug":"aktuelles","status":"publish","type":"page","link":"https:\/\/eu-bayern.de\/kv-bad-toelz-wolfratshausen\/aktuelles\/","title":{"rendered":"Artikel"},"content":{"rendered":"<div class=\"fusion-fullwidth fullwidth-box fusion-builder-row-1 nonhundred-percent-fullwidth non-hundred-percent-height-scrolling\" style=\"background-color: rgba(255,255,255,0);background-position: center center;background-repeat: no-repeat;padding-top:0px;padding-right:0px;padding-bottom:0px;padding-left:0px;margin-bottom: 0px;margin-top: 0px;border-width: 0px 0px 0px 0px;border-color:#eae9e9;border-style:solid;\" ><div class=\"fusion-builder-row fusion-row\"><div class=\"fusion-layout-column fusion_builder_column fusion-builder-column-0 fusion_builder_column_1_1 1_1 fusion-one-full fusion-column-first fusion-column-last\" style=\"margin-top:0px;margin-bottom:20px;\"><div class=\"fusion-column-wrapper fusion-flex-column-wrapper-legacy\" style=\"background-position:left top;background-repeat:no-repeat;-webkit-background-size:cover;-moz-background-size:cover;-o-background-size:cover;background-size:cover;padding: 0px 0px 0px 0px;\"><div class=\"fusion-blog-shortcode fusion-blog-shortcode-1 fusion-blog-archive fusion-blog-layout-medium fusion-blog-pagination\"><div class=\"fusion-posts-container fusion-posts-container-pagination\" data-pages=\"4\"><article id=\"blog-1-post-927\" class=\"fusion-post-medium post-927 post type-post status-publish format-standard hentry category-allgemein\">\n\t<style type=\"text\/css\">\n\t\t\n\t\t\n\t\t\n\t\t\n\t\t\t<\/style>\n\n\n<div class=\"fusion-post-content post-content\"><h2 class=\"blog-shortcode-post-title entry-title\"><a href=\"https:\/\/eu-bayern.de\/kv-bad-toelz-wolfratshausen\/europa-im-fokus-hochkaraetiger-diskurs-mit-prof-weidenfeld-und-edmund-stoiber-in-wolfratshausen\/\">Europa im Fokus: Hochkar\u00e4tiger Diskurs mit Prof. Weidenfeld und Edmund Stoiber in Wolfratshausen<\/a><\/h2><div class=\"fusion-post-content-container\">\n<p><span style=\"font-weight: 400\">Zu einem besonderen politischen Abend lud die Europa-Union Bad T\u00f6lz-Wolfratshausen\u00a0 in das Wirtshaus Fl\u00f6\u00dferei ein. Als Hauptreferenten konnte der Kreisverband den renommierten Politikwissenschaftler und langj\u00e4hrigen Regierungsberater <\/span><b>Prof. Werner Weidenfeld<\/b><span style=\"font-weight: 400\"> gewinnen. Unter den G\u00e4sten befand sich auch ein prominentes Mitglied des Verbandes: Der ehemalige bayerische Ministerpr\u00e4sident <\/span><b>Edmund Stoiber<\/b><span style=\"font-weight: 400\"> lie\u00df es sich nicht nehmen, der Veranstaltung in seinem Heimatort beizuwohnen und den europapolitischen Dialog pers\u00f6nlich zu unterst\u00fctzen. Er stellte insbesondere die Leistungen des Kreisvorsitzenden Alexander Lippert heraus, der immer wieder interessante europ\u00e4ische Themen anbietet.<\/span><\/p>\n<p><span style=\"font-weight: 400\">In seinem Vortrag schlug Prof. Weidenfeld einen weiten Bogen [\u2026]<\/span><\/p>\n<\/div><\/div><div class=\"fusion-clearfix\"><\/div><div class=\"fusion-meta-info\"><div class=\"fusion-alignleft\"><span class=\"updated\" style=\"display:none;\">2026-01-29T11:16:10+01:00<\/span><span>29. Januar, 2026<\/span><span class=\"fusion-inline-sep\">|<\/span><a href=\"https:\/\/eu-bayern.de\/kv-bad-toelz-wolfratshausen\/c\/allgemein\/\" rel=\"category tag\">Allgemein<\/a><span class=\"fusion-inline-sep\">|<\/span><\/div><\/div><\/article>\n<article id=\"blog-1-post-832\" class=\"fusion-post-medium post-832 post type-post status-publish format-standard hentry category-allgemein\">\n\t<style type=\"text\/css\">\n\t\t\n\t\t\n\t\t\n\t\t\n\t\t\t<\/style>\n\n\n<div class=\"fusion-post-content post-content\"><h2 class=\"blog-shortcode-post-title entry-title\"><a href=\"https:\/\/eu-bayern.de\/kv-bad-toelz-wolfratshausen\/studienreise-der-europa-union-deutschland-nach-suedtirol-vom-21-28-oktober-2024\/\">Studienreise der Europa-Union Deutschland nach S\u00fcdtirol vom 21.-28. Oktober 2024<\/a><\/h2><div class=\"fusion-post-content-container\">\n<p class=\"tinymce_own02\">Auf Initiative der Europa-Union Leverkusen fand eine Reise mit Teilnehmern aus Bonn, Haan und Leverkusen zun\u00e4chst nach Bernried an den Starnberger See statt.<\/p>\n<p>Nachdem die Reisegruppe um die bayerischen Freunde des Kreisverbandes der Europa-Union aus Bad T\u00f6lz-Wolfratshausen erweitert worden war, ging die Fahrt \u00fcber den Brenner an der Eisack entlang nach Brixen. Eine kundige S\u00fcdtirolerin brachte der Gruppe w\u00e4hrend der ganzen Reise ihre Heimat nahe und informierte interessant und kurzweilig \u00fcber Geschichte, Kultur und alles Wissenswerte aus der Region. Brixen, eine der \u00e4ltesten St\u00e4dte Tirols begeistertedurch seine zauberhafte Altstadt, den Kreuzgang des Doms und nicht zuletzt die Hofburg. [\u2026]<\/p>\n<\/div><\/div><div class=\"fusion-clearfix\"><\/div><div class=\"fusion-meta-info\"><div class=\"fusion-alignleft\"><span class=\"updated\" style=\"display:none;\">2024-11-13T19:53:07+01:00<\/span><span>13. November, 2024<\/span><span class=\"fusion-inline-sep\">|<\/span><a href=\"https:\/\/eu-bayern.de\/kv-bad-toelz-wolfratshausen\/c\/allgemein\/\" rel=\"category tag\">Allgemein<\/a><span class=\"fusion-inline-sep\">|<\/span><\/div><\/div><\/article>\n<article id=\"blog-1-post-830\" class=\"fusion-post-medium post-830 post type-post status-publish format-standard hentry category-allgemein\">\n\t<style type=\"text\/css\">\n\t\t\n\t\t\n\t\t\n\t\t\n\t\t\t<\/style>\n\n\n<div class=\"fusion-post-content post-content\"><h2 class=\"blog-shortcode-post-title entry-title\"><a href=\"https:\/\/eu-bayern.de\/kv-bad-toelz-wolfratshausen\/stellungnahme-im-muenchner-merkur-anlaesslich-der-wahl-von-donald-trump-zum-47-praesidenten-der-usa\/\">Stellungnahme im M\u00fcnchner Merkur anl\u00e4sslich der Wahl von Donald Trump zum 47. Pr\u00e4sidenten der USA<\/a><\/h2><div class=\"fusion-post-content-container\">\n<p>Aus dem <a href=\"https:\/\/www.merkur.de\/lokales\/bad-toelz\/bad-toelz-ort28297\/wahl-von-donald-trump-vielleicht-kommen-die-reformen-schneller-93399175.html\">M\u00fcnchner Merkur<\/a>, 8. November 2024<\/p>\n<p>\u201eDie Wahrscheinlichkeit, dass es zu diesem Wahlergebnis kommt, war relativ hoch. Gehofft haben wir was Anderes. Europa ist jetzt gefordert, in kritischen Kernthemen eng zusammenzuarbeiten \u2013 gerade in Bereichen Verteidigung, Klimakrise, Z\u00f6lle und Welthandel. Das sind gro\u00dfe Herausforderungen, weil wir in Europa viele Schl\u00fcssel-Technologien nicht haben. Da ist sehr, sehr viel Geld und Initiative notwendig, um aufzuholen. Ein gro\u00dfer Weckruf an Europa, weniger \u00fcberraschend als vor acht Jahren. Immerhin sind jetzt schon mehr Strukturen geschaffen als 2016. Der positive Aspekt: Krisen helfen der EU, weiterzuwachsen. Das war schon bei den letzten [\u2026]<\/p>\n<\/div><\/div><div class=\"fusion-clearfix\"><\/div><div class=\"fusion-meta-info\"><div class=\"fusion-alignleft\"><span class=\"updated\" style=\"display:none;\">2024-11-13T19:43:36+01:00<\/span><span>13. November, 2024<\/span><span class=\"fusion-inline-sep\">|<\/span><a href=\"https:\/\/eu-bayern.de\/kv-bad-toelz-wolfratshausen\/c\/allgemein\/\" rel=\"category tag\">Allgemein<\/a><span class=\"fusion-inline-sep\">|<\/span><\/div><\/div><\/article>\n<article id=\"blog-1-post-823\" class=\"fusion-post-medium post-823 post type-post status-publish format-standard has-post-thumbnail hentry category-allgemein\">\n\t<style type=\"text\/css\">\n\t\t\n\t\t\n\t\t\n\t\t\n\t\t\t<\/style>\n\n\n\t\t\t<div class=\"fusion-flexslider flexslider fusion-flexslider-loading fusion-post-slideshow\" style=\"\">\n\t\t<ul class=\"slides\">\n\t\t\t\n\t\t\t\t\t\t\t\t\t\t\t\t\t\t<li><div  class=\"fusion-image-wrapper fusion-image-size-fixed\" aria-haspopup=\"true\">\n\t\t\t\t\t\t\t<a href=\"https:\/\/eu-bayern.de\/zusammenhalt-stuttgarter-signal-und-mehr-beim-eud-bundeskongress-2024\/\" aria-label=\"Zusammenhalt, \u201eStuttgarter Signal\u201c und mehr beim Bundeskongress 2024 der Europa-Union Deutschland\">\n\t\t\t\t\t\t\t<img width=\"800\" height=\"361\" src=\"https:\/\/eu-bayern.de\/kv-bad-toelz-wolfratshausen\/wp-content\/uploads\/sites\/60\/2024\/10\/20241019_134528_4237922.jpg\" class=\"attachment-blog-medium size-blog-medium wp-post-image\" alt=\"Europa-Union Bayern auf dem Bundeskongress 2024\" \/>\t\t\t<\/a>\n\t\t\t\t\t\t\t<\/div>\n<\/li>\n\t\t\t\n\t\t\t\n\t\t\t\t\t\t\t\t<\/ul>\n\t<\/div>\n\t<div class=\"fusion-post-content post-content\"><h2 class=\"blog-shortcode-post-title entry-title\"><a href=\"https:\/\/eu-bayern.de\/zusammenhalt-stuttgarter-signal-und-mehr-beim-eud-bundeskongress-2024\/\">Zusammenhalt, \u201eStuttgarter Signal\u201c und mehr beim Bundeskongress 2024 der Europa-Union Deutschland<\/a><\/h2><span class=\"pbroadcast\">Quelle: <a href=\"https:\/\/eu-bayern.de\/zusammenhalt-stuttgarter-signal-und-mehr-beim-eud-bundeskongress-2024\/\" title=\"Europa-Union Bayern e.V.\" target=\"_blank\">Europa-Union Bayern e.V.<\/a><\/span><div class=\"fusion-post-content-container\"><p>Einen ereignisreichen 67. Bundeskongress der Europa-Union Deutschland erlebten die mehr als 20 Delegierten der Europa-Union Bayern in Stuttgart in der Sparkassenakademie Baden-W\u00fcrttemberg. Mit dem Stuttgarter Signal, ...<\/p><\/div><\/div><div class=\"fusion-clearfix\"><\/div><div class=\"fusion-meta-info\"><div class=\"fusion-alignleft\"><span class=\"updated\" style=\"display:none;\">2024-11-13T19:56:29+01:00<\/span><span>27. Oktober, 2024<\/span><span class=\"fusion-inline-sep\">|<\/span><a href=\"https:\/\/eu-bayern.de\/kv-bad-toelz-wolfratshausen\/c\/allgemein\/\" rel=\"category tag\">Allgemein<\/a><span class=\"fusion-inline-sep\">|<\/span><\/div><\/div><\/article>\n<article id=\"blog-1-post-821\" class=\"fusion-post-medium post-821 post type-post status-publish format-standard hentry category-allgemein\">\n\t<style type=\"text\/css\">\n\t\t\n\t\t\n\t\t\n\t\t\n\t\t\t<\/style>\n\n\n<div class=\"fusion-post-content post-content\"><h2 class=\"blog-shortcode-post-title entry-title\"><a href=\"https:\/\/eu-bayern.de\/wir-stehen-fuer-das-miteinander\/\">Wir stehen f\u00fcr das Miteinander!<\/a><\/h2><span class=\"pbroadcast\">Quelle: <a href=\"https:\/\/eu-bayern.de\/wir-stehen-fuer-das-miteinander\/\" title=\"Europa-Union Bayern e.V.\" target=\"_blank\">Europa-Union Bayern e.V.<\/a><\/span><div class=\"fusion-post-content-container\"><p>Ob Th\u00fcringen, Sachsen oder Brandenburg \u2013 die Akzeptanz glaubhaft demokratisch orientierter Parteien schwindet. Wohin soll das f\u00fchren? Und warum steht die Europa-Union f\u00fcr das Miteinander?\r\nGedanken unseres Landesvorsitzenden <\/p><\/div><\/div><div class=\"fusion-clearfix\"><\/div><div class=\"fusion-meta-info\"><div class=\"fusion-alignleft\"><span class=\"updated\" style=\"display:none;\">2024-11-13T19:57:07+01:00<\/span><span>10. Oktober, 2024<\/span><span class=\"fusion-inline-sep\">|<\/span><a href=\"https:\/\/eu-bayern.de\/kv-bad-toelz-wolfratshausen\/c\/allgemein\/\" rel=\"category tag\">Allgemein<\/a><span class=\"fusion-inline-sep\">|<\/span><\/div><\/div><\/article>\n<article id=\"blog-1-post-814\" class=\"fusion-post-medium post-814 post type-post status-publish format-standard has-post-thumbnail hentry category-allgemein\">\n\t<style type=\"text\/css\">\n\t\t\n\t\t\n\t\t\n\t\t\n\t\t\t<\/style>\n\n\n\t\t\t<div class=\"fusion-flexslider flexslider fusion-flexslider-loading fusion-post-slideshow\" style=\"\">\n\t\t<ul class=\"slides\">\n\t\t\t\n\t\t\t\t\t\t\t\t\t\t\t\t\t\t<li><div  class=\"fusion-image-wrapper fusion-image-size-fixed\" aria-haspopup=\"true\">\n\t\t\t\t\t\t\t<a href=\"https:\/\/eu-bayern.de\/bayern-in-europa-mit-veranstaltungstipps-ausblick-und-rueckblick-erschienen\/\" aria-label=\"Bayern in Europa &#8211; mit Ausblick, R\u00fcckblick und Veranstaltungstipps\">\n\t\t\t\t\t\t\t<img width=\"568\" height=\"503\" src=\"https:\/\/eu-bayern.de\/kv-bad-toelz-wolfratshausen\/wp-content\/uploads\/sites\/60\/2024\/10\/BayerninEuropa-2-2024_Seite_1-part-e1728563644177_5070231_4318289.jpg\" class=\"attachment-blog-medium size-blog-medium wp-post-image\" alt=\"Bayern in Europa\" \/>\t\t\t<\/a>\n\t\t\t\t\t\t\t<\/div>\n<\/li>\n\t\t\t\n\t\t\t\n\t\t\t\t\t\t\t\t<\/ul>\n\t<\/div>\n\t<div class=\"fusion-post-content post-content\"><h2 class=\"blog-shortcode-post-title entry-title\"><a href=\"https:\/\/eu-bayern.de\/bayern-in-europa-mit-veranstaltungstipps-ausblick-und-rueckblick-erschienen\/\">Bayern in Europa &#8211; mit Ausblick, R\u00fcckblick und Veranstaltungstipps<\/a><\/h2><span class=\"pbroadcast\">Quelle: <a href=\"https:\/\/eu-bayern.de\/bayern-in-europa-mit-veranstaltungstipps-ausblick-und-rueckblick-erschienen\/\" title=\"Europa-Union Bayern e.V.\" target=\"_blank\">Europa-Union Bayern e.V.<\/a><\/span><div class=\"fusion-post-content-container\"><p>Warum die Aktiven der Europa-Union f\u00fcr das Miteinander stehen, Einblicke in die Landesversammlungen, zum Europ\u00e4ischen Wettbewerb und Aktivit\u00e4ten der Kreis- und Bezirksverb\u00e4nde finden Sie in dieser Ausgaben von Bayern in Europa. Au\u00dferdem im Ausblick: M\u00f6glichkeiten zur Beteiligung am 72. Europ\u00e4ischen Wettbewerb, wie Sie sich 2025 eine Indoor Ausstellung leihen und zur Veranstaltung \u00fcber Chancen und Risiken des digitalen Euro.<\/p><\/div><\/div><div class=\"fusion-clearfix\"><\/div><div class=\"fusion-meta-info\"><div class=\"fusion-alignleft\"><span class=\"updated\" style=\"display:none;\">2024-11-13T19:57:36+01:00<\/span><span>10. Oktober, 2024<\/span><span class=\"fusion-inline-sep\">|<\/span><a href=\"https:\/\/eu-bayern.de\/kv-bad-toelz-wolfratshausen\/c\/allgemein\/\" rel=\"category tag\">Allgemein<\/a><span class=\"fusion-inline-sep\">|<\/span><\/div><\/div><\/article>\n<article id=\"blog-1-post-805\" class=\"fusion-post-medium post-805 post type-post status-publish format-standard has-post-thumbnail hentry category-allgemein\">\n\t<style type=\"text\/css\">\n\t\t\n\t\t\n\t\t\n\t\t\n\t\t\t<\/style>\n\n\n\t\t\t<div class=\"fusion-flexslider flexslider fusion-flexslider-loading fusion-post-slideshow\" style=\"\">\n\t\t<ul class=\"slides\">\n\t\t\t\n\t\t\t\t\t\t\t\t\t\t\t\t\t\t<li><div  class=\"fusion-image-wrapper fusion-image-size-fixed\" aria-haspopup=\"true\">\n\t\t\t\t\t\t\t<a href=\"https:\/\/eu-bayern.de\/europa-hat-gewaehlt-was-nun-motto-des-buergerdialogs-und-der-landesversammlung-der-europa-union-bayern\/\" aria-label=\"Europa hat gew\u00e4hlt \u2013 was nun ?!\u201c Motto des B\u00fcrgerdialogs und der Landesversammlung\">\n\t\t\t\t\t\t\t<img width=\"800\" height=\"451\" src=\"https:\/\/eu-bayern.de\/kv-bad-toelz-wolfratshausen\/wp-content\/uploads\/sites\/60\/2024\/06\/LVS-Bild_5841577_6730755.jpg\" class=\"attachment-blog-medium size-blog-medium wp-post-image\" alt=\"Landesversammlung N\u00fcrnberg\" \/>\t\t\t<\/a>\n\t\t\t\t\t\t\t<\/div>\n<\/li>\n\t\t\t\n\t\t\t\n\t\t\t\t\t\t\t\t<\/ul>\n\t<\/div>\n\t<div class=\"fusion-post-content post-content\"><h2 class=\"blog-shortcode-post-title entry-title\"><a href=\"https:\/\/eu-bayern.de\/europa-hat-gewaehlt-was-nun-motto-des-buergerdialogs-und-der-landesversammlung-der-europa-union-bayern\/\">Europa hat gew\u00e4hlt \u2013 was nun ?!\u201c Motto des B\u00fcrgerdialogs und der Landesversammlung<\/a><\/h2><span class=\"pbroadcast\">Quelle: <a href=\"https:\/\/eu-bayern.de\/europa-hat-gewaehlt-was-nun-motto-des-buergerdialogs-und-der-landesversammlung-der-europa-union-bayern\/\" title=\"Europa-Union Bayern e.V.\" target=\"_blank\">Europa-Union Bayern e.V.<\/a><\/span><div class=\"fusion-post-content-container\"><p>Europa hat gew\u00e4hlt - was nun?! lautet der Titel des B\u00fcrgerdialoges mit Experten, zu dem die \u00fcberparteiliche Europa-Union Bayern am 21. Juni um 17:30 Uhr in die IHK N\u00fcrnberg Interessierte einl\u00e4dt.<\/p><\/div><\/div><div class=\"fusion-clearfix\"><\/div><div class=\"fusion-meta-info\"><div class=\"fusion-alignleft\"><span class=\"updated\" style=\"display:none;\">2024-11-13T19:58:30+01:00<\/span><span>21. Juni, 2024<\/span><span class=\"fusion-inline-sep\">|<\/span><a href=\"https:\/\/eu-bayern.de\/kv-bad-toelz-wolfratshausen\/c\/allgemein\/\" rel=\"category tag\">Allgemein<\/a><span class=\"fusion-inline-sep\">|<\/span><\/div><\/div><\/article>\n<article id=\"blog-1-post-802\" class=\"fusion-post-medium post-802 post type-post status-publish format-standard hentry category-allgemein\">\n\t<style type=\"text\/css\">\n\t\t\n\t\t\n\t\t\n\t\t\n\t\t\t<\/style>\n\n\n<div class=\"fusion-post-content post-content\"><h2 class=\"blog-shortcode-post-title entry-title\"><a href=\"https:\/\/eu-bayern.de\/kv-bad-toelz-wolfratshausen\/aufruf-zur-europawahl\/\">Aufruf zur Europawahl<\/a><\/h2><div class=\"fusion-post-content-container\">\n<p>Der Kreisverband Bad T\u00f6lz-Wolfratshausen ruft in der lokalen Presse die Bev\u00f6lkerung dazu auf, an der Europawahl teilzunehmen:<\/p>\n<p><a href=\"https:\/\/www.merkur.de\/lokales\/wolfratshausen\/wolfratshausen-ort29708\/europawahl-alexander-lippert-kreisvorsitzender-der-europa-union-ruft-zur-stimmabgabe-auf-93080565.html\" target=\"_blank\" rel=\"noopener\">Interview im M\u00fcnchner Merkur<\/a><\/p>\n<\/div><\/div><div class=\"fusion-clearfix\"><\/div><div class=\"fusion-meta-info\"><div class=\"fusion-alignleft\"><span class=\"updated\" style=\"display:none;\">2024-05-23T09:16:54+02:00<\/span><span>23. Mai, 2024<\/span><span class=\"fusion-inline-sep\">|<\/span><a href=\"https:\/\/eu-bayern.de\/kv-bad-toelz-wolfratshausen\/c\/allgemein\/\" rel=\"category tag\">Allgemein<\/a><span class=\"fusion-inline-sep\">|<\/span><\/div><\/div><\/article>\n<article id=\"blog-1-post-799\" class=\"fusion-post-medium post-799 post type-post status-publish format-standard has-post-thumbnail hentry category-allgemein\">\n\t<style type=\"text\/css\">\n\t\t\n\t\t\n\t\t\n\t\t\n\t\t\t<\/style>\n\n\n\t\t\t<div class=\"fusion-flexslider flexslider fusion-flexslider-loading fusion-post-slideshow\" style=\"\">\n\t\t<ul class=\"slides\">\n\t\t\t\n\t\t\t\t\t\t\t\t\t\t\t\t\t\t<li><div  class=\"fusion-image-wrapper fusion-image-size-fixed\" aria-haspopup=\"true\">\n\t\t\t\t\t\t\t<a href=\"https:\/\/eu-bayern.de\/eurhope-bayern-in-europa-sonderausgabe-zur-europawahl-am-09-juni-2024\/\" aria-label=\"EurHope &#8211; Bayern in Europa Sonderausgabe zur Europawahl am 09. Juni 2024\">\n\t\t\t\t\t\t\t<img width=\"800\" height=\"511\" src=\"https:\/\/eu-bayern.de\/kv-bad-toelz-wolfratshausen\/wp-content\/uploads\/sites\/60\/2024\/05\/Bayern-in-Europa_1-2024_Seite_1-part.jpg\" class=\"attachment-blog-medium size-blog-medium wp-post-image\" alt=\"Bayern in Europa - EurHope\" \/>\t\t\t<\/a>\n\t\t\t\t\t\t\t<\/div>\n<\/li>\n\t\t\t\n\t\t\t\n\t\t\t\t\t\t\t\t<\/ul>\n\t<\/div>\n\t<div class=\"fusion-post-content post-content\"><h2 class=\"blog-shortcode-post-title entry-title\"><a href=\"https:\/\/eu-bayern.de\/eurhope-bayern-in-europa-sonderausgabe-zur-europawahl-am-09-juni-2024\/\">EurHope &#8211; Bayern in Europa Sonderausgabe zur Europawahl am 09. Juni 2024<\/a><\/h2><span class=\"pbroadcast\">Quelle: <a href=\"https:\/\/eu-bayern.de\/eurhope-bayern-in-europa-sonderausgabe-zur-europawahl-am-09-juni-2024\/\" title=\"Europa-Union Bayern e.V.\" target=\"_blank\">Europa-Union Bayern e.V.<\/a><\/span><div class=\"fusion-post-content-container\"><p>EurHope - eine besondere Ausgabe Bayern in Europa der \u00fcberparteilichen Europa-Union Bayern zur Europawahl am 09.06.2024 mit aktuellen Informationen der Kreis- und Bezirksverb\u00e4nde in ganz Bayern sowie der Landesebene, dem Bundesverband und Europa ist soeben erschienen - und f\u00fcr die Zeit nach der Europawahl gibt's auch gleich einen Link zum EM-Spielplan<\/p><\/div><\/div><div class=\"fusion-clearfix\"><\/div><div class=\"fusion-meta-info\"><div class=\"fusion-alignleft\"><span class=\"updated\" style=\"display:none;\">2024-11-13T19:59:08+01:00<\/span><span>17. Mai, 2024<\/span><span class=\"fusion-inline-sep\">|<\/span><a href=\"https:\/\/eu-bayern.de\/kv-bad-toelz-wolfratshausen\/c\/allgemein\/\" rel=\"category tag\">Allgemein<\/a><span class=\"fusion-inline-sep\">|<\/span><\/div><\/div><\/article>\n<article id=\"blog-1-post-797\" class=\"fusion-post-medium post-797 post type-post status-publish format-standard hentry category-allgemein\">\n\t<style type=\"text\/css\">\n\t\t\n\t\t\n\t\t\n\t\t\n\t\t\t<\/style>\n\n\n<div class=\"fusion-post-content post-content\"><h2 class=\"blog-shortcode-post-title entry-title\"><a href=\"https:\/\/eu-bayern.de\/die-europaeische-union-darf-nicht-sterben\/\">Die Europ\u00e4ische Union darf nicht sterben!<\/a><\/h2><span class=\"pbroadcast\">Quelle: <a href=\"https:\/\/eu-bayern.de\/die-europaeische-union-darf-nicht-sterben\/\" title=\"Europa-Union Bayern e.V.\" target=\"_blank\">Europa-Union Bayern e.V.<\/a><\/span><div class=\"fusion-post-content-container\"><p>Am 9. Juni wird das Europ\u00e4ische Parlament zum zehnten Mal direkt vom Volk in der Europ\u00e4ischen Union gew\u00e4hlt. Diesmal finden wir eine andere politische Situation wie im Gegensatz zur Vergangenheit vor, da diesmal die Sicherheit Europas im Mittelpunkt steht bzw. bedroht ist,...<\/p><\/div><\/div><div class=\"fusion-clearfix\"><\/div><div class=\"fusion-meta-info\"><div class=\"fusion-alignleft\"><span class=\"updated\" style=\"display:none;\">2024-11-13T19:59:44+01:00<\/span><span>16. Mai, 2024<\/span><span class=\"fusion-inline-sep\">|<\/span><a href=\"https:\/\/eu-bayern.de\/kv-bad-toelz-wolfratshausen\/c\/allgemein\/\" rel=\"category tag\">Allgemein<\/a><span class=\"fusion-inline-sep\">|<\/span><\/div><\/div><\/article>\n<article id=\"blog-1-post-779\" class=\"fusion-post-medium post-779 post type-post status-publish format-standard has-post-thumbnail hentry category-allgemein\">\n\t<style type=\"text\/css\">\n\t\t\n\t\t\n\t\t\n\t\t\n\t\t\t<\/style>\n\n\n\t\t\t<div class=\"fusion-flexslider flexslider fusion-flexslider-loading fusion-post-slideshow\" style=\"\">\n\t\t<ul class=\"slides\">\n\t\t\t\n\t\t\t\t\t\t\t\t\t\t\t\t\t\t<li><div  class=\"fusion-image-wrapper fusion-image-size-fixed\" aria-haspopup=\"true\">\n\t\t\t\t\t\t\t<a href=\"https:\/\/eu-bayern.de\/die-ukraine-hat-ein-recht-auf-ein-selbstbestimmtes-leben-in-frieden-freiheit-und-demokratie-lightwillwinoverdarkness\/\" aria-label=\"Die Ukraine hat ein Recht auf ein selbstbestimmtes Leben in Frieden, Freiheit und Demokratie &#8211; Lightwillwinoverdarkness\">\n\t\t\t\t\t\t\t<img width=\"800\" height=\"534\" src=\"https:\/\/eu-bayern.de\/kv-bad-toelz-wolfratshausen\/wp-content\/uploads\/sites\/60\/2024\/02\/ukrainian-demonstrations_9502711_2127217_9747399_1385887_2302359.jpg\" class=\"attachment-blog-medium size-blog-medium wp-post-image\" alt=\"Thhorsten Frank Rede\" \/>\t\t\t<\/a>\n\t\t\t\t\t\t\t<\/div>\n<\/li>\n\t\t\t\n\t\t\t\n\t\t\t\t\t\t\t\t<\/ul>\n\t<\/div>\n\t<div class=\"fusion-post-content post-content\"><h2 class=\"blog-shortcode-post-title entry-title\"><a href=\"https:\/\/eu-bayern.de\/die-ukraine-hat-ein-recht-auf-ein-selbstbestimmtes-leben-in-frieden-freiheit-und-demokratie-lightwillwinoverdarkness\/\">Die Ukraine hat ein Recht auf ein selbstbestimmtes Leben in Frieden, Freiheit und Demokratie &#8211; Lightwillwinoverdarkness<\/a><\/h2><span class=\"pbroadcast\">Quelle: <a href=\"https:\/\/eu-bayern.de\/die-ukraine-hat-ein-recht-auf-ein-selbstbestimmtes-leben-in-frieden-freiheit-und-demokratie-lightwillwinoverdarkness\/\" title=\"Europa-Union Bayern e.V.\" target=\"_blank\">Europa-Union Bayern e.V.<\/a><\/span><div class=\"fusion-post-content-container\"><p>Thorsten Frank, Landesvorsitzender der Europa-Union Bayern erinnert in Augsburg zum 2. Jahrestag von Putins Ukraine Invasion u.a. an das 2-j\u00e4hrige unermessliche Leid, dass Putin \u00fcber die Ukraine und die russischen Familien brachte, deren Soldaten v\u00f6llig sinnfrei f\u00fcr den Terror Putins sterben m\u00fcssen und fordert ein Ende des Terrors im Nachbarland.\r\n\"Wir wissen nicht wann Putin versteht, dass auch hunderttausende sinnlos in den Tod geschickte Russen, Russland nicht gr\u00f6\u00dfer machen sondern in den Abgrund f\u00fchren. Aber wir wissen, dass in Russland Menschen verhaftet werden, weil sie Blumen niederlegen. Das ist nicht unsere Welt. Die Ukraine hat es wie wir alle verdient in Frieden und Freiheit zu leben. Einem selbst bestimmten Frieden und einer selbstbestimmten Freiheit.\"<\/p><\/div><\/div><div class=\"fusion-clearfix\"><\/div><div class=\"fusion-meta-info\"><div class=\"fusion-alignleft\"><span class=\"updated\" style=\"display:none;\">2024-11-13T20:00:13+01:00<\/span><span>26. Februar, 2024<\/span><span class=\"fusion-inline-sep\">|<\/span><a href=\"https:\/\/eu-bayern.de\/kv-bad-toelz-wolfratshausen\/c\/allgemein\/\" rel=\"category tag\">Allgemein<\/a><span class=\"fusion-inline-sep\">|<\/span><\/div><\/div><\/article>\n<article id=\"blog-1-post-757\" class=\"fusion-post-medium post-757 post type-post status-publish format-standard has-post-thumbnail hentry category-allgemein\">\n\t<style type=\"text\/css\">\n\t\t\n\t\t\n\t\t\n\t\t\n\t\t\t<\/style>\n\n\n\t\t\t<div class=\"fusion-flexslider flexslider fusion-flexslider-loading fusion-post-slideshow\" style=\"\">\n\t\t<ul class=\"slides\">\n\t\t\t\n\t\t\t\t\t\t\t\t\t\t\t\t\t\t<li><div  class=\"fusion-image-wrapper fusion-image-size-fixed\" aria-haspopup=\"true\">\n\t\t\t\t\t\t\t<a href=\"https:\/\/eu-bayern.de\/kv-bad-toelz-wolfratshausen\/russlands-krieg-gegen-die-ukraine-interessen-und-perspektiven\/\" aria-label=\"Russlands Krieg gegen die Ukraine: Interessen und Perspektiven\">\n\t\t\t\t\t\t\t<img width=\"800\" height=\"603\" src=\"https:\/\/eu-bayern.de\/kv-bad-toelz-wolfratshausen\/wp-content\/uploads\/sites\/60\/2023\/09\/Screenshot-2023-09-24-at-20.04.22.png\" class=\"attachment-blog-medium size-blog-medium wp-post-image\" alt=\"\" \/>\t\t\t<\/a>\n\t\t\t\t\t\t\t<\/div>\n<\/li>\n\t\t\t\n\t\t\t\n\t\t\t\t\t\t\t\t<\/ul>\n\t<\/div>\n\t<div class=\"fusion-post-content post-content\"><h2 class=\"blog-shortcode-post-title entry-title\"><a href=\"https:\/\/eu-bayern.de\/kv-bad-toelz-wolfratshausen\/russlands-krieg-gegen-die-ukraine-interessen-und-perspektiven\/\">Russlands Krieg gegen die Ukraine: Interessen und Perspektiven<\/a><\/h2><div class=\"fusion-post-content-container\">\n<p class=\"tinymce_own02\"><span style=\"font-weight: 400\">Im Rahmen einer gemeinsamen Veranstaltung der Europa-Union Bad T\u00f6lz-Wolfratshausen und des Lions Clubs M\u00fcnchen-Isartal sprach <\/span><a href=\"https:\/\/www.swp-berlin.org\/en\/researcher\/margarete-klein\"><span style=\"font-weight: 400\">Dr. Margarete Klein<\/span><\/a><span style=\"font-weight: 400\">, Forschungsgruppenleiterin bei der Stiftung Wissenschaft und Politik in Berlin, am 11. August im Hotel Klostermaier in Icking \u00fcber Interessen und Perspektiven im russischen Angriffskrieg gegen die Ukraine.<\/span><\/p>\n<p><span style=\"font-weight: 400\">Frau Dr. Klein legte dar, dass der Angriffskrieg gegen die Ukraine nur den H\u00f6hepunkt der russischen Au\u00dfenpolitik darstellt, die bereits seit mehr als 20 Jahren auf eine Ausweitung russischer Einflussnahme auch mit milit\u00e4rischen Mitteln abzielt, und das bei zunehmender Militarisierung der russischen Zivilgesellschaft.<\/span><\/p>\n<p><span style=\"font-weight: [...]\n&lt;\/p&gt;\n&lt;\/body&gt;&lt;\/html&gt;\"><\/span><\/p>\n<\/div><\/div><div class=\"fusion-clearfix\"><\/div><div class=\"fusion-meta-info\"><div class=\"fusion-alignleft\"><span class=\"updated\" style=\"display:none;\">2023-09-24T20:08:15+02:00<\/span><span>24. September, 2023<\/span><span class=\"fusion-inline-sep\">|<\/span><a href=\"https:\/\/eu-bayern.de\/kv-bad-toelz-wolfratshausen\/c\/allgemein\/\" rel=\"category tag\">Allgemein<\/a><span class=\"fusion-inline-sep\">|<\/span><\/div><\/div><\/article>\n<article id=\"blog-1-post-748\" class=\"fusion-post-medium post-748 post type-post status-publish format-standard hentry category-allgemein\">\n\t<style type=\"text\/css\">\n\t\t\n\t\t\n\t\t\n\t\t\n\t\t\t<\/style>\n\n\n<div class=\"fusion-post-content post-content\"><h2 class=\"blog-shortcode-post-title entry-title\"><a href=\"https:\/\/eu-bayern.de\/kv-bad-toelz-wolfratshausen\/china-und-europa-ungleiche-partner\/\">China und Europa &#8211; ungleiche Partner<\/a><\/h2><div class=\"fusion-post-content-container\"><p>Florian Siekmann (Europa-Sprecher der GR\u00dcNEN-Landtagsfraktion) hielt einen Vortrag \u00fcber Ans\u00e4tze, wie die EU k\u00fcnftig selbstbewusster mit China umgehen k\u00f6nnte.<\/p><\/div><\/div><div class=\"fusion-clearfix\"><\/div><div class=\"fusion-meta-info\"><div class=\"fusion-alignleft\"><span class=\"updated\" style=\"display:none;\">2023-07-05T15:56:51+02:00<\/span><span>5. Juli, 2023<\/span><span class=\"fusion-inline-sep\">|<\/span><a href=\"https:\/\/eu-bayern.de\/kv-bad-toelz-wolfratshausen\/c\/allgemein\/\" rel=\"category tag\">Allgemein<\/a><span class=\"fusion-inline-sep\">|<\/span><\/div><\/div><\/article>\n<article id=\"blog-1-post-702\" class=\"fusion-post-medium post-702 post type-post status-publish format-standard hentry category-allgemein\">\n\t<style type=\"text\/css\">\n\t\t\n\t\t\n\t\t\n\t\t\n\t\t\t<\/style>\n\n\n<div class=\"fusion-post-content post-content\"><h2 class=\"blog-shortcode-post-title entry-title\"><a href=\"https:\/\/eu-bayern.de\/kv-bad-toelz-wolfratshausen\/wanderung-zur-friedensglocke-moesern\/\">Wanderung zur Friedensglocke M\u00f6sern<\/a><\/h2><div class=\"fusion-post-content-container\"><p>Wanderung des Kreisverbands Bad T\u00f6lz-Wolfratshausen zur Friedensglocke M\u00f6sern.<\/p><\/div><\/div><div class=\"fusion-clearfix\"><\/div><div class=\"fusion-meta-info\"><div class=\"fusion-alignleft\"><span class=\"updated\" style=\"display:none;\">2022-10-10T08:49:04+02:00<\/span><span>10. Oktober, 2022<\/span><span class=\"fusion-inline-sep\">|<\/span><a href=\"https:\/\/eu-bayern.de\/kv-bad-toelz-wolfratshausen\/c\/allgemein\/\" rel=\"category tag\">Allgemein<\/a><span class=\"fusion-inline-sep\">|<\/span><\/div><\/div><\/article>\n<article id=\"blog-1-post-680\" class=\"fusion-post-medium post-680 post type-post status-publish format-standard hentry category-allgemein\">\n\t<style type=\"text\/css\">\n\t\t\n\t\t\n\t\t\n\t\t\n\t\t\t<\/style>\n\n\n<div class=\"fusion-post-content post-content\"><h2 class=\"blog-shortcode-post-title entry-title\"><a href=\"https:\/\/eu-bayern.de\/kv-bad-toelz-wolfratshausen\/zeitenwende-in-der-aussenpolitik\/\">Zeitenwende in der Au\u00dfenpolitik<\/a><\/h2><div class=\"fusion-post-content-container\"><p>Au\u00dfenpolitische Zeitenwende. Die EU muss sich selbst verteidigen k\u00f6nnen und braucht schon bald eine glaubw\u00fcrdige Abschreckungsstrategie.<\/p><\/div><\/div><div class=\"fusion-clearfix\"><\/div><div class=\"fusion-meta-info\"><div class=\"fusion-alignleft\"><span class=\"updated\" style=\"display:none;\">2022-04-12T11:59:04+02:00<\/span><span>3. M\u00e4rz, 2022<\/span><span class=\"fusion-inline-sep\">|<\/span><a href=\"https:\/\/eu-bayern.de\/kv-bad-toelz-wolfratshausen\/c\/allgemein\/\" rel=\"category tag\">Allgemein<\/a><span class=\"fusion-inline-sep\">|<\/span><\/div><\/div><\/article>\n<article id=\"blog-1-post-594\" class=\"fusion-post-medium post-594 post type-post status-publish format-standard hentry category-allgemein\">\n\t<style type=\"text\/css\">\n\t\t\n\t\t\n\t\t\n\t\t\n\t\t\t<\/style>\n\n\n<div class=\"fusion-post-content post-content\"><h2 class=\"blog-shortcode-post-title entry-title\"><a href=\"https:\/\/eu-bayern.de\/kv-bad-toelz-wolfratshausen\/werte-wanderweg-europa\/\">Werte-Wanderweg Europa<\/a><\/h2><div class=\"fusion-post-content-container\"><p>Er\u00f6ffnung des Werte-Wanderwegs Europa in Bad Wiessee<\/p><\/div><\/div><div class=\"fusion-clearfix\"><\/div><div class=\"fusion-meta-info\"><div class=\"fusion-alignleft\"><span class=\"updated\" style=\"display:none;\">2021-06-13T21:59:08+02:00<\/span><span>13. Juni, 2021<\/span><span class=\"fusion-inline-sep\">|<\/span><a href=\"https:\/\/eu-bayern.de\/kv-bad-toelz-wolfratshausen\/c\/allgemein\/\" rel=\"category tag\">Allgemein<\/a><span class=\"fusion-inline-sep\">|<\/span><\/div><\/div><\/article>\n<\/div><div class=\"pagination clearfix\"><span class=\"current\">1<\/span><a href=\"https:\/\/eu-bayern.de\/kv-bad-toelz-wolfratshausen\/wp-json\/wp\/v2\/pages\/97\/page\/2\/\" class=\"inactive\">2<\/a><a class=\"pagination-next\" rel=\"next\" href=\"https:\/\/eu-bayern.de\/kv-bad-toelz-wolfratshausen\/wp-json\/wp\/v2\/pages\/97\/page\/2\/\"><span class=\"page-text\">Vor<\/span><span class=\"page-next\"><\/span><\/a><\/div><div class=\"fusion-clearfix\"><\/div><\/div><div class=\"fusion-clearfix\"><\/div><\/div><\/div><\/div><\/div>\n","protected":false},"excerpt":{"rendered":"","protected":false},"author":1,"featured_media":0,"parent":0,"menu_order":0,"comment_status":"closed","ping_status":"closed","template":"","meta":[],"acf":[],"_links":{"self":[{"href":"https:\/\/eu-bayern.de\/kv-bad-toelz-wolfratshausen\/wp-json\/wp\/v2\/pages\/97"}],"collection":[{"href":"https:\/\/eu-bayern.de\/kv-bad-toelz-wolfratshausen\/wp-json\/wp\/v2\/pages"}],"about":[{"href":"https:\/\/eu-bayern.de\/kv-bad-toelz-wolfratshausen\/wp-json\/wp\/v2\/types\/page"}],"author":[{"embeddable":true,"href":"https:\/\/eu-bayern.de\/kv-bad-toelz-wolfratshausen\/wp-json\/wp\/v2\/users\/1"}],"replies":[{"embeddable":true,"href":"https:\/\/eu-bayern.de\/kv-bad-toelz-wolfratshausen\/wp-json\/wp\/v2\/comments?post=97"}],"version-history":[{"count":1,"href":"https:\/\/eu-bayern.de\/kv-bad-toelz-wolfratshausen\/wp-json\/wp\/v2\/pages\/97\/revisions"}],"predecessor-version":[{"id":334,"href":"https:\/\/eu-bayern.de\/kv-bad-toelz-wolfratshausen\/wp-json\/wp\/v2\/pages\/97\/revisions\/334"}],"wp:attachment":[{"href":"https:\/\/eu-bayern.de\/kv-bad-toelz-wolfratshausen\/wp-json\/wp\/v2\/media?parent=97"}],"curies":[{"name":"wp","href":"https:\/\/api.w.org\/{rel}","templated":true}]}}