{"id":97,"date":"2017-12-09T15:05:32","date_gmt":"2017-12-09T14:05:32","guid":{"rendered":"https:\/\/eu-bayern.de\/tpl2\/?page_id=97"},"modified":"2017-12-09T15:05:32","modified_gmt":"2017-12-09T14:05:32","slug":"aktuelles","status":"publish","type":"page","link":"https:\/\/eu-bayern.de\/kv-altoetting\/aktuelles\/","title":{"rendered":"Aktuelles"},"content":{"rendered":"<div class=\"fusion-fullwidth fullwidth-box fusion-builder-row-1 nonhundred-percent-fullwidth non-hundred-percent-height-scrolling\" style=\"background-color: rgba(255,255,255,0);background-position: center center;background-repeat: no-repeat;padding-top:0px;padding-right:0px;padding-bottom:0px;padding-left:0px;margin-bottom: 0px;margin-top: 0px;border-width: 0px 0px 0px 0px;border-color:#eae9e9;border-style:solid;\" ><div class=\"fusion-builder-row fusion-row\"><div class=\"fusion-layout-column fusion_builder_column fusion-builder-column-0 fusion_builder_column_1_1 1_1 fusion-one-full fusion-column-first fusion-column-last\" style=\"margin-top:0px;margin-bottom:20px;\"><div class=\"fusion-column-wrapper fusion-flex-column-wrapper-legacy\" style=\"background-position:left top;background-repeat:no-repeat;-webkit-background-size:cover;-moz-background-size:cover;-o-background-size:cover;background-size:cover;padding: 0px 0px 0px 0px;\"><div class=\"fusion-blog-shortcode fusion-blog-shortcode-1 fusion-blog-archive fusion-blog-layout-medium fusion-blog-pagination\"><div class=\"fusion-posts-container fusion-posts-container-pagination\" data-pages=\"4\"><article id=\"blog-1-post-984\" class=\"fusion-post-medium post-984 post type-post status-publish format-standard hentry category-allgemein\">\n\t<style type=\"text\/css\">\n\t\t\n\t\t\n\t\t\n\t\t\n\t\t\t<\/style>\n\n\n<div class=\"fusion-post-content post-content\"><h2 class=\"blog-shortcode-post-title entry-title\"><a href=\"https:\/\/eu-bayern.de\/kv-altoetting\/kreisverband-altoetting-ruft-zu-gesellschaftlichem-miteinander-auf\/\">Kreisverband Alt\u00f6tting ruft zu gesellschaftlichem Miteinander auf<\/a><\/h2><div class=\"fusion-post-content-container\">\n<p><strong>Alt\u00f6tting. <\/strong>Im Rahmen eines \u201eKamingespr\u00e4chs\u201c diskutierte die Europa-Union in Alt\u00f6tting \u00fcber Fragen zu Migration und Flucht. Verena Schmidt vom BRK-Kreisverband Alt\u00f6tting gab einen \u00dcberblick \u00fcber die Entwicklung der Migration in den letzten Jahren und stellte die vielf\u00e4ltigen Leistungen des Roten Kreuzes zur Integrationsf\u00f6rderung in den Mittelpunkt. Josef Jung, der Kreisvorsitzende der Europa-Union lobte die BRK-Arbeit genauso wie Bezirksr\u00e4tin Gisela Kriegl. Er bat den Landkreis, diese Arbeit weiterhin mit 140 T\u20ac zu unterst\u00fctzen, weil diese f\u00fcr unser gesellschaftliches Miteinander unverzichtbar sei. Der Burghauser B\u00fcrgermeister Florian Schneider sprach die Problematik der Mittelschulen an, die vor allem beim Sprachunterricht vor immensen [\u2026]<\/p>\n<\/div><\/div><div class=\"fusion-clearfix\"><\/div><div class=\"fusion-meta-info\"><div class=\"fusion-alignleft\"><span class=\"updated\" style=\"display:none;\">2025-12-12T17:58:17+01:00<\/span><span>12. Dezember, 2025<\/span><span class=\"fusion-inline-sep\">|<\/span><a href=\"https:\/\/eu-bayern.de\/kv-altoetting\/c\/allgemein\/\" rel=\"category tag\">Allgemein<\/a><span class=\"fusion-inline-sep\">|<\/span><\/div><\/div><\/article>\n<article id=\"blog-1-post-907\" class=\"fusion-post-medium post-907 post type-post status-publish format-standard hentry category-allgemein\">\n\t<style type=\"text\/css\">\n\t\t\n\t\t\n\t\t\n\t\t\n\t\t\t<\/style>\n\n\n<div class=\"fusion-post-content post-content\"><h2 class=\"blog-shortcode-post-title entry-title\"><a href=\"https:\/\/eu-bayern.de\/kv-altoetting\/907-2\/\"><\/a><\/h2><div class=\"fusion-post-content-container\">\n<p><a href=\"https:\/\/eu-bayern.de\/kv-altoetting\/wp-content\/uploads\/sites\/24\/2024\/10\/Jahreshauptversammlung-2024.docx\">Jahreshauptversammlung 2024<\/a><\/p>\n<\/div><\/div><div class=\"fusion-clearfix\"><\/div><div class=\"fusion-meta-info\"><div class=\"fusion-alignleft\"><span class=\"updated\" style=\"display:none;\">2024-10-28T10:03:52+01:00<\/span><span>28. Oktober, 2024<\/span><span class=\"fusion-inline-sep\">|<\/span><a href=\"https:\/\/eu-bayern.de\/kv-altoetting\/c\/allgemein\/\" rel=\"category tag\">Allgemein<\/a><span class=\"fusion-inline-sep\">|<\/span><\/div><\/div><\/article>\n<article id=\"blog-1-post-855\" class=\"fusion-post-medium post-855 post type-post status-publish format-standard has-post-thumbnail hentry category-allgemein\">\n\t<style type=\"text\/css\">\n\t\t\n\t\t\n\t\t\n\t\t\n\t\t\t<\/style>\n\n\n\t\t\t<div class=\"fusion-flexslider flexslider fusion-flexslider-loading fusion-post-slideshow\" style=\"\">\n\t\t<ul class=\"slides\">\n\t\t\t\n\t\t\t\t\t\t\t\t\t\t\t\t\t\t<li><div  class=\"fusion-image-wrapper fusion-image-size-fixed\" aria-haspopup=\"true\">\n\t\t\t\t\t\t\t<a href=\"https:\/\/eu-bayern.de\/die-ukraine-hat-ein-recht-auf-ein-selbstbestimmtes-leben-in-frieden-freiheit-und-demokratie-lightwillwinoverdarkness\/\" aria-label=\"Die Ukraine hat ein Recht auf ein selbstbestimmtes Leben in Frieden, Freiheit und Demokratie &#8211; Lightwillwinoverdarkness\">\n\t\t\t\t\t\t\t<img width=\"800\" height=\"534\" src=\"https:\/\/eu-bayern.de\/kv-altoetting\/wp-content\/uploads\/sites\/24\/2024\/02\/ukrainian-demonstrations_8622479_6114631_4706244_5968308_6204845.jpg\" class=\"attachment-blog-medium size-blog-medium wp-post-image\" alt=\"Thhorsten Frank Rede\" \/>\t\t\t<\/a>\n\t\t\t\t\t\t\t<\/div>\n<\/li>\n\t\t\t\n\t\t\t\n\t\t\t\t\t\t\t\t<\/ul>\n\t<\/div>\n\t<div class=\"fusion-post-content post-content\"><h2 class=\"blog-shortcode-post-title entry-title\"><a href=\"https:\/\/eu-bayern.de\/die-ukraine-hat-ein-recht-auf-ein-selbstbestimmtes-leben-in-frieden-freiheit-und-demokratie-lightwillwinoverdarkness\/\">Die Ukraine hat ein Recht auf ein selbstbestimmtes Leben in Frieden, Freiheit und Demokratie &#8211; Lightwillwinoverdarkness<\/a><\/h2><span class=\"pbroadcast\">Quelle: <a href=\"https:\/\/eu-bayern.de\/die-ukraine-hat-ein-recht-auf-ein-selbstbestimmtes-leben-in-frieden-freiheit-und-demokratie-lightwillwinoverdarkness\/\" title=\"Europa-Union Bayern e.V.\" target=\"_blank\">Europa-Union Bayern e.V.<\/a><\/span><div class=\"fusion-post-content-container\"><p>Thorsten Frank, Landesvorsitzender der Europa-Union Bayern erinnert in Augsburg zum 2. Jahrestag von Putins Ukraine Invasion u.a. an das 2-j\u00e4hrige unermessliche Leid, dass Putin \u00fcber die Ukraine und die russischen Familien brachte, deren Soldaten v\u00f6llig sinnfrei f\u00fcr den Terror Putins sterben m\u00fcssen und fordert ein Ende des Terrors im Nachbarland.\r\n\"Wir wissen nicht wann Putin versteht, dass auch hunderttausende sinnlos in den Tod geschickte Russen, Russland nicht gr\u00f6\u00dfer machen sondern in den Abgrund f\u00fchren. Aber wir wissen, dass in Russland Menschen verhaftet werden, weil sie Blumen niederlegen. Das ist nicht unsere Welt. Die Ukraine hat es wie wir alle verdient in Frieden und Freiheit zu leben. Einem selbst bestimmten Frieden und einer selbstbestimmten Freiheit.\"<\/p><\/div><\/div><div class=\"fusion-clearfix\"><\/div><div class=\"fusion-meta-info\"><div class=\"fusion-alignleft\"><span class=\"updated\" style=\"display:none;\">2024-02-26T18:31:17+01:00<\/span><span>26. Februar, 2024<\/span><span class=\"fusion-inline-sep\">|<\/span><a href=\"https:\/\/eu-bayern.de\/kv-altoetting\/c\/allgemein\/\" rel=\"category tag\">Allgemein<\/a><span class=\"fusion-inline-sep\">|<\/span><\/div><\/div><\/article>\n<article id=\"blog-1-post-864\" class=\"fusion-post-medium post-864 post type-post status-publish format-standard has-post-thumbnail hentry category-allgemein\">\n\t<style type=\"text\/css\">\n\t\t\n\t\t\n\t\t\n\t\t\n\t\t\t<\/style>\n\n\n\t\t\t<div class=\"fusion-flexslider flexslider fusion-flexslider-loading fusion-post-slideshow\" style=\"\">\n\t\t<ul class=\"slides\">\n\t\t\t\n\t\t\t\t\t\t\t\t\t\t\t\t\t\t<li><div  class=\"fusion-image-wrapper fusion-image-size-fixed\" aria-haspopup=\"true\">\n\t\t\t\t\t\t\t<a href=\"https:\/\/eu-bayern.de\/gemeinsam-fuer-europa-konstituierende-sitzung-ueberparteilicher-landtagsgruppe-fuer-europa\/\" aria-label=\"Gemeinsam f\u00fcr Europa &#8211; Konstituierende Sitzung \u00fcberparteilicher Landtagsgruppe f\u00fcr Europa\">\n\t\t\t\t\t\t\t<img width=\"800\" height=\"451\" src=\"https:\/\/eu-bayern.de\/kv-altoetting\/wp-content\/uploads\/sites\/24\/2024\/02\/20240221_200029.jpg\" class=\"attachment-blog-medium size-blog-medium wp-post-image\" alt=\"Einladung Landtagsgruppe Europa-Union Bayern\" \/>\t\t\t<\/a>\n\t\t\t\t\t\t\t<\/div>\n<\/li>\n\t\t\t\n\t\t\t\n\t\t\t\t\t\t\t\t<\/ul>\n\t<\/div>\n\t<div class=\"fusion-post-content post-content\"><h2 class=\"blog-shortcode-post-title entry-title\"><a href=\"https:\/\/eu-bayern.de\/gemeinsam-fuer-europa-konstituierende-sitzung-ueberparteilicher-landtagsgruppe-fuer-europa\/\">Gemeinsam f\u00fcr Europa &#8211; Konstituierende Sitzung \u00fcberparteilicher Landtagsgruppe f\u00fcr Europa<\/a><\/h2><span class=\"pbroadcast\">Quelle: <a href=\"https:\/\/eu-bayern.de\/gemeinsam-fuer-europa-konstituierende-sitzung-ueberparteilicher-landtagsgruppe-fuer-europa\/\" title=\"Europa-Union Bayern e.V.\" target=\"_blank\">Europa-Union Bayern e.V.<\/a><\/span><div class=\"fusion-post-content-container\"><p>Was eint interessierte B\u00fcrgerinnen und B\u00fcrger bis hin zu Ministern der Bayerischen Staatsregierung ebenso wie die demokratiefreundliche Opposition heute wie seit 1948? Sie sind Mitglieder der \u00fcberparteilichen Europa-Union Bayern. Diese Verbindung und den Wunsch zu einem Europa der B\u00fcrgerinnen und B\u00fcrger zu f\u00f6rdern, f\u00fchrte nun zu einem besonderen Moment f\u00fcr den Verein, ...<\/p><\/div><\/div><div class=\"fusion-clearfix\"><\/div><div class=\"fusion-meta-info\"><div class=\"fusion-alignleft\"><span class=\"updated\" style=\"display:none;\">2024-02-26T18:31:21+01:00<\/span><span>22. Februar, 2024<\/span><span class=\"fusion-inline-sep\">|<\/span><a href=\"https:\/\/eu-bayern.de\/kv-altoetting\/c\/allgemein\/\" rel=\"category tag\">Allgemein<\/a><span class=\"fusion-inline-sep\">|<\/span><\/div><\/div><\/article>\n<article id=\"blog-1-post-847\" class=\"fusion-post-medium post-847 post type-post status-publish format-standard has-post-thumbnail hentry category-allgemein\">\n\t<style type=\"text\/css\">\n\t\t\n\t\t\n\t\t\n\t\t\n\t\t\t<\/style>\n\n\n\t\t\t<div class=\"fusion-flexslider flexslider fusion-flexslider-loading fusion-post-slideshow\" style=\"\">\n\t\t<ul class=\"slides\">\n\t\t\t\n\t\t\t\t\t\t\t\t\t\t\t\t\t\t<li><div  class=\"fusion-image-wrapper fusion-image-size-fixed\" aria-haspopup=\"true\">\n\t\t\t\t\t\t\t<a href=\"https:\/\/eu-bayern.de\/bayern-in-europa-dezember-ausgabe-erschienen\/\" aria-label=\"Bayern in Europa Dezember Ausgabe erschienen\">\n\t\t\t\t\t\t\t<img width=\"675\" height=\"556\" src=\"https:\/\/eu-bayern.de\/kv-altoetting\/wp-content\/uploads\/sites\/24\/2023\/12\/weihn-part.jpg\" class=\"attachment-blog-medium size-blog-medium wp-post-image\" alt=\"Bayern in Europa Dezember Ausgabe erschienen\" \/>\t\t\t<\/a>\n\t\t\t\t\t\t\t<\/div>\n<\/li>\n\t\t\t\n\t\t\t\n\t\t\t\t\t\t\t\t<\/ul>\n\t<\/div>\n\t<div class=\"fusion-post-content post-content\"><h2 class=\"blog-shortcode-post-title entry-title\"><a href=\"https:\/\/eu-bayern.de\/bayern-in-europa-dezember-ausgabe-erschienen\/\">Bayern in Europa Dezember Ausgabe erschienen<\/a><\/h2><span class=\"pbroadcast\">Quelle: <a href=\"https:\/\/eu-bayern.de\/bayern-in-europa-dezember-ausgabe-erschienen\/\" title=\"Europa-Union Bayern e.V.\" target=\"_blank\">Europa-Union Bayern e.V.<\/a><\/span><div class=\"fusion-post-content-container\"><p>Die Dezember Ausgabe der Bayern in Europa der \u00fcberparteilichen Europa-Union Bayern e.V. ist soeben erschienen - mit Gru\u00dfwort des neuen Bayerischen Europaministers, R\u00fcckblick und Ausblick des Landesvorsitzenden, Bericht der JEF Bayern und aktuellen Berichten von den Kreisverb\u00e4nden bis hin zu Aktivit\u00e4ten auf der Europ\u00e4ischen Ebene in Br\u00fcssel.\u00a0<\/p><\/div><\/div><div class=\"fusion-clearfix\"><\/div><div class=\"fusion-meta-info\"><div class=\"fusion-alignleft\"><span class=\"updated\" style=\"display:none;\">2024-02-26T18:31:24+01:00<\/span><span>23. Dezember, 2023<\/span><span class=\"fusion-inline-sep\">|<\/span><a href=\"https:\/\/eu-bayern.de\/kv-altoetting\/c\/allgemein\/\" rel=\"category tag\">Allgemein<\/a><span class=\"fusion-inline-sep\">|<\/span><\/div><\/div><\/article>\n<article id=\"blog-1-post-824\" class=\"fusion-post-medium post-824 post type-post status-publish format-standard hentry category-allgemein\">\n\t<style type=\"text\/css\">\n\t\t\n\t\t\n\t\t\n\t\t\n\t\t\t<\/style>\n\n\n<div class=\"fusion-post-content post-content\"><h2 class=\"blog-shortcode-post-title entry-title\"><a href=\"https:\/\/eu-bayern.de\/kv-altoetting\/europatag-2023\/\">Europatag 2023<\/a><\/h2><div class=\"fusion-post-content-container\">\n<p><a href=\"https:\/\/eu-bayern.de\/kv-altoetting\/wp-content\/uploads\/sites\/24\/2023\/04\/Einladung-Europatag-2023-1.pdf\">Einladung Europatag 2023<\/a><\/p>\n<\/div><\/div><div class=\"fusion-clearfix\"><\/div><div class=\"fusion-meta-info\"><div class=\"fusion-alignleft\"><span class=\"updated\" style=\"display:none;\">2023-04-30T10:50:08+02:00<\/span><span>30. April, 2023<\/span><span class=\"fusion-inline-sep\">|<\/span><a href=\"https:\/\/eu-bayern.de\/kv-altoetting\/c\/allgemein\/\" rel=\"category tag\">Allgemein<\/a><span class=\"fusion-inline-sep\">|<\/span><\/div><\/div><\/article>\n<article id=\"blog-1-post-812\" class=\"fusion-post-medium post-812 post type-post status-publish format-image hentry category-allgemein post_format-post-format-image\">\n\t<style type=\"text\/css\">\n\t\t\n\t\t\n\t\t\n\t\t\n\t\t\t<\/style>\n\n\n<div class=\"fusion-post-content post-content\"><h2 class=\"blog-shortcode-post-title entry-title\"><a href=\"https:\/\/eu-bayern.de\/kv-altoetting\/solidaritaet-mit-der-ukraine-schweigeminute\/\">Solidarit\u00e4t mit der Ukraine &#8211; Schweigeminute<\/a><\/h2><div class=\"fusion-post-content-container\">\n<p>Europa-Union zeigt Flagge f\u00fcr den Frieden in Europa<\/p>\n<p>#Stand with Ukraine \u2013 Dieser Slogan hat nichts an seiner Aktualit\u00e4t verloren.<br>\nAm Freitag, den 24. Februar 2023 j\u00e4hrte sich der Ukraine-Krieg erstmalig. Unser Traum von einem friedlichen Miteinander, einem geeinten Europa ist ungebrochen, aber bleibt bedroht. Die Europa-Union bekundet ihre Solidarit\u00e4t mit der Ukraine und versammelt sich zu einer Schweigeminute f\u00fcr Frieden und Unterst\u00fctzung der Ukraine anl\u00e4sslich der Zusammenkunft der Kreisverb\u00e4nde der Europa-Union aus ganz Oberbayern in Ebersberg.<\/p>\n<\/div><\/div><div class=\"fusion-clearfix\"><\/div><div class=\"fusion-meta-info\"><div class=\"fusion-alignleft\"><span class=\"updated\" style=\"display:none;\">2023-03-06T18:57:56+01:00<\/span><span>6. M\u00e4rz, 2023<\/span><span class=\"fusion-inline-sep\">|<\/span><a href=\"https:\/\/eu-bayern.de\/kv-altoetting\/c\/allgemein\/\" rel=\"category tag\">Allgemein<\/a><span class=\"fusion-inline-sep\">|<\/span><\/div><\/div><\/article>\n<article id=\"blog-1-post-795\" class=\"fusion-post-medium post-795 post type-post status-publish format-image hentry category-allgemein post_format-post-format-image\">\n\t<style type=\"text\/css\">\n\t\t\n\t\t\n\t\t\n\t\t\n\t\t\t<\/style>\n\n\n<div class=\"fusion-post-content post-content\"><h2 class=\"blog-shortcode-post-title entry-title\"><a href=\"https:\/\/eu-bayern.de\/kv-altoetting\/weihnachtswuensche-2022\/\">Weihnachtsw\u00fcnsche 2022<\/a><\/h2><div class=\"fusion-post-content-container\">\n<p><a href=\"https:\/\/eu-bayern.de\/kv-altoetting\/wp-content\/uploads\/sites\/24\/2022\/12\/Weihnachtswuensche-2022-12-16.pdf\">Weihnachtsw\u00fcnsche 2022-12-16<\/a><\/p>\n<\/div><\/div><div class=\"fusion-clearfix\"><\/div><div class=\"fusion-meta-info\"><div class=\"fusion-alignleft\"><span class=\"updated\" style=\"display:none;\">2022-12-18T10:43:06+01:00<\/span><span>18. Dezember, 2022<\/span><span class=\"fusion-inline-sep\">|<\/span><a href=\"https:\/\/eu-bayern.de\/kv-altoetting\/c\/allgemein\/\" rel=\"category tag\">Allgemein<\/a><span class=\"fusion-inline-sep\">|<\/span><\/div><\/div><\/article>\n<article id=\"blog-1-post-773\" class=\"fusion-post-medium post-773 post type-post status-publish format-standard has-post-thumbnail hentry category-allgemein\">\n\t<style type=\"text\/css\">\n\t\t\n\t\t\n\t\t\n\t\t\n\t\t\t<\/style>\n\n\n\t\t\t<div class=\"fusion-flexslider flexslider fusion-flexslider-loading fusion-post-slideshow\" style=\"\">\n\t\t<ul class=\"slides\">\n\t\t\t\n\t\t\t\t\t\t\t\t\t\t\t\t\t\t<li><div  class=\"fusion-image-wrapper fusion-image-size-fixed\" aria-haspopup=\"true\">\n\t\t\t\t\t\t\t<a href=\"https:\/\/eu-bayern.de\/kv-altoetting\/gedenktag-am-1-juni-2022-in-burgkirchen-alz\/\" aria-label=\"Gedenktag am 1. Juni 2022 in Burgkirchen\/Alz\">\n\t\t\t\t\t\t\t<img width=\"800\" height=\"600\" src=\"https:\/\/eu-bayern.de\/kv-altoetting\/wp-content\/uploads\/sites\/24\/2022\/06\/IMG_7422.jpg\" class=\"attachment-blog-medium size-blog-medium wp-post-image\" alt=\"\" \/>\t\t\t<\/a>\n\t\t\t\t\t\t\t<\/div>\n<\/li>\n\t\t\t\n\t\t\t\n\t\t\t\t\t\t\t\t<\/ul>\n\t<\/div>\n\t<div class=\"fusion-post-content post-content\"><h2 class=\"blog-shortcode-post-title entry-title\"><a href=\"https:\/\/eu-bayern.de\/kv-altoetting\/gedenktag-am-1-juni-2022-in-burgkirchen-alz\/\">Gedenktag am 1. Juni 2022 in Burgkirchen\/Alz<\/a><\/h2><div class=\"fusion-post-content-container\">\n<p><a href=\"https:\/\/eu-bayern.de\/kv-altoetting\/wp-content\/uploads\/sites\/24\/2022\/06\/Gedenken-1.6.22.pdf\">Gedenken 1.6.22<\/a><\/p>\n<\/div><\/div><div class=\"fusion-clearfix\"><\/div><div class=\"fusion-meta-info\"><div class=\"fusion-alignleft\"><span class=\"updated\" style=\"display:none;\">2022-06-03T15:35:27+02:00<\/span><span>3. Juni, 2022<\/span><span class=\"fusion-inline-sep\">|<\/span><a href=\"https:\/\/eu-bayern.de\/kv-altoetting\/c\/allgemein\/\" rel=\"category tag\">Allgemein<\/a><span class=\"fusion-inline-sep\">|<\/span><\/div><\/div><\/article>\n<article id=\"blog-1-post-764\" class=\"fusion-post-medium post-764 post type-post status-publish format-standard hentry category-allgemein\">\n\t<style type=\"text\/css\">\n\t\t\n\t\t\n\t\t\n\t\t\n\t\t\t<\/style>\n\n\n<div class=\"fusion-post-content post-content\"><h2 class=\"blog-shortcode-post-title entry-title\"><a href=\"https:\/\/eu-bayern.de\/kv-altoetting\/europatag\/\">Einladung zum Europatag<\/a><\/h2><div class=\"fusion-post-content-container\">\n<p><a href=\"https:\/\/eu-bayern.de\/kv-altoetting\/wp-content\/uploads\/sites\/24\/2022\/06\/Einladung-Europatag-2022.pdf\">Einladung Europatag 2022<\/a><\/p>\n<\/div><\/div><div class=\"fusion-clearfix\"><\/div><div class=\"fusion-meta-info\"><div class=\"fusion-alignleft\"><span class=\"updated\" style=\"display:none;\">2022-06-03T15:15:57+02:00<\/span><span>3. Juni, 2022<\/span><span class=\"fusion-inline-sep\">|<\/span><a href=\"https:\/\/eu-bayern.de\/kv-altoetting\/c\/allgemein\/\" rel=\"category tag\">Allgemein<\/a><span class=\"fusion-inline-sep\">|<\/span><\/div><\/div><\/article>\n<article id=\"blog-1-post-759\" class=\"fusion-post-medium post-759 post type-post status-publish format-standard hentry category-allgemein\">\n\t<style type=\"text\/css\">\n\t\t\n\t\t\n\t\t\n\t\t\n\t\t\t<\/style>\n\n\n<div class=\"fusion-post-content post-content\"><h2 class=\"blog-shortcode-post-title entry-title\"><a href=\"https:\/\/eu-bayern.de\/kv-altoetting\/europa-als-friedensprojekt\/\">Europa als Friedensprojekt<\/a><\/h2><div class=\"fusion-post-content-container\">\n<p><img class=\"alignnone size-full wp-image-760\" src=\"https:\/\/eu-bayern.de\/kv-altoetting\/wp-content\/uploads\/sites\/24\/2022\/05\/Europa-Zeitung.jpg\" alt=\"\" width=\"800\" height=\"601\"><\/p>\n<\/div><\/div><div class=\"fusion-clearfix\"><\/div><div class=\"fusion-meta-info\"><div class=\"fusion-alignleft\"><span class=\"updated\" style=\"display:none;\">2022-05-07T09:35:50+02:00<\/span><span>7. Mai, 2022<\/span><span class=\"fusion-inline-sep\">|<\/span><a href=\"https:\/\/eu-bayern.de\/kv-altoetting\/c\/allgemein\/\" rel=\"category tag\">Allgemein<\/a><span class=\"fusion-inline-sep\">|<\/span><\/div><\/div><\/article>\n<article id=\"blog-1-post-722\" class=\"fusion-post-medium post-722 post type-post status-publish format-image has-post-thumbnail hentry category-allgemein post_format-post-format-image\">\n\t<style type=\"text\/css\">\n\t\t\n\t\t\n\t\t\n\t\t\n\t\t\t<\/style>\n\n\n\t\t\t<div class=\"fusion-flexslider flexslider fusion-flexslider-loading fusion-post-slideshow\" style=\"\">\n\t\t<ul class=\"slides\">\n\t\t\t\n\t\t\t\t\t\t\t\t\t\t\t\t\t\t<li><div  class=\"fusion-image-wrapper fusion-image-size-fixed\" aria-haspopup=\"true\">\n\t\t\t\t\t\t\t<a href=\"https:\/\/eu-bayern.de\/kv-altoetting\/weihnachtsbrief-2021-2\/\" aria-label=\"Weihnachtsbrief 2021-2\">\n\t\t\t\t\t\t\t<img width=\"800\" height=\"1131\" src=\"https:\/\/eu-bayern.de\/kv-altoetting\/wp-content\/uploads\/sites\/24\/2021\/12\/Weihnachtsbrief-2021-002-3.jpg\" class=\"attachment-blog-medium size-blog-medium wp-post-image\" alt=\"\" \/>\t\t\t<\/a>\n\t\t\t\t\t\t\t<\/div>\n<\/li>\n\t\t\t\n\t\t\t\n\t\t\t\t\t\t\t\t<\/ul>\n\t<\/div>\n\t<div class=\"fusion-post-content post-content\"><h2 class=\"blog-shortcode-post-title entry-title\"><a href=\"https:\/\/eu-bayern.de\/kv-altoetting\/weihnachtsbrief-2021-2\/\">Weihnachtsbrief 2021-2<\/a><\/h2><div class=\"fusion-post-content-container\"><\/div><\/div><div class=\"fusion-clearfix\"><\/div><div class=\"fusion-meta-info\"><div class=\"fusion-alignleft\"><span class=\"updated\" style=\"display:none;\">2021-12-13T18:00:28+01:00<\/span><span>13. Dezember, 2021<\/span><span class=\"fusion-inline-sep\">|<\/span><a href=\"https:\/\/eu-bayern.de\/kv-altoetting\/c\/allgemein\/\" rel=\"category tag\">Allgemein<\/a><span class=\"fusion-inline-sep\">|<\/span><\/div><\/div><\/article>\n<article id=\"blog-1-post-720\" class=\"fusion-post-medium post-720 post type-post status-publish format-image has-post-thumbnail hentry category-allgemein post_format-post-format-image\">\n\t<style type=\"text\/css\">\n\t\t\n\t\t\n\t\t\n\t\t\n\t\t\t<\/style>\n\n\n\t\t\t<div class=\"fusion-flexslider flexslider fusion-flexslider-loading fusion-post-slideshow\" style=\"\">\n\t\t<ul class=\"slides\">\n\t\t\t\n\t\t\t\t\t\t\t\t\t\t\t\t\t\t<li><div  class=\"fusion-image-wrapper fusion-image-size-fixed\" aria-haspopup=\"true\">\n\t\t\t\t\t\t\t<a href=\"https:\/\/eu-bayern.de\/kv-altoetting\/weihnachtsbrief-2021-1\/\" aria-label=\"Weihnachtsbrief 2021-1\">\n\t\t\t\t\t\t\t<img width=\"800\" height=\"1131\" src=\"https:\/\/eu-bayern.de\/kv-altoetting\/wp-content\/uploads\/sites\/24\/2021\/12\/Weihnachtsbrief-2021-001.jpg\" class=\"attachment-blog-medium size-blog-medium wp-post-image\" alt=\"\" \/>\t\t\t<\/a>\n\t\t\t\t\t\t\t<\/div>\n<\/li>\n\t\t\t\n\t\t\t\n\t\t\t\t\t\t\t\t<\/ul>\n\t<\/div>\n\t<div class=\"fusion-post-content post-content\"><h2 class=\"blog-shortcode-post-title entry-title\"><a href=\"https:\/\/eu-bayern.de\/kv-altoetting\/weihnachtsbrief-2021-1\/\">Weihnachtsbrief 2021-1<\/a><\/h2><div class=\"fusion-post-content-container\"><\/div><\/div><div class=\"fusion-clearfix\"><\/div><div class=\"fusion-meta-info\"><div class=\"fusion-alignleft\"><span class=\"updated\" style=\"display:none;\">2021-12-13T17:58:11+01:00<\/span><span>13. Dezember, 2021<\/span><span class=\"fusion-inline-sep\">|<\/span><a href=\"https:\/\/eu-bayern.de\/kv-altoetting\/c\/allgemein\/\" rel=\"category tag\">Allgemein<\/a><span class=\"fusion-inline-sep\">|<\/span><\/div><\/div><\/article>\n<article id=\"blog-1-post-659\" class=\"fusion-post-medium post-659 post type-post status-publish format-standard hentry category-allgemein\">\n\t<style type=\"text\/css\">\n\t\t\n\t\t\n\t\t\n\t\t\n\t\t\t<\/style>\n\n\n<div class=\"fusion-post-content post-content\"><h2 class=\"blog-shortcode-post-title entry-title\"><a href=\"https:\/\/eu-bayern.de\/kv-altoetting\/heimat-europa-gestern-heute-morgen\/\">Heimat Europa &#8211; gestern, heute, morgen<\/a><\/h2><div class=\"fusion-post-content-container\">\n<p>Unter diesem Leitspruch diskutierten Vertreter aus Wissenschaft und Politik den Heimatbegriff in Bezug auf Europa. Das Festival \u201eBiennale Bavaria International\u201c gab den institutionellen Rahmen ab.<\/p>\n<p>Heimat ist ein vielf\u00e4ltiger Begriff. \u00a0Im Lebensraum des Wohnortes, des Kreises, als Bewohner Bayerns und als Europ\u00e4er kann jeder seine Heimat finden. Heimat kann wechseln, aber es bleibt immer eine heimatliche Emotion. Europa bietet Zuwanderern neue Heimat, weil das verbindende Band die Umsetzung der allgemeinen Menschenrechte ist. In der Beurteilung auf Europa wird die Entwicklung der einzelnen Nationalstaaten mit ihrer Geschichte oft aus dem Blick verloren und viele Handlungsweisen vor allem der \u00f6stlichen Nachbarn [\u2026]<\/p>\n<\/div><\/div><div class=\"fusion-clearfix\"><\/div><div class=\"fusion-meta-info\"><div class=\"fusion-alignleft\"><span class=\"updated\" style=\"display:none;\">2021-10-06T09:51:03+02:00<\/span><span>6. Oktober, 2021<\/span><span class=\"fusion-inline-sep\">|<\/span><a href=\"https:\/\/eu-bayern.de\/kv-altoetting\/c\/allgemein\/\" rel=\"category tag\">Allgemein<\/a><span class=\"fusion-inline-sep\">|<\/span><\/div><\/div><\/article>\n<article id=\"blog-1-post-635\" class=\"fusion-post-medium post-635 post type-post status-publish format-standard hentry category-allgemein\">\n\t<style type=\"text\/css\">\n\t\t\n\t\t\n\t\t\n\t\t\n\t\t\t<\/style>\n\n\n<div class=\"fusion-post-content post-content\"><h2 class=\"blog-shortcode-post-title entry-title\"><a href=\"https:\/\/eu-bayern.de\/kv-altoetting\/preisverleihungen-zum-68-europaeischen-wettbewerb\/\">Preisverleihungen zum 68. Europ\u00e4ischen Wettbewerb<\/a><\/h2><div class=\"fusion-post-content-container\">\n<p>Unsere Jugend ist mit Computer und digitalen Ger\u00e4ten heute bestens vertraut. Um aber eine kritische Einstellung dazu zu gewinnen, wurde dieses Thema im 68. Europ\u00e4ischen Wettbewerb aufgegriffen und die Kinder und Jugendlichen animiert, sich mit der Thematik auseinanderzusetzen.<\/p>\n<p>Bedingt durch die h\u00e4ufige Abwesenheit von der Schule war im diesem Jahr die Beteiligung am Wettbewerb etwas schw\u00e4cher. Bundesweit nahmen 42 000 Sch\u00fclerinnen und Sch\u00fcler daran teil, in Bayern waren es ca. 10500 Teilnehmerinnen und Teilnehmer. Auch der Landkreis Alt\u00f6tting war wieder mit 5 Klassen und 99 jungen K\u00fcnstlern am Wettbewerb vertreten.<\/p>\n<p>Je nach Jahrgangsstufe wurde eine andere Thematik bearbeitet. Die Grundsch\u00fclerinnen [\u2026]<\/p>\n<\/div><\/div><div class=\"fusion-clearfix\"><\/div><div class=\"fusion-meta-info\"><div class=\"fusion-alignleft\"><span class=\"updated\" style=\"display:none;\">2021-07-27T16:16:41+02:00<\/span><span>27. Juli, 2021<\/span><span class=\"fusion-inline-sep\">|<\/span><a href=\"https:\/\/eu-bayern.de\/kv-altoetting\/c\/allgemein\/\" rel=\"category tag\">Allgemein<\/a><span class=\"fusion-inline-sep\">|<\/span><\/div><\/div><\/article>\n<article id=\"blog-1-post-625\" class=\"fusion-post-medium post-625 post type-post status-publish format-standard hentry category-allgemein\">\n\t<style type=\"text\/css\">\n\t\t\n\t\t\n\t\t\n\t\t\n\t\t\t<\/style>\n\n\n<div class=\"fusion-post-content post-content\"><h2 class=\"blog-shortcode-post-title entry-title\"><a href=\"https:\/\/eu-bayern.de\/kv-altoetting\/europa-in-der-region\/\">Europa in der Region<\/a><\/h2><div class=\"fusion-post-content-container\">\n<p>Die Europ\u00e4ische Union wirkt nicht nur auf der weltpolitischen B\u00fchne, sondern bem\u00fcht sich, auch f\u00fcr die Bewohner der Regionen pr\u00e4sent zu sein. Mit dem LEADER-F\u00f6rderprogramm\u00a0 \u00a0(Europ\u00e4ischer Landwirtschaftsfonds f\u00fcr die Entwicklung des l\u00e4ndlichen Raumes) werden in den Regionen Europas Projekte gef\u00f6rdert, die die Kleinregionen st\u00e4rken und lebenswert machen. Regionale Wertsch\u00f6pfung, Umsetzung kreativer Ans\u00e4tze und Vernetzung partnerschaftlicher Zusammenarbeit im Bereich Landwirtschaft, Naturschutz Tourismus Handwerk, Gewerbe und Wirtschaft sind die Leitlinien des LEADER \u2013 Programms.<\/p>\n<p>Verschiedene Gemeinden aus dem Landkreis Alt\u00f6tting, Traunstein, M\u00fchldorf \u00a0und Rottal-Inn sind Mitglieder bei den LEADER-Verb\u00e4nden und reichen Projekte ein, die dann von der EU bezuschusst werden. Die [\u2026]<\/p>\n<\/div><\/div><div class=\"fusion-clearfix\"><\/div><div class=\"fusion-meta-info\"><div class=\"fusion-alignleft\"><span class=\"updated\" style=\"display:none;\">2021-05-05T18:00:23+02:00<\/span><span>5. Mai, 2021<\/span><span class=\"fusion-inline-sep\">|<\/span><a href=\"https:\/\/eu-bayern.de\/kv-altoetting\/c\/allgemein\/\" rel=\"category tag\">Allgemein<\/a><span class=\"fusion-inline-sep\">|<\/span><\/div><\/div><\/article>\n<\/div><div class=\"pagination clearfix\"><span class=\"current\">1<\/span><a href=\"https:\/\/eu-bayern.de\/kv-altoetting\/wp-json\/wp\/v2\/pages\/97\/page\/2\/\" class=\"inactive\">2<\/a><a class=\"pagination-next\" rel=\"next\" href=\"https:\/\/eu-bayern.de\/kv-altoetting\/wp-json\/wp\/v2\/pages\/97\/page\/2\/\"><span class=\"page-text\">Vor<\/span><span class=\"page-next\"><\/span><\/a><\/div><div class=\"fusion-clearfix\"><\/div><\/div><div class=\"fusion-clearfix\"><\/div><\/div><\/div><\/div><\/div>\n","protected":false},"excerpt":{"rendered":"","protected":false},"author":1,"featured_media":0,"parent":0,"menu_order":0,"comment_status":"closed","ping_status":"closed","template":"","meta":[],"acf":[],"_links":{"self":[{"href":"https:\/\/eu-bayern.de\/kv-altoetting\/wp-json\/wp\/v2\/pages\/97"}],"collection":[{"href":"https:\/\/eu-bayern.de\/kv-altoetting\/wp-json\/wp\/v2\/pages"}],"about":[{"href":"https:\/\/eu-bayern.de\/kv-altoetting\/wp-json\/wp\/v2\/types\/page"}],"author":[{"embeddable":true,"href":"https:\/\/eu-bayern.de\/kv-altoetting\/wp-json\/wp\/v2\/users\/1"}],"replies":[{"embeddable":true,"href":"https:\/\/eu-bayern.de\/kv-altoetting\/wp-json\/wp\/v2\/comments?post=97"}],"version-history":[{"count":0,"href":"https:\/\/eu-bayern.de\/kv-altoetting\/wp-json\/wp\/v2\/pages\/97\/revisions"}],"wp:attachment":[{"href":"https:\/\/eu-bayern.de\/kv-altoetting\/wp-json\/wp\/v2\/media?parent=97"}],"curies":[{"name":"wp","href":"https:\/\/api.w.org\/{rel}","templated":true}]}}