{"id":97,"date":"2017-12-09T15:05:32","date_gmt":"2017-12-09T14:05:32","guid":{"rendered":"https:\/\/eu-bayern.de\/tpl2\/?page_id=97"},"modified":"2017-12-09T15:05:32","modified_gmt":"2017-12-09T14:05:32","slug":"aktuelles","status":"publish","type":"page","link":"https:\/\/eu-bayern.de\/kv-aichach-friedberg\/aktuelles\/","title":{"rendered":"Aktuelles"},"content":{"rendered":"<div class=\"fusion-fullwidth fullwidth-box fusion-builder-row-1 nonhundred-percent-fullwidth non-hundred-percent-height-scrolling\" style=\"background-color: rgba(255,255,255,0);background-position: center center;background-repeat: no-repeat;padding-top:0px;padding-right:0px;padding-bottom:0px;padding-left:0px;margin-bottom: 0px;margin-top: 0px;border-width: 0px 0px 0px 0px;border-color:#eae9e9;border-style:solid;\" ><div class=\"fusion-builder-row fusion-row\"><div class=\"fusion-layout-column fusion_builder_column fusion-builder-column-0 fusion_builder_column_1_1 1_1 fusion-one-full fusion-column-first fusion-column-last\" style=\"margin-top:0px;margin-bottom:20px;\"><div class=\"fusion-column-wrapper fusion-flex-column-wrapper-legacy\" style=\"background-position:left top;background-repeat:no-repeat;-webkit-background-size:cover;-moz-background-size:cover;-o-background-size:cover;background-size:cover;padding: 0px 0px 0px 0px;\"><div class=\"fusion-blog-shortcode fusion-blog-shortcode-1 fusion-blog-archive fusion-blog-layout-medium fusion-blog-pagination\"><div class=\"fusion-posts-container fusion-posts-container-pagination\" data-pages=\"3\"><article id=\"blog-1-post-757\" class=\"fusion-post-medium fusion-sticky post-757 post type-post status-publish format-standard has-post-thumbnail hentry category-allgemein\">\n\t<style type=\"text\/css\">\n\t\t\n\t\t\n\t\t\n\t\t\n\t\t\t<\/style>\n\n\n\t\t\t<div class=\"fusion-flexslider flexslider fusion-flexslider-loading fusion-post-slideshow\" style=\"\">\n\t\t<ul class=\"slides\">\n\t\t\t\n\t\t\t\t\t\t\t\t\t\t\t\t\t\t<li><div  class=\"fusion-image-wrapper fusion-image-size-fixed\" aria-haspopup=\"true\">\n\t\t\t\t\t\t\t<a href=\"https:\/\/eu-bayern.de\/kv-aichach-friedberg\/europa-und-wir-nummer-5\/\" aria-label=\"&#8222;Europa und wir&#8220;: Informationen f\u00fcr unsere Mitglieder und Freunde (Nr.5)\">\n\t\t\t\t\t\t\t<img width=\"800\" height=\"555\" src=\"https:\/\/eu-bayern.de\/kv-aichach-friedberg\/wp-content\/uploads\/sites\/23\/2022\/07\/Homepage-Startbild-1.jpg\" class=\"attachment-blog-medium size-blog-medium wp-post-image\" alt=\"\" \/>\t\t\t<\/a>\n\t\t\t\t\t\t\t<\/div>\n<\/li>\n\t\t\t\n\t\t\t\n\t\t\t\t\t\t\t\t<\/ul>\n\t<\/div>\n\t<div class=\"fusion-post-content post-content\"><h2 class=\"blog-shortcode-post-title entry-title\"><a href=\"https:\/\/eu-bayern.de\/kv-aichach-friedberg\/europa-und-wir-nummer-5\/\">&#8222;Europa und wir&#8220;: Informationen f\u00fcr unsere Mitglieder und Freunde (Nr.5)<\/a><\/h2><div class=\"fusion-post-content-container\">\n<p>Wie k\u00f6nnen wir unsere Mitglieder und Freunde auch in Zeiten von Corona mit Informationen und Neuigkeiten zu Europa versorgen? Das fragte sich der Vorstand des Kreisverbandes Aichach-Friedberg im November 2020. Es entstand die Idee eines kostenlosen Informationsblattes f\u00fcr alle Interessierten; redaktionell betreut vom Vorsitzenden Peter Halke und Vorstandsmitglied Mathilde Mahrenholtz, die sich auch um das Layout k\u00fcmmert. Mit Freude pr\u00e4sentieren wir Ihnen nun unsere f\u00fcnfte Ausgabe:<\/p>\n<p>Was unterst\u00fctzt die Europ\u00e4ische Union in unserer Umgebung? Damit besch\u00e4ftigt sich die\u00a0 Reihe \u201eEuropa in unserem Landkreis\u201c. Dort stellen wir in jeder Ausgabe des Informationsblattes ein Projekt vor, das in unserer Region von [\u2026]<\/p>\n<\/div><\/div><div class=\"fusion-clearfix\"><\/div><div class=\"fusion-meta-info\"><div class=\"fusion-alignleft\"><span class=\"updated\" style=\"display:none;\">2022-09-21T12:12:23+02:00<\/span><span>7. Juli, 2022<\/span><span class=\"fusion-inline-sep\">|<\/span><a href=\"https:\/\/eu-bayern.de\/kv-aichach-friedberg\/c\/allgemein\/\" rel=\"category tag\">Allgemein<\/a><span class=\"fusion-inline-sep\">|<\/span><\/div><\/div><\/article>\n<article id=\"blog-1-post-1058\" class=\"fusion-post-medium post-1058 post type-post status-publish format-standard hentry category-allgemein\">\n\t<style type=\"text\/css\">\n\t\t\n\t\t\n\t\t\n\t\t\n\t\t\t<\/style>\n\n\n<div class=\"fusion-post-content post-content\"><h2 class=\"blog-shortcode-post-title entry-title\"><a href=\"https:\/\/eu-bayern.de\/kv-aichach-friedberg\/europa-und-wir-nummer-11\/\">Europa und wir, Nummer 11<\/a><\/h2><div class=\"fusion-post-content-container\">\n<p>Mit der Nummer 11 unserer Informationsbrosch\u00fcre blicken wir auf einige Ereignisse in unserem Kreisverband im Jahr 2025 zur\u00fcck. Ferner werfen wir einen Blick auf den Beitritt Rum\u00e4niens zur Euro-Zone. Ein kleines Preisr\u00e4tsel finden Sie am Ende dieser Ausgabe.<\/p>\n<p>Wir hoffen auf Ihr Interesse und dass die Lekt\u00fcre f\u00fcr Sie informativ ist!<\/p>\n<p>Hier geht es zu <a href=\"https:\/\/eu-bayern.de\/kv-aichach-friedberg\/europa-und-wir-nummer-11\/europa-und-wir-11\/\" rel=\"attachment wp-att-1059\">Europa und wir 11<\/a><\/p>\n<p>(zum Download bitte auf den erscheinenden Link nochmals klicken)<\/p>\n<\/div><\/div><div class=\"fusion-clearfix\"><\/div><div class=\"fusion-meta-info\"><div class=\"fusion-alignleft\"><span class=\"updated\" style=\"display:none;\">2025-12-31T15:16:04+01:00<\/span><span>31. Dezember, 2025<\/span><span class=\"fusion-inline-sep\">|<\/span><a href=\"https:\/\/eu-bayern.de\/kv-aichach-friedberg\/c\/allgemein\/\" rel=\"category tag\">Allgemein<\/a><span class=\"fusion-inline-sep\">|<\/span><\/div><\/div><\/article>\n<article id=\"blog-1-post-1055\" class=\"fusion-post-medium post-1055 post type-post status-publish format-standard has-post-thumbnail hentry category-allgemein\">\n\t<style type=\"text\/css\">\n\t\t\n\t\t\n\t\t\n\t\t\n\t\t\t<\/style>\n\n\n\t\t\t<div class=\"fusion-flexslider flexslider fusion-flexslider-loading fusion-post-slideshow\" style=\"\">\n\t\t<ul class=\"slides\">\n\t\t\t\n\t\t\t\t\t\t\t\t\t\t\t\t\t\t<li><div  class=\"fusion-image-wrapper fusion-image-size-fixed\" aria-haspopup=\"true\">\n\t\t\t\t\t\t\t<a href=\"https:\/\/eu-bayern.de\/weihnachtsausgabe-2025-bayern-in-europa\/\" aria-label=\"Weihnachtsausgabe 2025 Bayern in Europa\">\n\t\t\t\t\t\t\t<img width=\"688\" height=\"436\" src=\"https:\/\/eu-bayern.de\/kv-aichach-friedberg\/wp-content\/uploads\/sites\/23\/2025\/12\/BiE-Titel-Teil.jpg\" class=\"attachment-blog-medium size-blog-medium wp-post-image\" alt=\"Bayern in Europa Weihnachtsausgabe\" \/>\t\t\t<\/a>\n\t\t\t\t\t\t\t<\/div>\n<\/li>\n\t\t\t\n\t\t\t\n\t\t\t\t\t\t\t\t<\/ul>\n\t<\/div>\n\t<div class=\"fusion-post-content post-content\"><h2 class=\"blog-shortcode-post-title entry-title\"><a href=\"https:\/\/eu-bayern.de\/weihnachtsausgabe-2025-bayern-in-europa\/\">Weihnachtsausgabe 2025 Bayern in Europa<\/a><\/h2><span class=\"pbroadcast\">Quelle: <a href=\"https:\/\/eu-bayern.de\/weihnachtsausgabe-2025-bayern-in-europa\/\" title=\"Europa-Union Bayern e.V.\" target=\"_blank\">Europa-Union Bayern e.V.<\/a><\/span><div class=\"fusion-post-content-container\"><p>Zum Jahresende erscheint die Weihnachtsausgabe der Bayern in Europa - mit R\u00fcckblick, Informationen aus den Kreis- und Bezirksverb\u00e4nden und dem neuen Projekt der \u00fcberparteilichen Europa-Union Bayern e.V.<\/p><\/div><\/div><div class=\"fusion-clearfix\"><\/div><div class=\"fusion-meta-info\"><div class=\"fusion-alignleft\"><span class=\"updated\" style=\"display:none;\">2025-12-31T15:16:45+01:00<\/span><span>17. Dezember, 2025<\/span><span class=\"fusion-inline-sep\">|<\/span><a href=\"https:\/\/eu-bayern.de\/kv-aichach-friedberg\/c\/allgemein\/\" rel=\"category tag\">Allgemein<\/a><span class=\"fusion-inline-sep\">|<\/span><\/div><\/div><\/article>\n<article id=\"blog-1-post-1019\" class=\"fusion-post-medium post-1019 post type-post status-publish format-standard has-post-thumbnail hentry category-allgemein\">\n\t<style type=\"text\/css\">\n\t\t\n\t\t\n\t\t\n\t\t\n\t\t\t<\/style>\n\n\n\t\t\t<div class=\"fusion-flexslider flexslider fusion-flexslider-loading fusion-post-slideshow\" style=\"\">\n\t\t<ul class=\"slides\">\n\t\t\t\n\t\t\t\t\t\t\t\t\t\t\t\t\t\t<li><div  class=\"fusion-image-wrapper fusion-image-size-fixed\" aria-haspopup=\"true\">\n\t\t\t\t\t\t\t<a href=\"https:\/\/eu-bayern.de\/hoechste-zeit-fuer-ein-geeintes-europa\/\" aria-label=\"H\u00f6chste Zeit f\u00fcr ein geeintes Europa!\">\n\t\t\t\t\t\t\t<img width=\"800\" height=\"1014\" src=\"https:\/\/eu-bayern.de\/kv-aichach-friedberg\/wp-content\/uploads\/sites\/23\/2025\/05\/TMF0634-tf_8372237_8024574.jpg\" class=\"attachment-blog-medium size-blog-medium wp-post-image\" alt=\"Thorsten Frank\" \/>\t\t\t<\/a>\n\t\t\t\t\t\t\t<\/div>\n<\/li>\n\t\t\t\n\t\t\t\n\t\t\t\t\t\t\t\t<\/ul>\n\t<\/div>\n\t<div class=\"fusion-post-content post-content\"><h2 class=\"blog-shortcode-post-title entry-title\"><a href=\"https:\/\/eu-bayern.de\/hoechste-zeit-fuer-ein-geeintes-europa\/\">H\u00f6chste Zeit f\u00fcr ein geeintes Europa!<\/a><\/h2><span class=\"pbroadcast\">Quelle: <a href=\"https:\/\/eu-bayern.de\/hoechste-zeit-fuer-ein-geeintes-europa\/\" title=\"Europa-Union Bayern e.V.\" target=\"_blank\">Europa-Union Bayern e.V.<\/a><\/span><div class=\"fusion-post-content-container\"><p>Bereits in der Konferenz zur Zukunft Europas 2022 haben tausende EU-B\u00fcrger:innen wertvolle Vorschl\u00e4ge gemacht, was wir f\u00fcr ein handlungsf\u00e4higeres Europa brauchen. Es ist an der Zeit f\u00fcr die n\u00e4chsten Schritte.<\/p><\/div><\/div><div class=\"fusion-clearfix\"><\/div><div class=\"fusion-meta-info\"><div class=\"fusion-alignleft\"><span class=\"updated\" style=\"display:none;\">2025-07-03T19:32:05+02:00<\/span><span>16. Mai, 2025<\/span><span class=\"fusion-inline-sep\">|<\/span><a href=\"https:\/\/eu-bayern.de\/kv-aichach-friedberg\/c\/allgemein\/\" rel=\"category tag\">Allgemein<\/a><span class=\"fusion-inline-sep\">|<\/span><\/div><\/div><\/article>\n<article id=\"blog-1-post-979\" class=\"fusion-post-medium post-979 post type-post status-publish format-standard has-post-thumbnail hentry category-allgemein\">\n\t<style type=\"text\/css\">\n\t\t\n\t\t\n\t\t\n\t\t\n\t\t\t<\/style>\n\n\n\t\t\t<div class=\"fusion-flexslider flexslider fusion-flexslider-loading fusion-post-slideshow\" style=\"\">\n\t\t<ul class=\"slides\">\n\t\t\t\n\t\t\t\t\t\t\t\t\t\t\t\t\t\t<li><div  class=\"fusion-image-wrapper fusion-image-size-fixed\" aria-haspopup=\"true\">\n\t\t\t\t\t\t\t<a href=\"https:\/\/eu-bayern.de\/kv-aichach-friedberg\/europa-und-wir-nr-10-ist-erschienen\/\" aria-label=\"Europa und wir, Nr. 10, ist erschienen!\">\n\t\t\t\t\t\t\t<img width=\"416\" height=\"624\" src=\"https:\/\/eu-bayern.de\/kv-aichach-friedberg\/wp-content\/uploads\/sites\/23\/2025\/01\/Startbild-1.jpg\" class=\"attachment-blog-medium size-blog-medium wp-post-image\" alt=\"\" \/>\t\t\t<\/a>\n\t\t\t\t\t\t\t<\/div>\n<\/li>\n\t\t\t\n\t\t\t\n\t\t\t\t\t\t\t\t<\/ul>\n\t<\/div>\n\t<div class=\"fusion-post-content post-content\"><h2 class=\"blog-shortcode-post-title entry-title\"><a href=\"https:\/\/eu-bayern.de\/kv-aichach-friedberg\/europa-und-wir-nr-10-ist-erschienen\/\">Europa und wir, Nr. 10, ist erschienen!<\/a><\/h2><div class=\"fusion-post-content-container\">\n<p>Die neue Ausgabe unseres Mitgliedermagazins \u201eEuropa und wir\u201c besch\u00e4ftigt sich schwerpunktm\u00e4\u00dfig mit dem Ergebnis der Europawahl vom 9. Juni 2024, der daraus resultierenden Zusammensetzung des neuen Europ\u00e4ischen Parlaments sowie mit der neuen Kommission. Wir werfen einen Blick auf die Themenbereiche, welche die europ\u00e4ischen Gremien in der neuen Legislaturperiode bearbeiten wollen und m\u00fcssen.<\/p>\n<p>Zudem erhalten Sie einen Einblick \u00fcber das Engagement unseres Kreisverbands zur Europawahl.<\/p>\n<p>Wir w\u00fcnschen, dass wir Ihr Interesse geweckt haben!<\/p>\n<p>Hier ist der Link zum Download: \u00a0<a href=\"https:\/\/eu-bayern.de\/kv-aichach-friedberg\/wp-content\/uploads\/sites\/23\/2025\/01\/Europa-und-wir-10.pdf\">Europa und wir 10<\/a><\/p>\n<\/div><\/div><div class=\"fusion-clearfix\"><\/div><div class=\"fusion-meta-info\"><div class=\"fusion-alignleft\"><span class=\"updated\" style=\"display:none;\">2025-01-10T18:49:36+01:00<\/span><span>10. Januar, 2025<\/span><span class=\"fusion-inline-sep\">|<\/span><a href=\"https:\/\/eu-bayern.de\/kv-aichach-friedberg\/c\/allgemein\/\" rel=\"category tag\">Allgemein<\/a><span class=\"fusion-inline-sep\">|<\/span><\/div><\/div><\/article>\n<article id=\"blog-1-post-947\" class=\"fusion-post-medium post-947 post type-post status-publish format-standard hentry category-allgemein\">\n\t<style type=\"text\/css\">\n\t\t\n\t\t\n\t\t\n\t\t\n\t\t\t<\/style>\n\n\n<div class=\"fusion-post-content post-content\"><h2 class=\"blog-shortcode-post-title entry-title\"><a href=\"https:\/\/eu-bayern.de\/kv-aichach-friedberg\/brief-an-die-lehrkraefte-des-landkreises-zum-europa-wettbewerb\/\">Brief an die Lehrkr\u00e4fte des Landkreises zum Europa-Wettbewerb<\/a><\/h2><div class=\"fusion-post-content-container\">\n<p><a href=\"https:\/\/eu-bayern.de\/kv-aichach-friedberg\/wp-content\/uploads\/sites\/23\/2024\/11\/Infobrief-Lehrkraefte.pdf\">Infobrief Lehrkr\u00e4fte<\/a><\/p>\n<p>zum 72. Europ\u00e4ischen Wettbewerb<\/p>\n<p>\u00a0<\/p>\n<p><img class=\"alignnone size-medium wp-image-950\" src=\"https:\/\/eu-bayern.de\/kv-aichach-friedberg\/wp-content\/uploads\/sites\/23\/2024\/11\/Plakat-72-nur-Bild.jpg\" alt=\"\" width=\"800\" height=\"1109\"><\/p>\n<\/div><\/div><div class=\"fusion-clearfix\"><\/div><div class=\"fusion-meta-info\"><div class=\"fusion-alignleft\"><span class=\"updated\" style=\"display:none;\">2024-11-03T16:56:42+01:00<\/span><span>3. November, 2024<\/span><span class=\"fusion-inline-sep\">|<\/span><a href=\"https:\/\/eu-bayern.de\/kv-aichach-friedberg\/c\/allgemein\/\" rel=\"category tag\">Allgemein<\/a><span class=\"fusion-inline-sep\">|<\/span><\/div><\/div><\/article>\n<article id=\"blog-1-post-939\" class=\"fusion-post-medium post-939 post type-post status-publish format-standard has-post-thumbnail hentry category-allgemein\">\n\t<style type=\"text\/css\">\n\t\t\n\t\t\n\t\t\n\t\t\n\t\t\t<\/style>\n\n\n\t\t\t<div class=\"fusion-flexslider flexslider fusion-flexslider-loading fusion-post-slideshow\" style=\"\">\n\t\t<ul class=\"slides\">\n\t\t\t\n\t\t\t\t\t\t\t\t\t\t\t\t\t\t<li><div  class=\"fusion-image-wrapper fusion-image-size-fixed\" aria-haspopup=\"true\">\n\t\t\t\t\t\t\t<a href=\"https:\/\/eu-bayern.de\/zusammenhalt-stuttgarter-signal-und-mehr-beim-eud-bundeskongress-2024\/\" aria-label=\"Zusammenhalt, \u201eStuttgarter Signal\u201c und mehr beim Bundeskongress 2024 der Europa-Union Deutschland\">\n\t\t\t\t\t\t\t<img width=\"800\" height=\"361\" src=\"https:\/\/eu-bayern.de\/kv-aichach-friedberg\/wp-content\/uploads\/sites\/23\/2024\/10\/20241019_134528_3885044.jpg\" class=\"attachment-blog-medium size-blog-medium wp-post-image\" alt=\"Europa-Union Bayern auf dem Bundeskongress 2024\" \/>\t\t\t<\/a>\n\t\t\t\t\t\t\t<\/div>\n<\/li>\n\t\t\t\n\t\t\t\n\t\t\t\t\t\t\t\t<\/ul>\n\t<\/div>\n\t<div class=\"fusion-post-content post-content\"><h2 class=\"blog-shortcode-post-title entry-title\"><a href=\"https:\/\/eu-bayern.de\/zusammenhalt-stuttgarter-signal-und-mehr-beim-eud-bundeskongress-2024\/\">Zusammenhalt, \u201eStuttgarter Signal\u201c und mehr beim Bundeskongress 2024 der Europa-Union Deutschland<\/a><\/h2><span class=\"pbroadcast\">Quelle: <a href=\"https:\/\/eu-bayern.de\/zusammenhalt-stuttgarter-signal-und-mehr-beim-eud-bundeskongress-2024\/\" title=\"Europa-Union Bayern e.V.\" target=\"_blank\">Europa-Union Bayern e.V.<\/a><\/span><div class=\"fusion-post-content-container\"><p>Einen ereignisreichen 67. Bundeskongress der Europa-Union Deutschland erlebten die mehr als 20 Delegierten der Europa-Union Bayern in Stuttgart in der Sparkassenakademie Baden-W\u00fcrttemberg. Mit dem Stuttgarter Signal, ...<\/p><\/div><\/div><div class=\"fusion-clearfix\"><\/div><div class=\"fusion-meta-info\"><div class=\"fusion-alignleft\"><span class=\"updated\" style=\"display:none;\">2024-10-28T19:41:17+01:00<\/span><span>27. Oktober, 2024<\/span><span class=\"fusion-inline-sep\">|<\/span><a href=\"https:\/\/eu-bayern.de\/kv-aichach-friedberg\/c\/allgemein\/\" rel=\"category tag\">Allgemein<\/a><span class=\"fusion-inline-sep\">|<\/span><\/div><\/div><\/article>\n<article id=\"blog-1-post-937\" class=\"fusion-post-medium post-937 post type-post status-publish format-standard hentry category-allgemein\">\n\t<style type=\"text\/css\">\n\t\t\n\t\t\n\t\t\n\t\t\n\t\t\t<\/style>\n\n\n<div class=\"fusion-post-content post-content\"><h2 class=\"blog-shortcode-post-title entry-title\"><a href=\"https:\/\/eu-bayern.de\/wir-stehen-fuer-das-miteinander\/\">Wir stehen f\u00fcr das Miteinander!<\/a><\/h2><span class=\"pbroadcast\">Quelle: <a href=\"https:\/\/eu-bayern.de\/wir-stehen-fuer-das-miteinander\/\" title=\"Europa-Union Bayern e.V.\" target=\"_blank\">Europa-Union Bayern e.V.<\/a><\/span><div class=\"fusion-post-content-container\"><p>Ob Th\u00fcringen, Sachsen oder Brandenburg \u2013 die Akzeptanz glaubhaft demokratisch orientierter Parteien schwindet. Wohin soll das f\u00fchren? Und warum steht die Europa-Union f\u00fcr das Miteinander?\r\nGedanken unseres Landesvorsitzenden <\/p><\/div><\/div><div class=\"fusion-clearfix\"><\/div><div class=\"fusion-meta-info\"><div class=\"fusion-alignleft\"><span class=\"updated\" style=\"display:none;\">2024-10-28T19:42:17+01:00<\/span><span>10. Oktober, 2024<\/span><span class=\"fusion-inline-sep\">|<\/span><a href=\"https:\/\/eu-bayern.de\/kv-aichach-friedberg\/c\/allgemein\/\" rel=\"category tag\">Allgemein<\/a><span class=\"fusion-inline-sep\">|<\/span><\/div><\/div><\/article>\n<article id=\"blog-1-post-875\" class=\"fusion-post-medium post-875 post type-post status-publish format-standard hentry category-allgemein\">\n\t<style type=\"text\/css\">\n\t\t\n\t\t\n\t\t\n\t\t\n\t\t\t<\/style>\n\n\n<div class=\"fusion-post-content post-content\"><h2 class=\"blog-shortcode-post-title entry-title\"><a href=\"https:\/\/eu-bayern.de\/kv-aichach-friedberg\/europa-und-wir-nummer-8\/\">Europa und wir, Nummer 8<\/a><\/h2><div class=\"fusion-post-content-container\">\n<p>Diese Ausgabe enth\u00e4lt den Hinweis auf einen Artikel von Heribert Prantl in der SZ sowie Informationen \u00fcber<br>\n\u2013 den Wechsel der Ratspr\u00e4sidentschaft zum 1. Januar<br>\n\u2013 die neue polnische Regierung unter Donald Tusk<br>\n\u2013 die Aufnahme Rum\u00e4niens und Bulgariens in den Schengenraum<br>\n\u2013 den Besuch der schwedischen Gesandten Frau Jenny Malmqvist in Aichach<br>\n\u2013 den 70. Europa-Wettbewerb<br>\n\u2013 die Geburtstage der Europa-Union Bayern, Schwaben und Augsburg<br>\n\u2013 den Besuch der deutsch-chinesischen Schriftstellerin im Landkreis Aichach-Friedberg<br>\n\u2013 die Jahresversammlung 2023 unseres Kreisverbandes.<\/p>\n<p>Wir hoffen, Ihr Interesse geweckt zu haben!<br>\nHier ist der Link zum Informationsblatt Nr. 8 vom 9. Januar 2024:<\/p>\n<p><a href=\"https:\/\/eu-bayern.de\/kv-aichach-friedberg\/wp-content\/uploads\/sites\/23\/2024\/01\/Europa-und-wir-08_Web.pdf\">https:\/\/eu-bayern.de\/kv-aichach-friedberg\/wp-content\/uploads\/sites\/23\/2024\/01\/Europa-und-wir-08_Web.pdf<\/a><\/p>\n<\/div><\/div><div class=\"fusion-clearfix\"><\/div><div class=\"fusion-meta-info\"><div class=\"fusion-alignleft\"><span class=\"updated\" style=\"display:none;\">2024-01-10T13:32:05+01:00<\/span><span>10. Januar, 2024<\/span><span class=\"fusion-inline-sep\">|<\/span><a href=\"https:\/\/eu-bayern.de\/kv-aichach-friedberg\/c\/allgemein\/\" rel=\"category tag\">Allgemein<\/a><span class=\"fusion-inline-sep\">|<\/span><\/div><\/div><\/article>\n<article id=\"blog-1-post-846\" class=\"fusion-post-medium post-846 post type-post status-publish format-standard has-post-thumbnail hentry category-allgemein tag-augsburg\">\n\t<style type=\"text\/css\">\n\t\t\n\t\t\n\t\t\n\t\t\n\t\t\t<\/style>\n\n\n\t\t\t<div class=\"fusion-flexslider flexslider fusion-flexslider-loading fusion-post-slideshow\" style=\"\">\n\t\t<ul class=\"slides\">\n\t\t\t\n\t\t\t\t\t\t\t\t\t\t\t\t\t\t<li><div  class=\"fusion-image-wrapper fusion-image-size-fixed\" aria-haspopup=\"true\">\n\t\t\t\t\t\t\t<a href=\"https:\/\/eu-bayern.de\/kv-augsburg\/plaerrer-umzug-erstmals-mit-europa-union-in-augsburg\/\" aria-label=\"Pl\u00e4rrer-Umzug erstmals mit Europa-Union in Augsburg\">\n\t\t\t\t\t\t\t<img width=\"800\" height=\"800\" src=\"https:\/\/eu-bayern.de\/kv-aichach-friedberg\/wp-content\/uploads\/sites\/23\/2023\/09\/sebi1.jpg\" class=\"attachment-blog-medium size-blog-medium wp-post-image\" alt=\"Europa-Union zeigt Flagge\" srcset=\"https:\/\/eu-bayern.de\/kv-aichach-friedberg\/wp-content\/uploads\/sites\/23\/2023\/09\/sebi1-360x360.jpg 360w, https:\/\/eu-bayern.de\/kv-aichach-friedberg\/wp-content\/uploads\/sites\/23\/2023\/09\/sebi1.jpg 800w\" sizes=\"(max-width: 800px) 100vw, 800px\" \/>\t\t\t<\/a>\n\t\t\t\t\t\t\t<\/div>\n<\/li>\n\t\t\t\n\t\t\t\n\t\t\t\t\t\t\t\t<\/ul>\n\t<\/div>\n\t<div class=\"fusion-post-content post-content\"><h2 class=\"blog-shortcode-post-title entry-title\"><a href=\"https:\/\/eu-bayern.de\/kv-augsburg\/plaerrer-umzug-erstmals-mit-europa-union-in-augsburg\/\">Pl\u00e4rrer-Umzug erstmals mit Europa-Union in Augsburg<\/a><\/h2><span class=\"pbroadcast\">Quelle: <a href=\"https:\/\/eu-bayern.de\/kv-augsburg\/plaerrer-umzug-erstmals-mit-europa-union-in-augsburg\/\" title=\"Kreisverband Augsburg\" target=\"_blank\">Kreisverband Augsburg<\/a><\/span><div class=\"fusion-post-content-container\"><p>Im Jubil\u00e4umsjahr jubeln Tausende Europa- und Ukraine-Flagge zu - drei Europa-Unionen aktiv<\/p><\/div><\/div><div class=\"fusion-clearfix\"><\/div><div class=\"fusion-meta-info\"><div class=\"fusion-alignleft\"><span class=\"updated\" style=\"display:none;\">2023-09-12T14:32:27+02:00<\/span><span>6. September, 2023<\/span><span class=\"fusion-inline-sep\">|<\/span><a href=\"https:\/\/eu-bayern.de\/kv-aichach-friedberg\/c\/allgemein\/\" rel=\"category tag\">Allgemein<\/a><span class=\"fusion-inline-sep\">|<\/span><\/div><\/div><\/article>\n<article id=\"blog-1-post-827\" class=\"fusion-post-medium post-827 post type-post status-publish format-link has-post-thumbnail hentry category-allgemein post_format-post-format-link\">\n\t<style type=\"text\/css\">\n\t\t\n\t\t\n\t\t\n\t\t\n\t\t\t<\/style>\n\n\n\t\t\t<div class=\"fusion-flexslider flexslider fusion-flexslider-loading fusion-post-slideshow\" style=\"\">\n\t\t<ul class=\"slides\">\n\t\t\t\n\t\t\t\t\t\t\t\t\t\t\t\t\t\t<li><div  class=\"fusion-image-wrapper fusion-image-size-fixed\" aria-haspopup=\"true\">\n\t\t\t\t\t\t\t<a href=\"https:\/\/eu-bayern.de\/kv-aichach-friedberg\/europa-und-wir-informationen-fuer-unsere-mitglieder-und-freunde-nr-7\/\" aria-label=\"\u201eEuropa und wir\u201c: Informationen f\u00fcr unsere Mitglieder und Freunde (Nr. 7)\">\n\t\t\t\t\t\t\t<img width=\"240\" height=\"160\" src=\"https:\/\/eu-bayern.de\/kv-aichach-friedberg\/wp-content\/uploads\/sites\/23\/2023\/04\/Zwischenablage01.jpg\" class=\"attachment-blog-medium size-blog-medium wp-post-image\" alt=\"\" \/>\t\t\t<\/a>\n\t\t\t\t\t\t\t<\/div>\n<\/li>\n\t\t\t\n\t\t\t\n\t\t\t\t\t\t\t\t<\/ul>\n\t<\/div>\n\t<div class=\"fusion-post-content post-content\"><h2 class=\"blog-shortcode-post-title entry-title\"><a href=\"https:\/\/eu-bayern.de\/kv-aichach-friedberg\/europa-und-wir-informationen-fuer-unsere-mitglieder-und-freunde-nr-7\/\">\u201eEuropa und wir\u201c: Informationen f\u00fcr unsere Mitglieder und Freunde (Nr. 7)<\/a><\/h2><div class=\"fusion-post-content-container\">\n<p><strong>Die Nr. 7 unserer Mitgliederzeitschrift \u201eEuropa und wir\u201c ist am 15. April 2025 erschienen<\/strong> und enth\u00e4lt die folgenden Beitr\u00e4ge:<\/p>\n<ul>\n<li>Die Schlacht auf dem Lechfeld: Historisches und Gedenkst\u00e4tten im Landkreis<\/li>\n<li>Europatage 2023<\/li>\n<li>Das Europ\u00e4ische Parlament, Teil 3: Haushalt der EU<\/li>\n<li>Korruptionsf\u00e4lle im Europ\u00e4ischen Parlament<\/li>\n<li>Wahlen in Finnland, Bulgarien und Montenegro am 02.04.2023<\/li>\n<li>Finnland als 31. Mitgliedsland der NATO<\/li>\n<li>Teilnahme der Europa-Union an der AFA 2023 in Augsburg<\/li>\n<li>Danke an unser (ehemaliges) Vorstandsmitglied Mathilde Mahrenholtz<\/li>\n<li>Termine in unserem Kreisverband<\/li>\n<li>Vorschau auf die Mitgliederversammlung 2023 mit Aufruf zur Mitarbeit<\/li>\n<\/ul>\n<p>Hier ist der Link zum Download:\u00a0 <a href=\"https:\/\/eu-bayern.de\/kv-aichach-friedberg\/wp-content\/uploads\/sites\/23\/2023\/04\/Europa-und-wir-07.pdf\">Europa und wir 07<\/a><\/p>\n<\/div><\/div><div class=\"fusion-clearfix\"><\/div><div class=\"fusion-meta-info\"><div class=\"fusion-alignleft\"><span class=\"updated\" style=\"display:none;\">2023-04-29T17:45:11+02:00<\/span><span>29. April, 2023<\/span><span class=\"fusion-inline-sep\">|<\/span><a href=\"https:\/\/eu-bayern.de\/kv-aichach-friedberg\/c\/allgemein\/\" rel=\"category tag\">Allgemein<\/a><span class=\"fusion-inline-sep\">|<\/span><\/div><\/div><\/article>\n<article id=\"blog-1-post-814\" class=\"fusion-post-medium post-814 post type-post status-publish format-standard has-post-thumbnail hentry category-allgemein tag-augsburg\">\n\t<style type=\"text\/css\">\n\t\t\n\t\t\n\t\t\n\t\t\n\t\t\t<\/style>\n\n\n\t\t\t<div class=\"fusion-flexslider flexslider fusion-flexslider-loading fusion-post-slideshow\" style=\"\">\n\t\t<ul class=\"slides\">\n\t\t\t\n\t\t\t\t\t\t\t\t\t\t\t\t\t\t<li><div  class=\"fusion-image-wrapper fusion-image-size-fixed\" aria-haspopup=\"true\">\n\t\t\t\t\t\t\t<a href=\"https:\/\/eu-bayern.de\/kv-augsburg\/europa-union-bringt-ukraine-nothilfe-projekte-auf-die-augsburger-fruehjahrsmesse\/\" aria-label=\"Europa-Union bringt Ukraine-Nothilfe-Projekte auf die Augsburger Fr\u00fchjahrsmesse\">\n\t\t\t\t\t\t\t<img width=\"800\" height=\"468\" src=\"https:\/\/eu-bayern.de\/kv-aichach-friedberg\/wp-content\/uploads\/sites\/23\/2023\/02\/20230204_160927.jpg\" class=\"attachment-blog-medium size-blog-medium wp-post-image\" alt=\"Ukrainische Hilfsprojekte auf der afa\" \/>\t\t\t<\/a>\n\t\t\t\t\t\t\t<\/div>\n<\/li>\n\t\t\t\n\t\t\t\n\t\t\t\t\t\t\t\t<\/ul>\n\t<\/div>\n\t<div class=\"fusion-post-content post-content\"><h2 class=\"blog-shortcode-post-title entry-title\"><a href=\"https:\/\/eu-bayern.de\/kv-augsburg\/europa-union-bringt-ukraine-nothilfe-projekte-auf-die-augsburger-fruehjahrsmesse\/\">Europa-Union bringt Ukraine-Nothilfe-Projekte auf die Augsburger Fr\u00fchjahrsmesse<\/a><\/h2><span class=\"pbroadcast\">Quelle: <a href=\"https:\/\/eu-bayern.de\/kv-augsburg\/europa-union-bringt-ukraine-nothilfe-projekte-auf-die-augsburger-fruehjahrsmesse\/\" title=\"Kreisverband Augsburg\" target=\"_blank\">Kreisverband Augsburg<\/a><\/span><div class=\"fusion-post-content-container\"><p>Dass die Europa-Union ihr Motto unabh\u00e4ngig, \u00fcberparteilich und engagiert in Augsburg wirklich ernst nimmt zeigte sie soeben wieder auf der Augsburger Fr\u00fchjahrsausstellung AFA. Zum einen, weil gleich mehrere Vereine, die die Opfer von Putins Angriffskrieg auf die Ukraine unterst\u00fctzen, ihre Anliegen dank der Europa-Union auf der Augsburger Fr\u00fchjahrsmesse pr\u00e4sentieren konnten. ...<\/p><\/div><\/div><div class=\"fusion-clearfix\"><\/div><div class=\"fusion-meta-info\"><div class=\"fusion-alignleft\"><span class=\"updated\" style=\"display:none;\">2023-02-20T11:01:26+01:00<\/span><span>14. Februar, 2023<\/span><span class=\"fusion-inline-sep\">|<\/span><a href=\"https:\/\/eu-bayern.de\/kv-aichach-friedberg\/c\/allgemein\/\" rel=\"category tag\">Allgemein<\/a><span class=\"fusion-inline-sep\">|<\/span><\/div><\/div><\/article>\n<article id=\"blog-1-post-808\" class=\"fusion-post-medium post-808 post type-post status-publish format-standard has-post-thumbnail hentry category-allgemein\">\n\t<style type=\"text\/css\">\n\t\t\n\t\t\n\t\t\n\t\t\n\t\t\t<\/style>\n\n\n\t\t\t<div class=\"fusion-flexslider flexslider fusion-flexslider-loading fusion-post-slideshow\" style=\"\">\n\t\t<ul class=\"slides\">\n\t\t\t\n\t\t\t\t\t\t\t\t\t\t\t\t\t\t<li><div  class=\"fusion-image-wrapper fusion-image-size-fixed\" aria-haspopup=\"true\">\n\t\t\t\t\t\t\t<a href=\"https:\/\/eu-bayern.de\/kv-aichach-friedberg\/europa-und-wir-informationen-fuer-unsere-mitglieder-und-freunde-nr-6\/\" aria-label=\"\u201eEuropa und wir\u201c: Informationen f\u00fcr unsere Mitglieder und Freunde (Nr.6)\">\n\t\t\t\t\t\t\t<img width=\"800\" height=\"533\" src=\"https:\/\/eu-bayern.de\/kv-aichach-friedberg\/wp-content\/uploads\/sites\/23\/2023\/01\/5D3L4268_Web.jpg\" class=\"attachment-blog-medium size-blog-medium wp-post-image\" alt=\"\" \/>\t\t\t<\/a>\n\t\t\t\t\t\t\t<\/div>\n<\/li>\n\t\t\t\n\t\t\t\n\t\t\t\t\t\t\t\t<\/ul>\n\t<\/div>\n\t<div class=\"fusion-post-content post-content\"><h2 class=\"blog-shortcode-post-title entry-title\"><a href=\"https:\/\/eu-bayern.de\/kv-aichach-friedberg\/europa-und-wir-informationen-fuer-unsere-mitglieder-und-freunde-nr-6\/\">\u201eEuropa und wir\u201c: Informationen f\u00fcr unsere Mitglieder und Freunde (Nr.6)<\/a><\/h2><div class=\"fusion-post-content-container\">\n<p>Wie k\u00f6nnen wir unsere Mitglieder und Freunde auch in Zeiten von Corona mit Informationen und Neuigkeiten zu Europa versorgen? Das fragte sich der Vorstand des Kreisverbandes Aichach-Friedberg im November 2020. Es entstand die Idee eines kostenlosen Informationsblattes f\u00fcr alle Interessierten; redaktionell betreut vom Vorsitzenden Peter Halke und Vorstandsmitglied Mathilde Mahrenholtz, die sich auch um das Layout k\u00fcmmert. Mit Freude pr\u00e4sentieren wir Ihnen nun unsere sechste Ausgabe:<\/p>\n<p>Was unterst\u00fctzt die Europ\u00e4ische Union in unserer Umgebung? Damit besch\u00e4ftigt sich die\u00a0 Reihe \u201eEuropa in unserem Landkreis\u201c. Dort stellen wir in jeder Ausgabe des Informationsblattes ein Projekt vor, das in unserer Region von [\u2026]<\/p>\n<\/div><\/div><div class=\"fusion-clearfix\"><\/div><div class=\"fusion-meta-info\"><div class=\"fusion-alignleft\"><span class=\"updated\" style=\"display:none;\">2023-01-18T10:14:47+01:00<\/span><span>16. Januar, 2023<\/span><span class=\"fusion-inline-sep\">|<\/span><a href=\"https:\/\/eu-bayern.de\/kv-aichach-friedberg\/c\/allgemein\/\" rel=\"category tag\">Allgemein<\/a><span class=\"fusion-inline-sep\">|<\/span><\/div><\/div><\/article>\n<article id=\"blog-1-post-772\" class=\"fusion-post-medium post-772 post type-post status-publish format-standard hentry category-allgemein\">\n\t<style type=\"text\/css\">\n\t\t\n\t\t\n\t\t\n\t\t\n\t\t\t<\/style>\n\n\n<div class=\"fusion-post-content post-content\"><h2 class=\"blog-shortcode-post-title entry-title\"><a href=\"https:\/\/eu-bayern.de\/kv-aichach-friedberg\/projekte-im-landkreis-und-der-region-die-mit-mitteln-der-eu-leader-projekte-gefoerdert-wurden\/\">Projekte im Landkreis und der Region, die mit Mitteln der EU (LEADER-Projekte) gef\u00f6rdert wurden:<\/a><\/h2><div class=\"fusion-post-content-container\">\n<p>Einzelheiten erfahren Sie <a href=\"https:\/\/www.wittelsbacherland-verein.de\/projekte.html\">hier.<\/a><\/p>\n<\/div><\/div><div class=\"fusion-clearfix\"><\/div><div class=\"fusion-meta-info\"><div class=\"fusion-alignleft\"><span class=\"updated\" style=\"display:none;\">2022-09-22T12:29:38+02:00<\/span><span>22. September, 2022<\/span><span class=\"fusion-inline-sep\">|<\/span><a href=\"https:\/\/eu-bayern.de\/kv-aichach-friedberg\/c\/allgemein\/\" rel=\"category tag\">Allgemein<\/a><span class=\"fusion-inline-sep\">|<\/span><\/div><\/div><\/article>\n<article id=\"blog-1-post-765\" class=\"fusion-post-medium post-765 post type-post status-publish format-standard hentry category-allgemein\">\n\t<style type=\"text\/css\">\n\t\t\n\t\t\n\t\t\n\t\t\n\t\t\t<\/style>\n\n\n<div class=\"fusion-post-content post-content\"><h2 class=\"blog-shortcode-post-title entry-title\"><a href=\"https:\/\/eu-bayern.de\/kv-aichach-friedberg\/gedanken-zum-frieden\/\">Gedanken zum Frieden<\/a><\/h2><div class=\"fusion-post-content-container\">\n<p><em>Unser Vorstandsmitglied Joachim Pehlke hat sich sehr beachtenswerte Gedanken zum Frieden gemacht, die er auch in der Jahresversammlung am 5. Mai 2022 vortrug. Zur Zeit des brutalen Krieges in der Ukraine sind diese dr\u00e4ngend aktuell. Hier sind sie:<\/em><\/p>\n<p><strong>Frieden in Europa <\/strong><\/p>\n<p>Liebe Freunde Europas,<\/p>\n<p>Friede (oder Frieden) ist ein heilsamer Zustand der Stille oder Ruhe. Frieden ist \u00a0die Abwesenheit von St\u00f6rung oder Beunruhigung und besonders von Krieg. Frieden ist das Ergebnis einer Tugend der \u201eFriedfertigkeit\u201c und damit verbundener Friedensbem\u00fchungen. So die Definition in Wikipedia.<\/p>\n<p>Laut Brockhaus ist Frieden der Zustand eines ungest\u00f6rten Miteinander- und Nebeneinanderlebens von einzelnen Menschen, Gruppen und Gemeinschaften.<\/p>\n<p>Menschen [\u2026]<\/p>\n<\/div><\/div><div class=\"fusion-clearfix\"><\/div><div class=\"fusion-meta-info\"><div class=\"fusion-alignleft\"><span class=\"updated\" style=\"display:none;\">2022-07-07T10:12:01+02:00<\/span><span>7. Juli, 2022<\/span><span class=\"fusion-inline-sep\">|<\/span><a href=\"https:\/\/eu-bayern.de\/kv-aichach-friedberg\/c\/allgemein\/\" rel=\"category tag\">Allgemein<\/a><span class=\"fusion-inline-sep\">|<\/span><\/div><\/div><\/article>\n<article id=\"blog-1-post-744\" class=\"fusion-post-medium post-744 post type-post status-publish format-standard has-post-thumbnail hentry category-allgemein\">\n\t<style type=\"text\/css\">\n\t\t\n\t\t\n\t\t\n\t\t\n\t\t\t<\/style>\n\n\n\t\t\t<div class=\"fusion-flexslider flexslider fusion-flexslider-loading fusion-post-slideshow\" style=\"\">\n\t\t<ul class=\"slides\">\n\t\t\t\n\t\t\t\t\t\t\t\t\t\t\t\t\t\t<li><div  class=\"fusion-image-wrapper fusion-image-size-fixed\" aria-haspopup=\"true\">\n\t\t\t\t\t\t\t<a href=\"https:\/\/eu-bayern.de\/aufruf-jedes-grad-zaehlt\/\" aria-label=\"Aufruf: #cooldownputin &#8211; Jedes Grad z\u00e4hlt!\">\n\t\t\t\t\t\t\t<img width=\"800\" height=\"800\" src=\"https:\/\/eu-bayern.de\/kv-aichach-friedberg\/wp-content\/uploads\/sites\/23\/2022\/03\/cooldownputin-EUB_9269317.jpg\" class=\"attachment-blog-medium size-blog-medium wp-post-image\" alt=\"CoolDownPutin\" srcset=\"https:\/\/eu-bayern.de\/kv-aichach-friedberg\/wp-content\/uploads\/sites\/23\/2022\/03\/cooldownputin-EUB_9269317-360x360.jpg 360w, https:\/\/eu-bayern.de\/kv-aichach-friedberg\/wp-content\/uploads\/sites\/23\/2022\/03\/cooldownputin-EUB_9269317.jpg 800w\" sizes=\"(max-width: 800px) 100vw, 800px\" \/>\t\t\t<\/a>\n\t\t\t\t\t\t\t<\/div>\n<\/li>\n\t\t\t\n\t\t\t\n\t\t\t\t\t\t\t\t<\/ul>\n\t<\/div>\n\t<div class=\"fusion-post-content post-content\"><h2 class=\"blog-shortcode-post-title entry-title\"><a href=\"https:\/\/eu-bayern.de\/aufruf-jedes-grad-zaehlt\/\">Aufruf: #cooldownputin &#8211; Jedes Grad z\u00e4hlt!<\/a><\/h2><span class=\"pbroadcast\">Quelle: <a href=\"https:\/\/eu-bayern.de\/aufruf-jedes-grad-zaehlt\/\" title=\"Europa-Union Bayern e.V.\" target=\"_blank\">Europa-Union Bayern e.V.<\/a><\/span><div class=\"fusion-post-content-container\"><p>Heizkosten sparen - und lieber f\u00fcr die Ukraine statt f\u00fcr Putin spenden<\/p><\/div><\/div><div class=\"fusion-clearfix\"><\/div><div class=\"fusion-meta-info\"><div class=\"fusion-alignleft\"><span class=\"updated\" style=\"display:none;\">2022-03-07T11:22:50+01:00<\/span><span>28. Februar, 2022<\/span><span class=\"fusion-inline-sep\">|<\/span><a href=\"https:\/\/eu-bayern.de\/kv-aichach-friedberg\/c\/allgemein\/\" rel=\"category tag\">Allgemein<\/a><span class=\"fusion-inline-sep\">|<\/span><\/div><\/div><\/article>\n<\/div><div class=\"pagination clearfix\"><span class=\"current\">1<\/span><a href=\"https:\/\/eu-bayern.de\/kv-aichach-friedberg\/wp-json\/wp\/v2\/pages\/97\/page\/2\/\" class=\"inactive\">2<\/a><a class=\"pagination-next\" rel=\"next\" href=\"https:\/\/eu-bayern.de\/kv-aichach-friedberg\/wp-json\/wp\/v2\/pages\/97\/page\/2\/\"><span class=\"page-text\">Vor<\/span><span class=\"page-next\"><\/span><\/a><\/div><div class=\"fusion-clearfix\"><\/div><\/div><div class=\"fusion-clearfix\"><\/div><\/div><\/div><\/div><\/div>\n","protected":false},"excerpt":{"rendered":"","protected":false},"author":1,"featured_media":0,"parent":0,"menu_order":0,"comment_status":"closed","ping_status":"closed","template":"","meta":[],"acf":[],"_links":{"self":[{"href":"https:\/\/eu-bayern.de\/kv-aichach-friedberg\/wp-json\/wp\/v2\/pages\/97"}],"collection":[{"href":"https:\/\/eu-bayern.de\/kv-aichach-friedberg\/wp-json\/wp\/v2\/pages"}],"about":[{"href":"https:\/\/eu-bayern.de\/kv-aichach-friedberg\/wp-json\/wp\/v2\/types\/page"}],"author":[{"embeddable":true,"href":"https:\/\/eu-bayern.de\/kv-aichach-friedberg\/wp-json\/wp\/v2\/users\/1"}],"replies":[{"embeddable":true,"href":"https:\/\/eu-bayern.de\/kv-aichach-friedberg\/wp-json\/wp\/v2\/comments?post=97"}],"version-history":[{"count":0,"href":"https:\/\/eu-bayern.de\/kv-aichach-friedberg\/wp-json\/wp\/v2\/pages\/97\/revisions"}],"wp:attachment":[{"href":"https:\/\/eu-bayern.de\/kv-aichach-friedberg\/wp-json\/wp\/v2\/media?parent=97"}],"curies":[{"name":"wp","href":"https:\/\/api.w.org\/{rel}","templated":true}]}}